{"id":1905,"date":"2025-12-05T13:29:52","date_gmt":"2025-12-05T16:29:52","guid":{"rendered":"https:\/\/cantoaguas.beeweb.net.br\/?page_id=1905"},"modified":"2026-04-27T09:45:19","modified_gmt":"2026-04-27T12:45:19","slug":"erfahrungen","status":"publish","type":"page","link":"https:\/\/lencois.com.br\/de\/experiencias\/","title":{"rendered":"Erlebnisse"},"content":{"rendered":"\t\t<div data-elementor-type=\"wp-page\" data-elementor-id=\"1905\" class=\"elementor elementor-1905\" data-elementor-post-type=\"page\">\n\t\t\t\t<div class=\"elementor-element elementor-element-cf5c415 e-flex e-con-boxed e-con e-parent\" data-id=\"cf5c415\" data-element_type=\"container\" data-e-type=\"container\" data-settings=\"{&quot;background_background&quot;:&quot;classic&quot;}\">\n\t\t\t\t\t<div class=\"e-con-inner\">\n\t\t\t\t\t<\/div>\n\t\t\t\t<\/div>\n\t\t<div class=\"elementor-element elementor-element-a231a62 elementor-hidden-mobile e-flex e-con-boxed e-con e-parent\" data-id=\"a231a62\" data-element_type=\"container\" data-e-type=\"container\" data-settings=\"{&quot;background_background&quot;:&quot;classic&quot;,&quot;sticky&quot;:&quot;top&quot;,&quot;sticky_offset&quot;:64,&quot;sticky_on&quot;:[&quot;desktop&quot;,&quot;tablet&quot;,&quot;mobile&quot;],&quot;sticky_effects_offset&quot;:0,&quot;sticky_anchor_link_offset&quot;:0}\">\n\t\t\t\t\t<div class=\"e-con-inner\">\n\t\t\t\t<div class=\"elementor-element elementor-element-1b0aeb8 elementor-icon-list--layout-inline elementor-align-center menu-horizontal elementor-list-item-link-full_width elementor-widget elementor-widget-global elementor-global-3095 elementor-widget-icon-list\" data-id=\"1b0aeb8\" data-element_type=\"widget\" data-e-type=\"widget\" data-widget_type=\"icon-list.default\">\n\t\t\t\t<div class=\"elementor-widget-container\">\n\t\t\t\t\t\t\t<ul class=\"elementor-icon-list-items elementor-inline-items\">\n\t\t\t\t\t\t\t<li class=\"elementor-icon-list-item elementor-inline-item\">\n\t\t\t\t\t\t\t\t\t\t\t<a href=\"https:\/\/lencois.com.br\/de\">\n\n\t\t\t\t\t\t\t\t\t\t\t<span class=\"elementor-icon-list-text\"><span class=\"menu-horizontal__home\">Home<\/span><\/span>\n\t\t\t\t\t\t\t\t\t\t\t<\/a>\n\t\t\t\t\t\t\t\t\t<\/li>\n\t\t\t\t\t\t\t\t<li class=\"elementor-icon-list-item elementor-inline-item\">\n\t\t\t\t\t\t\t\t\t\t\t<a href=\"https:\/\/lencois.com.br\/acomodacoes\/\">\n\n\t\t\t\t\t\t\t\t\t\t\t<span class=\"elementor-icon-list-text\">Acomoda\u00e7\u00f5es<\/span>\n\t\t\t\t\t\t\t\t\t\t\t<\/a>\n\t\t\t\t\t\t\t\t\t<\/li>\n\t\t\t\t\t\t\t\t<li class=\"elementor-icon-list-item elementor-inline-item\">\n\t\t\t\t\t\t\t\t\t\t\t<a href=\"https:\/\/lencois.com.br\/restaurante\/\">\n\n\t\t\t\t\t\t\t\t\t\t\t<span class=\"elementor-icon-list-text\">Gastronomia<\/span>\n\t\t\t\t\t\t\t\t\t\t\t<\/a>\n\t\t\t\t\t\t\t\t\t<\/li>\n\t\t\t\t\t\t\t\t<li class=\"elementor-icon-list-item elementor-inline-item\">\n\t\t\t\t\t\t\t\t\t\t\t<a href=\"https:\/\/lencois.com.br\/mais-sustentabilidade\/\">\n\n\t\t\t\t\t\t\t\t\t\t\t<span class=\"elementor-icon-list-text\">Sustentabilidade<\/span>\n\t\t\t\t\t\t\t\t\t\t\t<\/a>\n\t\t\t\t\t\t\t\t\t<\/li>\n\t\t\t\t\t\t\t\t<li class=\"elementor-icon-list-item elementor-inline-item\">\n\t\t\t\t\t\t\t\t\t\t\t<a href=\"https:\/\/lencois.com.br\/experiencias\/\">\n\n\t\t\t\t\t\t\t\t\t\t\t<span class=\"elementor-icon-list-text\">Experi\u00eancias<\/span>\n\t\t\t\t\t\t\t\t\t\t\t<\/a>\n\t\t\t\t\t\t\t\t\t<\/li>\n\t\t\t\t\t\t\t\t<li class=\"elementor-icon-list-item elementor-inline-item\">\n\t\t\t\t\t\t\t\t\t\t\t<a href=\"https:\/\/lencois.com.br\/galeria-de-arte\/\">\n\n\t\t\t\t\t\t\t\t\t\t\t<span class=\"elementor-icon-list-text\">HOTEL ART GALLERY<\/span>\n\t\t\t\t\t\t\t\t\t\t\t<\/a>\n\t\t\t\t\t\t\t\t\t<\/li>\n\t\t\t\t\t\t<\/ul>\n\t\t\t\t\t\t<\/div>\n\t\t\t\t<\/div>\n\t\t\t\t\t<\/div>\n\t\t\t\t<\/div>\n\t\t<div class=\"elementor-element elementor-element-5234880 e-flex e-con-boxed e-con e-parent\" data-id=\"5234880\" data-element_type=\"container\" data-e-type=\"container\" data-settings=\"{&quot;background_background&quot;:&quot;classic&quot;}\">\n\t\t\t\t\t<div class=\"e-con-inner\">\n\t\t<div class=\"elementor-element elementor-element-fffcbb9 e-con-full e-flex e-con e-child\" data-id=\"fffcbb9\" data-element_type=\"container\" data-e-type=\"container\">\n\t\t\t\t<div class=\"elementor-element elementor-element-ddec6ce elementor-widget elementor-widget-heading\" data-id=\"ddec6ce\" data-element_type=\"widget\" data-e-type=\"widget\" data-widget_type=\"heading.default\">\n\t\t\t\t<div class=\"elementor-widget-container\">\n\t\t\t\t\t<h2 class=\"elementor-heading-title elementor-size-medium\">CITY TOUR HIST\u00d3RICO<\/h2>\t\t\t\t<\/div>\n\t\t\t\t<\/div>\n\t\t\t\t<div class=\"elementor-element elementor-element-051dcc4 elementor-widget elementor-widget-text-editor\" data-id=\"051dcc4\" data-element_type=\"widget\" data-e-type=\"widget\" data-widget_type=\"text-editor.default\">\n\t\t\t\t<div class=\"elementor-widget-container\">\n\t\t\t\t\t\t\t\t\t<p>Conhecendo Len\u00e7\u00f3is &#8211; Concierge: Dida Murta<\/p><p>Um presente de boas-vindas do Hotel Canto das \u00c1guas, o passeio come\u00e7a com uma caminhada suave a partir do hotel, conduzindo o h\u00f3spede pela atmosfera preservada do centro hist\u00f3rico de Len\u00e7\u00f3is, tombado pelo IPHAN. Entre pontes de pedra, igrejas seculares e casar\u00f5es coloniais, a cidade revela sua beleza discreta, um patrim\u00f4nio marcado pela hist\u00f3ria do diamante e pela delicadeza do cotidiano baiano.<\/p><p>Guiado em portugu\u00eas, franc\u00eas ou ingl\u00eas por nosso concierge, o tour destaca nuances que muitas vezes passam despercebidas: s\u00edmbolos arquitet\u00f4nicos, tradi\u00e7\u00f5es locais, narrativas silenciosas gravadas nas ruas de pedra e nos mercados culturais que moldam a hist\u00f3ria e o presente de Len\u00e7\u00f3is.<\/p><p>Dura\u00e7\u00e3o aproximada: 1 hora.<br \/>Ao final, voc\u00ea \u00e9 convidado a seguir explorando o centro no seu pr\u00f3prio ritmo, com leveza, calma e olhar atento.<\/p>\t\t\t\t\t\t\t\t<\/div>\n\t\t\t\t<\/div>\n\t\t\t\t<\/div>\n\t\t\t\t\t<\/div>\n\t\t\t\t<\/div>\n\t\t<div class=\"elementor-element elementor-element-1aa9f75 e-flex e-con-boxed e-con e-parent\" data-id=\"1aa9f75\" data-element_type=\"container\" data-e-type=\"container\" data-settings=\"{&quot;background_background&quot;:&quot;classic&quot;}\">\n\t\t\t\t\t<div class=\"e-con-inner\">\n\t\t<div class=\"elementor-element elementor-element-98b1352 e-con-full e-flex e-con e-child\" data-id=\"98b1352\" data-element_type=\"container\" data-e-type=\"container\" data-settings=\"{&quot;background_background&quot;:&quot;slideshow&quot;,&quot;background_motion_fx_scale_effect&quot;:&quot;yes&quot;,&quot;background_motion_fx_scale_speed&quot;:{&quot;unit&quot;:&quot;px&quot;,&quot;size&quot;:2,&quot;sizes&quot;:[]},&quot;background_motion_fx_scale_range&quot;:{&quot;unit&quot;:&quot;%&quot;,&quot;size&quot;:&quot;&quot;,&quot;sizes&quot;:{&quot;start&quot;:30,&quot;end&quot;:100}},&quot;background_slideshow_gallery&quot;:[{&quot;id&quot;:3418,&quot;url&quot;:&quot;https:\\\/\\\/lencois.com.br\\\/wp-content\\\/uploads\\\/2026\\\/02\\\/Bird-Cris-Prates-Biologa-1.jpg&quot;},{&quot;id&quot;:2839,&quot;url&quot;:&quot;https:\\\/\\\/lencois.com.br\\\/wp-content\\\/uploads\\\/2026\\\/02\\\/Cris-Prates-Biologa-Gravatinha-2-1.jpg&quot;},{&quot;id&quot;:3417,&quot;url&quot;:&quot;https:\\\/\\\/lencois.com.br\\\/wp-content\\\/uploads\\\/2026\\\/02\\\/Bird-1.jpg&quot;},{&quot;id&quot;:2840,&quot;url&quot;:&quot;https:\\\/\\\/lencois.com.br\\\/wp-content\\\/uploads\\\/2026\\\/02\\\/Cris-Prates-Biologa-Gravatinha-3-1.jpg&quot;}],&quot;background_slideshow_loop&quot;:&quot;yes&quot;,&quot;background_slideshow_slide_duration&quot;:5000,&quot;background_slideshow_slide_transition&quot;:&quot;fade&quot;,&quot;background_slideshow_transition_duration&quot;:500,&quot;background_motion_fx_scale_direction&quot;:&quot;out-in&quot;,&quot;background_motion_fx_devices&quot;:[&quot;desktop&quot;,&quot;tablet&quot;,&quot;mobile&quot;]}\">\n\t\t\t\t<\/div>\n\t\t<div class=\"elementor-element elementor-element-6ef6b3d e-con-full e-flex e-con e-child\" data-id=\"6ef6b3d\" data-element_type=\"container\" data-e-type=\"container\">\n\t\t\t\t<div class=\"elementor-element elementor-element-0e168e2 elementor-widget elementor-widget-heading\" data-id=\"0e168e2\" data-element_type=\"widget\" data-e-type=\"widget\" data-widget_type=\"heading.default\">\n\t\t\t\t<div class=\"elementor-widget-container\">\n\t\t\t\t\t<h2 class=\"elementor-heading-title elementor-size-medium\">Birdwatching<\/h2>\t\t\t\t<\/div>\n\t\t\t\t<\/div>\n\t\t\t\t<div class=\"elementor-element elementor-element-7ae46ee elementor-widget elementor-widget-text-editor\" data-id=\"7ae46ee\" data-element_type=\"widget\" data-e-type=\"widget\" data-widget_type=\"text-editor.default\">\n\t\t\t\t<div class=\"elementor-widget-container\">\n\t\t\t\t\t\t\t\t\t<p>Observa\u00e7\u00e3o de P\u00e1ssaros &#8211; Bi\u00f3loga Cristiane Prates<\/p><p>A Chapada Diamantina oferece um dos cen\u00e1rios mais relevantes do pa\u00eds para a observa\u00e7\u00e3o de aves end\u00eamicas.<\/p><p>Sa\u00edmos ao amanhecer em dire\u00e7\u00e3o aos Tr\u00eas Irm\u00e3os e ao Morro do Pai In\u00e1cio, onde a luz do dia revela habitats ideais para esp\u00e9cies raras da fauna local.<\/p><p>O destaque da experi\u00eancia \u00e9 o Beija-flor-de-gravata-vermelha (Augastes lumachella), conhecido como Gravatinha, esp\u00e9cie end\u00eamica e s\u00edmbolo da Chapada Diamantina, altamente valorizada por observadores profissionais.<\/p><p>Durante o percurso, \u00e9 poss\u00edvel registrar tamb\u00e9m outras esp\u00e9cies de interesse ornitol\u00f3gico, como:<br \/>\u2022 Papa-formiga-do-Sincor\u00e1 (Formicivora grantsaui)<br \/>\u2022 Rabo-mole-da-serra (Embernagra longicauda)<\/p><p>Uma sa\u00edda t\u00e9cnica, precisa e extremamente enriquecedora para quem busca ampliar sua lista de avistamentos em \u00e1reas de conserva\u00e7\u00e3o dentro do Parque Nacional<span style=\"font-family: var( --e-global-typography-text-font-family ), Sans-serif; text-align: var(--text-align); font-size: 1rem;\">.<\/span><\/p><p>E para quem nunca segurou um bin\u00f3culo? Essa tamb\u00e9m \u00e9 uma experi\u00eancia de descoberta. Mesmo iniciantes s\u00e3o conduzidos com sensibilidade, transformando o primeiro avistamento em um momento de conex\u00e3o genu\u00edna com a natureza.<\/p><p><strong>Trilha de f\u00e1cil acesso:<\/strong> 40 minutos cada trecho (1:20 hora ida e volta).<br \/><strong>Deslocamento de carro:<\/strong> 30 minutos cada trecho (1 hora ida e volta).<br \/>Sa\u00edda \u00e0s 5:30h. Retorno por volta das 8:30h.<br \/>Opcional incluso: visita \u00e0 f\u00e1brica de doces artesanais do Campos de S\u00e3o Jo\u00e3o.<\/p>\t\t\t\t\t\t\t\t<\/div>\n\t\t\t\t<\/div>\n\t\t\t\t<\/div>\n\t\t\t\t\t<\/div>\n\t\t\t\t<\/div>\n\t\t<div class=\"elementor-element elementor-element-aa870f3 e-flex e-con-boxed e-con e-parent\" data-id=\"aa870f3\" data-element_type=\"container\" data-e-type=\"container\" data-settings=\"{&quot;background_background&quot;:&quot;classic&quot;}\">\n\t\t\t\t\t<div class=\"e-con-inner\">\n\t\t<div class=\"elementor-element elementor-element-303e746 e-con-full e-flex e-con e-child\" data-id=\"303e746\" data-element_type=\"container\" data-e-type=\"container\">\n\t\t\t\t<div class=\"elementor-element elementor-element-ac98926 elementor-widget elementor-widget-heading\" data-id=\"ac98926\" data-element_type=\"widget\" data-e-type=\"widget\" data-widget_type=\"heading.default\">\n\t\t\t\t<div class=\"elementor-widget-container\">\n\t\t\t\t\t<h2 class=\"elementor-heading-title elementor-size-medium\">Cer\u00e2mica<\/h2>\t\t\t\t<\/div>\n\t\t\t\t<\/div>\n\t\t\t\t<div class=\"elementor-element elementor-element-1e1eb70 elementor-widget elementor-widget-text-editor\" data-id=\"1e1eb70\" data-element_type=\"widget\" data-e-type=\"widget\" data-widget_type=\"text-editor.default\">\n\t\t\t\t<div class=\"elementor-widget-container\">\n\t\t\t\t\t\t\t\t\t<p>Workshop em Cer\u00e2mica &#8211; Ceramista Silvia Lopes<\/p><p>Arte: est\u00edmulo emocional e bem-estar. <br \/>No aconchego do ateli\u00ea da artista pl\u00e1stica Silvia Lopes, a modelagem da argila se torna um convite \u00e0 criatividade e ao relaxamento. Nesta oficina pr\u00e1tica, voc\u00ea produz pe\u00e7as \u00fanicas, aprende t\u00e9cnicas da cer\u00e2mica artesanal e vivencia o prazer sensorial de \u201ccolocar a m\u00e3o na massa\u201d, em um ambiente permeado por aromaterapia e est\u00edmulo emocional.<\/p><p>Sobre a artista: Silvia Lopes \u00e9 uma das artistas mais singulares da Bahia. Graduada em Artes Pl\u00e1sticas pela UFBA (1983), realizou mentoria com Ana Maria Tavares e Nazar\u00e9 Pacheco no MUBE (1997\u20131998) e possui extensa trajet\u00f3ria em exposi\u00e7\u00f5es individuais e coletivas. Hoje, radicada em Len\u00e7\u00f3is, produz mandalas, esculturas, utilit\u00e1rios e pe\u00e7as autorais que refletem sua pesquisa sens\u00edvel e contempor\u00e2nea.<\/p><p>Dura\u00e7\u00e3o do workshop<br \/>1 per\u00edodo: modelagem<br \/>2 per\u00edodos: modelagem + acabamento<br \/>3 per\u00edodos: modelagem + acabamento + secagem noturna + pintura<\/p><p>Uma viv\u00eancia art\u00edstica profunda, perfeita para quem deseja integrar viagem, cria\u00e7\u00e3o e bem-estar no cora\u00e7\u00e3o da Chapada Diamantina.<\/p><p>*A experi\u00eancia ser\u00e1 cuidadosamente organizada pelo nosso Concierge.<br \/>Caso deseje vivenci\u00e1-la, basta informar no ato da reserva, nosso Concierge entrar\u00e1 em contato para ajustar hor\u00e1rios, detalhes e tudo o que for necess\u00e1rio para uma imers\u00e3o personalizada e tranquila.<\/p>\t\t\t\t\t\t\t\t<\/div>\n\t\t\t\t<\/div>\n\t\t\t\t<\/div>\n\t\t<div class=\"elementor-element elementor-element-af7fb43 e-con-full e-flex e-con e-child\" data-id=\"af7fb43\" data-element_type=\"container\" data-e-type=\"container\" data-settings=\"{&quot;background_background&quot;:&quot;slideshow&quot;,&quot;background_motion_fx_scale_effect&quot;:&quot;yes&quot;,&quot;background_motion_fx_scale_speed&quot;:{&quot;unit&quot;:&quot;px&quot;,&quot;size&quot;:2,&quot;sizes&quot;:[]},&quot;background_motion_fx_scale_range&quot;:{&quot;unit&quot;:&quot;%&quot;,&quot;size&quot;:&quot;&quot;,&quot;sizes&quot;:{&quot;start&quot;:30,&quot;end&quot;:100}},&quot;background_slideshow_gallery&quot;:[{&quot;id&quot;:2846,&quot;url&quot;:&quot;https:\\\/\\\/lencois.com.br\\\/wp-content\\\/uploads\\\/2026\\\/02\\\/Silvia-Lopes-Ceramica-2-1.jpg&quot;},{&quot;id&quot;:2845,&quot;url&quot;:&quot;https:\\\/\\\/lencois.com.br\\\/wp-content\\\/uploads\\\/2026\\\/02\\\/Ceramica-2-1.jpg&quot;},{&quot;id&quot;:2844,&quot;url&quot;:&quot;https:\\\/\\\/lencois.com.br\\\/wp-content\\\/uploads\\\/2026\\\/02\\\/Ceramica-1-1.jpg&quot;},{&quot;id&quot;:2843,&quot;url&quot;:&quot;https:\\\/\\\/lencois.com.br\\\/wp-content\\\/uploads\\\/2026\\\/02\\\/Ceramica-1.jpg&quot;},{&quot;id&quot;:2847,&quot;url&quot;:&quot;https:\\\/\\\/lencois.com.br\\\/wp-content\\\/uploads\\\/2026\\\/02\\\/Silvia-Lopes-Ceramica-1.jpg&quot;}],&quot;background_slideshow_loop&quot;:&quot;yes&quot;,&quot;background_slideshow_slide_duration&quot;:5000,&quot;background_slideshow_slide_transition&quot;:&quot;fade&quot;,&quot;background_slideshow_transition_duration&quot;:500,&quot;background_motion_fx_scale_direction&quot;:&quot;out-in&quot;,&quot;background_motion_fx_devices&quot;:[&quot;desktop&quot;,&quot;tablet&quot;,&quot;mobile&quot;]}\">\n\t\t\t\t<\/div>\n\t\t\t\t\t<\/div>\n\t\t\t\t<\/div>\n\t\t<div class=\"elementor-element elementor-element-4767ae7 e-flex e-con-boxed e-con e-parent\" data-id=\"4767ae7\" data-element_type=\"container\" data-e-type=\"container\" data-settings=\"{&quot;background_background&quot;:&quot;classic&quot;}\">\n\t\t\t\t\t<div class=\"e-con-inner\">\n\t\t<div class=\"elementor-element elementor-element-5fc39dc e-con-full e-flex e-con e-child\" data-id=\"5fc39dc\" data-element_type=\"container\" data-e-type=\"container\" data-settings=\"{&quot;background_background&quot;:&quot;slideshow&quot;,&quot;background_motion_fx_scale_effect&quot;:&quot;yes&quot;,&quot;background_motion_fx_scale_speed&quot;:{&quot;unit&quot;:&quot;px&quot;,&quot;size&quot;:2,&quot;sizes&quot;:[]},&quot;background_motion_fx_scale_range&quot;:{&quot;unit&quot;:&quot;%&quot;,&quot;size&quot;:&quot;&quot;,&quot;sizes&quot;:{&quot;start&quot;:30,&quot;end&quot;:100}},&quot;background_slideshow_gallery&quot;:[{&quot;id&quot;:2861,&quot;url&quot;:&quot;https:\\\/\\\/lencois.com.br\\\/wp-content\\\/uploads\\\/2026\\\/02\\\/Pai-Damare-Jare-1.jpg&quot;},{&quot;id&quot;:2796,&quot;url&quot;:&quot;https:\\\/\\\/lencois.com.br\\\/wp-content\\\/uploads\\\/2026\\\/02\\\/Festa-de-Jare-no-Terreiro-Peji-da-Pedra-Branca-de-Oxossi-Altar-1.jpg&quot;},{&quot;id&quot;:2862,&quot;url&quot;:&quot;https:\\\/\\\/lencois.com.br\\\/wp-content\\\/uploads\\\/2026\\\/02\\\/Festa-de-Jare-no-Terreiro-Peji-da-Pedra-Branca-de-Oxossi-1.jpg&quot;},{&quot;id&quot;:2863,&quot;url&quot;:&quot;https:\\\/\\\/lencois.com.br\\\/wp-content\\\/uploads\\\/2026\\\/02\\\/Festa-de-Jare-no-Terreiro-Peji-da-Pedra-Branca-de-Oxossi-Jare-1.jpg&quot;},{&quot;id&quot;:2795,&quot;url&quot;:&quot;https:\\\/\\\/lencois.com.br\\\/wp-content\\\/uploads\\\/2026\\\/02\\\/Pe-no-Chao-sagrado-do-Terreiro-1.jpg&quot;}],&quot;background_slideshow_loop&quot;:&quot;yes&quot;,&quot;background_slideshow_slide_duration&quot;:5000,&quot;background_slideshow_slide_transition&quot;:&quot;fade&quot;,&quot;background_slideshow_transition_duration&quot;:500,&quot;background_motion_fx_scale_direction&quot;:&quot;out-in&quot;,&quot;background_motion_fx_devices&quot;:[&quot;desktop&quot;,&quot;tablet&quot;,&quot;mobile&quot;]}\">\n\t\t\t\t<\/div>\n\t\t<div class=\"elementor-element elementor-element-83bc153 e-con-full e-flex e-con e-child\" data-id=\"83bc153\" data-element_type=\"container\" data-e-type=\"container\">\n\t\t\t\t<div class=\"elementor-element elementor-element-3f597fc elementor-widget elementor-widget-heading\" data-id=\"3f597fc\" data-element_type=\"widget\" data-e-type=\"widget\" data-widget_type=\"heading.default\">\n\t\t\t\t<div class=\"elementor-widget-container\">\n\t\t\t\t\t<h2 class=\"elementor-heading-title elementor-size-medium\">JAR\u00ca - HERAN\u00c7A AFRICANA DA CHAPADA DIAMANTINA<\/h2>\t\t\t\t<\/div>\n\t\t\t\t<\/div>\n\t\t\t\t<div class=\"elementor-element elementor-element-bbc1491 elementor-widget elementor-widget-text-editor\" data-id=\"bbc1491\" data-element_type=\"widget\" data-e-type=\"widget\" data-widget_type=\"text-editor.default\">\n\t\t\t\t<div class=\"elementor-widget-container\">\n\t\t\t\t\t\t\t\t\t<p>Cultura Ancestral de Len\u00e7\u00f3is<\/p><p>Len\u00e7\u00f3is revela uma riqueza imaterial singular: os terreiros de Jar\u00ea, tradi\u00e7\u00e3o afro-brasileira que se desenvolveu de forma \u00fanica na Chapada Diamantina.<\/p><p>A visita guiada a esses espa\u00e7os oferece uma imers\u00e3o antropol\u00f3gica rara, um encontro com rituais, s\u00edmbolos e narrativas que expressam s\u00e9culos de resist\u00eancia cultural e espiritualidade comunit\u00e1ria.<\/p><p>\u00c9 uma experi\u00eancia sofisticada e profundamente humana, que convida o viajante a compreender a regi\u00e3o n\u00e3o apenas pela natureza, mas pela for\u00e7a viva de sua hist\u00f3ria.<\/p><p>Trilha de f\u00e1cil acesso: 50 minutos cada trecho (1:40 hora ida e volta).<br \/>Deslocamento de carro: 15 minutos cada trecho, aproximadamente 30 minutos ida e volta.<br \/>Sa\u00eddas e retornos dependem do calend\u00e1rio dos terreiros e das festas.<\/p><p>*A experi\u00eancia ser\u00e1 cuidadosamente organizada pelo nosso Concierge.<br \/>Caso deseje vivenci\u00e1-la, basta informar no ato da reserva, nosso Concierge entrar\u00e1 em contato para ajustar hor\u00e1rios, detalhes e tudo o que for necess\u00e1rio para uma imers\u00e3o personalizada e tranquila.<\/p>\t\t\t\t\t\t\t\t<\/div>\n\t\t\t\t<\/div>\n\t\t\t\t<\/div>\n\t\t\t\t\t<\/div>\n\t\t\t\t<\/div>\n\t\t<div class=\"elementor-element elementor-element-9614618 e-flex e-con-boxed e-con e-parent\" data-id=\"9614618\" data-element_type=\"container\" data-e-type=\"container\" data-settings=\"{&quot;background_background&quot;:&quot;classic&quot;}\">\n\t\t\t\t\t<div class=\"e-con-inner\">\n\t\t<div class=\"elementor-element elementor-element-8cd3636 e-flex e-con-boxed e-con e-child\" data-id=\"8cd3636\" data-element_type=\"container\" data-e-type=\"container\">\n\t\t\t\t\t<div class=\"e-con-inner\">\n\t\t\t\t<div class=\"elementor-element elementor-element-1b1d0a4 elementor-widget elementor-widget-heading\" data-id=\"1b1d0a4\" data-element_type=\"widget\" data-e-type=\"widget\" data-widget_type=\"heading.default\">\n\t\t\t\t<div class=\"elementor-widget-container\">\n\t\t\t\t\t<h2 class=\"elementor-heading-title elementor-size-medium\">YOGA<\/h2>\t\t\t\t<\/div>\n\t\t\t\t<\/div>\n\t\t\t\t<div class=\"elementor-element elementor-element-742429c elementor-widget elementor-widget-text-editor\" data-id=\"742429c\" data-element_type=\"widget\" data-e-type=\"widget\" data-widget_type=\"text-editor.default\">\n\t\t\t\t<div class=\"elementor-widget-container\">\n\t\t\t\t\t\t\t\t\t<p>Viv\u00eancia em Yoga<\/p><p>Em Len\u00e7\u00f3is, a pr\u00e1tica de yoga se expande para al\u00e9m do tapete. Aqui, cada sess\u00e3o \u00e9 guiada pelo ritmo da natureza, o som da corredeira, a luz que atravessa as \u00e1rvores, o sil\u00eancio que convida \u00e0 presen\u00e7a.<\/p><p>No Canto dos 8 Cantos, o bem-estar se desdobra em m\u00faltiplas possibilidades, desde pr\u00e1ticas suaves ao amanhecer at\u00e9 viv\u00eancias mais longas e profundas.<\/p><p>As aulas podem acontecer em espa\u00e7os reservados e tranquilos do hotel, em total privacidade, ou se transformar em experi\u00eancias imersivas: yoga em mirantes, trilhas meditativas, respira\u00e7\u00f5es guiadas diante de paisagens que inspiram quietude e contempla\u00e7\u00e3o. Para complementar essa jornada, oferecemos tamb\u00e9m massagens terap\u00eauticas e rituais corporais, fortalecendo o equil\u00edbrio entre mente, corpo e ambiente.<\/p><p>Cada viv\u00eancia \u00e9 personalizada, adaptada ao tempo e ao desejo do h\u00f3spede \u2014 seja para um encontro breve de reconex\u00e3o, seja para uma imers\u00e3o prolongada dedicada ao descanso profundo.<\/p><p>Um convite para desacelerar, respirar e permitir que a Chapada Diamantina se revele para voc\u00ea.<\/p><p>A experi\u00eancia ser\u00e1 cuidadosamente organizada pelo nosso Concierge.<br \/>Caso deseje vivenci\u00e1-la, basta informar no ato da reserva, nosso Concierge entrar\u00e1 em contato para ajustar hor\u00e1rios, detalhes e tudo o que for necess\u00e1rio para uma imers\u00e3o personalizada e tranquila.<\/p>\t\t\t\t\t\t\t\t<\/div>\n\t\t\t\t<\/div>\n\t\t\t\t\t<\/div>\n\t\t\t\t<\/div>\n\t\t\t\t\t<\/div>\n\t\t\t\t<\/div>\n\t\t<div class=\"elementor-element elementor-element-c7d5a83 e-flex e-con-boxed e-con e-parent\" data-id=\"c7d5a83\" data-element_type=\"container\" data-e-type=\"container\" data-settings=\"{&quot;background_background&quot;:&quot;classic&quot;}\">\n\t\t\t\t\t<div class=\"e-con-inner\">\n\t\t<div class=\"elementor-element elementor-element-463a9ac e-flex e-con-boxed e-con e-child\" data-id=\"463a9ac\" data-element_type=\"container\" data-e-type=\"container\">\n\t\t\t\t\t<div class=\"e-con-inner\">\n\t\t\t\t<div class=\"elementor-element elementor-element-b0ae922 elementor-widget elementor-widget-heading\" data-id=\"b0ae922\" data-element_type=\"widget\" data-e-type=\"widget\" data-widget_type=\"heading.default\">\n\t\t\t\t<div class=\"elementor-widget-container\">\n\t\t\t\t\t<h2 class=\"elementor-heading-title elementor-size-medium\">CAPOEIRA - VIV\u00caNCIA DO CORPO, CULTURA E LIBERDADE\n<\/h2>\t\t\t\t<\/div>\n\t\t\t\t<\/div>\n\t\t\t\t<div class=\"elementor-element elementor-element-6fdab93 elementor-widget elementor-widget-text-editor\" data-id=\"6fdab93\" data-element_type=\"widget\" data-e-type=\"widget\" data-widget_type=\"text-editor.default\">\n\t\t\t\t<div class=\"elementor-widget-container\">\n\t\t\t\t\t\t\t\t\t<p>Cultura Ancestral da Resist\u00eancia Afro-Brasileira<\/p><p>Em Len\u00e7\u00f3is, a capoeira ganha um significado especial: praticada ao ar livre, entre ra\u00edzes africanas e paisagens da Chapada Diamantina, ela se transforma em uma experi\u00eancia cultural profunda e acess\u00edvel a todos os n\u00edveis.<\/p><p>H\u00f3spedes podem participar de aulas particulares ou em pequenos grupos, conduzidas por mestres locais que preservam a tradi\u00e7\u00e3o, o ritmo e a filosofia desse patrim\u00f4nio brasileiro.<\/p><p>Os encontros combinam movimento, musicalidade e hist\u00f3ria, sempre com a suavidade e o respeito que caracterizam a hospitalidade da regi\u00e3o.<\/p><p>Uma oportunidade de vivenciar a capoeira de forma aut\u00eantica, elegante e segura, aproximando o viajante da alma afro-brasileira que molda Len\u00e7\u00f3is.<\/p><p>A experi\u00eancia ser\u00e1 cuidadosamente organizada pelo nosso Concierge.<br \/>Caso deseje vivenci\u00e1-la, basta informar no ato da reserva, nosso Concierge entrar\u00e1 em contato para ajustar hor\u00e1rios, detalhes e tudo o que for necess\u00e1rio para uma imers\u00e3o personalizada e tranquila.<\/p>\t\t\t\t\t\t\t\t<\/div>\n\t\t\t\t<\/div>\n\t\t\t\t\t<\/div>\n\t\t\t\t<\/div>\n\t\t\t\t\t<\/div>\n\t\t\t\t<\/div>\n\t\t<div class=\"elementor-element elementor-element-2cbed41 e-flex e-con-boxed e-con e-parent\" data-id=\"2cbed41\" data-element_type=\"container\" data-e-type=\"container\">\n\t\t\t\t\t<div class=\"e-con-inner\">\n\t\t\t\t<div class=\"elementor-element elementor-element-74307a9 elementor-align-center elementor-widget elementor-widget-global elementor-global-4322 elementor-widget-button\" data-id=\"74307a9\" data-element_type=\"widget\" data-e-type=\"widget\" data-widget_type=\"button.default\">\n\t\t\t\t<div class=\"elementor-widget-container\">\n\t\t\t\t\t\t\t\t\t<div class=\"elementor-button-wrapper\">\n\t\t\t\t\t<a class=\"elementor-button elementor-button-link elementor-size-md\" href=\"https:\/\/book.omnibees.com\/chain\/3664\" target=\"_blank\" rel=\"nofollow noopener\">\n\t\t\t\t\t\t<span class=\"elementor-button-content-wrapper\">\n\t\t\t\t\t\t\t\t\t<span class=\"elementor-button-text\">RESERVE SEU CANTO<\/span>\n\t\t\t\t\t<\/span>\n\t\t\t\t\t<\/a>\n\t\t\t\t<\/div>\n\t\t\t\t\t\t\t\t<\/div>\n\t\t\t\t<\/div>\n\t\t\t\t\t<\/div>\n\t\t\t\t<\/div>\n\t\t\t\t<\/div>\n\t\t","protected":false},"excerpt":{"rendered":"<p>Home Acomoda\u00e7\u00f5es Gastronomia Sustentabilidade Experi\u00eancias HOTEL ART GALLERY CITY TOUR HIST\u00d3RICO Conhecendo Len\u00e7\u00f3is &#8211; Concierge: Dida Murta Um presente de boas-vindas do Hotel Canto das \u00c1guas, o passeio come\u00e7a com uma caminhada suave a partir do hotel, conduzindo o h\u00f3spede pela atmosfera preservada do centro hist\u00f3rico de Len\u00e7\u00f3is, tombado pelo IPHAN. Entre pontes de pedra, [&hellip;]<\/p>\n","protected":false},"author":1,"featured_media":3342,"parent":0,"menu_order":27,"comment_status":"closed","ping_status":"closed","template":"","meta":{"footnotes":""},"class_list":["post-1905","page","type-page","status-publish","has-post-thumbnail","hentry"],"_links":{"self":[{"href":"https:\/\/lencois.com.br\/de\/wp-json\/wp\/v2\/pages\/1905","targetHints":{"allow":["GET"]}}],"collection":[{"href":"https:\/\/lencois.com.br\/de\/wp-json\/wp\/v2\/pages"}],"about":[{"href":"https:\/\/lencois.com.br\/de\/wp-json\/wp\/v2\/types\/page"}],"author":[{"embeddable":true,"href":"https:\/\/lencois.com.br\/de\/wp-json\/wp\/v2\/users\/1"}],"replies":[{"embeddable":true,"href":"https:\/\/lencois.com.br\/de\/wp-json\/wp\/v2\/comments?post=1905"}],"version-history":[{"count":131,"href":"https:\/\/lencois.com.br\/de\/wp-json\/wp\/v2\/pages\/1905\/revisions"}],"predecessor-version":[{"id":4720,"href":"https:\/\/lencois.com.br\/de\/wp-json\/wp\/v2\/pages\/1905\/revisions\/4720"}],"wp:featuredmedia":[{"embeddable":true,"href":"https:\/\/lencois.com.br\/de\/wp-json\/wp\/v2\/media\/3342"}],"wp:attachment":[{"href":"https:\/\/lencois.com.br\/de\/wp-json\/wp\/v2\/media?parent=1905"}],"curies":[{"name":"wp","href":"https:\/\/api.w.org\/{rel}","templated":true}]}}