{"id":316,"date":"2023-04-19T17:14:18","date_gmt":"2023-04-19T20:14:18","guid":{"rendered":"https:\/\/cantodasaguas.beeweb.net.br\/?page_id=316"},"modified":"2026-04-29T07:04:53","modified_gmt":"2026-04-29T10:04:53","slug":"restaurant","status":"publish","type":"page","link":"https:\/\/lencois.com.br\/de\/restaurante\/","title":{"rendered":"Restaurant in Len\u00e7\u00f3is | Restaurant Azul | Hotel Canto das \u00c1guas"},"content":{"rendered":"\t\t<div data-elementor-type=\"wp-page\" data-elementor-id=\"316\" class=\"elementor elementor-316\" data-elementor-post-type=\"page\">\n\t\t\t\t<div class=\"elementor-element elementor-element-b2def30 e-flex e-con-boxed e-con e-parent\" data-id=\"b2def30\" data-element_type=\"container\" data-e-type=\"container\" data-settings=\"{&quot;background_background&quot;:&quot;classic&quot;}\">\n\t\t\t\t\t<div class=\"e-con-inner\">\n\t\t\t\t\t<\/div>\n\t\t\t\t<\/div>\n\t\t<div class=\"elementor-element elementor-element-07224da elementor-hidden-mobile e-flex e-con-boxed e-con e-parent\" data-id=\"07224da\" data-element_type=\"container\" data-e-type=\"container\" data-settings=\"{&quot;background_background&quot;:&quot;classic&quot;,&quot;sticky&quot;:&quot;top&quot;,&quot;sticky_offset&quot;:64,&quot;sticky_on&quot;:[&quot;desktop&quot;,&quot;tablet&quot;,&quot;mobile&quot;],&quot;sticky_effects_offset&quot;:0,&quot;sticky_anchor_link_offset&quot;:0}\">\n\t\t\t\t\t<div class=\"e-con-inner\">\n\t\t\t\t<div class=\"elementor-element elementor-element-2c65563 elementor-icon-list--layout-inline elementor-align-center menu-horizontal elementor-list-item-link-full_width elementor-widget elementor-widget-global elementor-global-3095 elementor-widget-icon-list\" data-id=\"2c65563\" data-element_type=\"widget\" data-e-type=\"widget\" data-widget_type=\"icon-list.default\">\n\t\t\t\t<div class=\"elementor-widget-container\">\n\t\t\t\t\t\t\t<ul class=\"elementor-icon-list-items elementor-inline-items\">\n\t\t\t\t\t\t\t<li class=\"elementor-icon-list-item elementor-inline-item\">\n\t\t\t\t\t\t\t\t\t\t\t<a href=\"https:\/\/lencois.com.br\/de\">\n\n\t\t\t\t\t\t\t\t\t\t\t<span class=\"elementor-icon-list-text\"><span class=\"menu-horizontal__home\">Home<\/span><\/span>\n\t\t\t\t\t\t\t\t\t\t\t<\/a>\n\t\t\t\t\t\t\t\t\t<\/li>\n\t\t\t\t\t\t\t\t<li class=\"elementor-icon-list-item elementor-inline-item\">\n\t\t\t\t\t\t\t\t\t\t\t<a href=\"https:\/\/lencois.com.br\/acomodacoes\/\">\n\n\t\t\t\t\t\t\t\t\t\t\t<span class=\"elementor-icon-list-text\">Acomoda\u00e7\u00f5es<\/span>\n\t\t\t\t\t\t\t\t\t\t\t<\/a>\n\t\t\t\t\t\t\t\t\t<\/li>\n\t\t\t\t\t\t\t\t<li class=\"elementor-icon-list-item elementor-inline-item\">\n\t\t\t\t\t\t\t\t\t\t\t<a href=\"https:\/\/lencois.com.br\/restaurante\/\">\n\n\t\t\t\t\t\t\t\t\t\t\t<span class=\"elementor-icon-list-text\">Gastronomia<\/span>\n\t\t\t\t\t\t\t\t\t\t\t<\/a>\n\t\t\t\t\t\t\t\t\t<\/li>\n\t\t\t\t\t\t\t\t<li class=\"elementor-icon-list-item elementor-inline-item\">\n\t\t\t\t\t\t\t\t\t\t\t<a href=\"https:\/\/lencois.com.br\/mais-sustentabilidade\/\">\n\n\t\t\t\t\t\t\t\t\t\t\t<span class=\"elementor-icon-list-text\">Sustentabilidade<\/span>\n\t\t\t\t\t\t\t\t\t\t\t<\/a>\n\t\t\t\t\t\t\t\t\t<\/li>\n\t\t\t\t\t\t\t\t<li class=\"elementor-icon-list-item elementor-inline-item\">\n\t\t\t\t\t\t\t\t\t\t\t<a href=\"https:\/\/lencois.com.br\/experiencias\/\">\n\n\t\t\t\t\t\t\t\t\t\t\t<span class=\"elementor-icon-list-text\">Experi\u00eancias<\/span>\n\t\t\t\t\t\t\t\t\t\t\t<\/a>\n\t\t\t\t\t\t\t\t\t<\/li>\n\t\t\t\t\t\t\t\t<li class=\"elementor-icon-list-item elementor-inline-item\">\n\t\t\t\t\t\t\t\t\t\t\t<a href=\"https:\/\/lencois.com.br\/galeria-de-arte\/\">\n\n\t\t\t\t\t\t\t\t\t\t\t<span class=\"elementor-icon-list-text\">HOTEL ART GALLERY<\/span>\n\t\t\t\t\t\t\t\t\t\t\t<\/a>\n\t\t\t\t\t\t\t\t\t<\/li>\n\t\t\t\t\t\t<\/ul>\n\t\t\t\t\t\t<\/div>\n\t\t\t\t<\/div>\n\t\t\t\t\t<\/div>\n\t\t\t\t<\/div>\n\t\t<div class=\"elementor-element elementor-element-bb6d50c e-con-full e-flex e-con e-parent\" data-id=\"bb6d50c\" data-element_type=\"container\" data-e-type=\"container\" data-settings=\"{&quot;background_background&quot;:&quot;classic&quot;}\">\n\t\t<div class=\"elementor-element elementor-element-d0141ba e-con-full e-flex e-con e-child\" data-id=\"d0141ba\" data-element_type=\"container\" data-e-type=\"container\">\n\t\t<div class=\"elementor-element elementor-element-9ce0858 e-flex e-con-boxed e-con e-child\" data-id=\"9ce0858\" data-element_type=\"container\" data-e-type=\"container\">\n\t\t\t\t\t<div class=\"e-con-inner\">\n\t\t\t\t<div class=\"elementor-element elementor-element-ee1f610 elementor-widget elementor-widget-image\" data-id=\"ee1f610\" data-element_type=\"widget\" data-e-type=\"widget\" data-widget_type=\"image.default\">\n\t\t\t\t<div class=\"elementor-widget-container\">\n\t\t\t\t\t\t\t\t\t\t\t\t\t\t\t<img fetchpriority=\"high\" decoding=\"async\" width=\"3506\" height=\"1280\" src=\"https:\/\/lencois.com.br\/wp-content\/uploads\/2026\/02\/AZUL_logo_clean.png\" class=\"attachment-full size-full wp-image-3764\" alt=\"\" srcset=\"https:\/\/lencois.com.br\/wp-content\/uploads\/2026\/02\/AZUL_logo_clean.png 3506w, https:\/\/lencois.com.br\/wp-content\/uploads\/2026\/02\/AZUL_logo_clean-300x110.png 300w, https:\/\/lencois.com.br\/wp-content\/uploads\/2026\/02\/AZUL_logo_clean-1024x374.png 1024w, https:\/\/lencois.com.br\/wp-content\/uploads\/2026\/02\/AZUL_logo_clean-768x280.png 768w, https:\/\/lencois.com.br\/wp-content\/uploads\/2026\/02\/AZUL_logo_clean-1536x561.png 1536w, https:\/\/lencois.com.br\/wp-content\/uploads\/2026\/02\/AZUL_logo_clean-2048x748.png 2048w\" sizes=\"(max-width: 3506px) 100vw, 3506px\" \/>\t\t\t\t\t\t\t\t\t\t\t\t\t\t\t<\/div>\n\t\t\t\t<\/div>\n\t\t\t\t<div class=\"elementor-element elementor-element-df3a520 elementor-widget elementor-widget-text-editor\" data-id=\"df3a520\" data-element_type=\"widget\" data-e-type=\"widget\" data-widget_type=\"text-editor.default\">\n\t\t\t\t<div class=\"elementor-widget-container\">\n\t\t\t\t\t\t\t\t\t<p data-start=\"1047\" data-end=\"1199\">Na varanda debru\u00e7ada sobre o Rio Len\u00e7\u00f3is, o Restaurante Azul \u00e9 um dos endere\u00e7os mais agrad\u00e1veis para almo\u00e7ar e jantar em Len\u00e7\u00f3is, na Chapada Diamantina. Aqui, a gastronomia se transforma em experi\u00eancia: o som do rio, a atmosfera do Hotel Canto das \u00c1guas e a diversidade de ingredientes locais criam uma cozinha cuidadosa, feita com respeito, esmero e aten\u00e7\u00e3o \u00e0 origem dos produtos.<\/p><p data-start=\"1431\" data-end=\"1775\">Do encontro entre produtores da regi\u00e3o, agricultura familiar e refer\u00eancias culin\u00e1rias diversas, nascem sabores pr\u00f3prios deste territ\u00f3rio. O card\u00e1pio re\u00fane influ\u00eancias africanas e nordestinas, tra\u00e7os da cozinha baiana e cl\u00e1ssicos da gastronomia franco-italiana, em uma proposta que valoriza o sabor, a cultura e a paisagem da Chapada Diamantina.<\/p><p data-start=\"1431\" data-end=\"1775\">\u00a0<\/p><p data-start=\"1431\" data-end=\"1775\"><strong data-start=\"511\" data-end=\"531\">Restaurante Azul<\/strong><br data-start=\"531\" data-end=\"534\" \/>Restaurante em Len\u00e7\u00f3is aberto ao p\u00fablico todos os dias.<br data-start=\"565\" data-end=\"568\" \/>Almo\u00e7o: 12h \u00e0s 17h |\u00a0Jantar: 19h \u00e0s 22h<\/p>\t\t\t\t\t\t\t\t<\/div>\n\t\t\t\t<\/div>\n\t\t\t\t<div class=\"elementor-element elementor-element-5f559b9 elementor-align-center elementor-widget elementor-widget-button\" data-id=\"5f559b9\" data-element_type=\"widget\" data-e-type=\"widget\" data-widget_type=\"button.default\">\n\t\t\t\t<div class=\"elementor-widget-container\">\n\t\t\t\t\t\t\t\t\t<div class=\"elementor-button-wrapper\">\n\t\t\t\t\t<a class=\"elementor-button elementor-button-link elementor-size-sm\" href=\"https:\/\/lencois.com.br\/wp-content\/uploads\/2026\/04\/AZUL_Cardapio_mural_43x58cm.pdf\">\n\t\t\t\t\t\t<span class=\"elementor-button-content-wrapper\">\n\t\t\t\t\t\t\t\t\t<span class=\"elementor-button-text\">Card\u00e1pio Restaurante Azul - PDF<\/span>\n\t\t\t\t\t<\/span>\n\t\t\t\t\t<\/a>\n\t\t\t\t<\/div>\n\t\t\t\t\t\t\t\t<\/div>\n\t\t\t\t<\/div>\n\t\t\t\t\t<\/div>\n\t\t\t\t<\/div>\n\t\t\t\t<\/div>\n\t\t<div class=\"elementor-element elementor-element-871bc18 e-con-full e-flex e-con e-child\" data-id=\"871bc18\" data-element_type=\"container\" data-e-type=\"container\" data-settings=\"{&quot;background_background&quot;:&quot;classic&quot;}\">\n\t\t<div class=\"elementor-element elementor-element-f590ab5 e-con-full e-flex e-con e-child\" data-id=\"f590ab5\" data-element_type=\"container\" data-e-type=\"container\">\n\t\t\t\t<div class=\"elementor-element elementor-element-0b08d33 elementor-widget elementor-widget-gallery\" data-id=\"0b08d33\" data-element_type=\"widget\" data-e-type=\"widget\" data-settings=\"{&quot;columns&quot;:3,&quot;columns_tablet&quot;:3,&quot;lazyload&quot;:&quot;yes&quot;,&quot;gallery_layout&quot;:&quot;grid&quot;,&quot;columns_mobile&quot;:1,&quot;gap&quot;:{&quot;unit&quot;:&quot;px&quot;,&quot;size&quot;:10,&quot;sizes&quot;:[]},&quot;gap_tablet&quot;:{&quot;unit&quot;:&quot;px&quot;,&quot;size&quot;:10,&quot;sizes&quot;:[]},&quot;gap_mobile&quot;:{&quot;unit&quot;:&quot;px&quot;,&quot;size&quot;:10,&quot;sizes&quot;:[]},&quot;link_to&quot;:&quot;file&quot;,&quot;aspect_ratio&quot;:&quot;3:2&quot;,&quot;overlay_background&quot;:&quot;yes&quot;,&quot;content_hover_animation&quot;:&quot;fade-in&quot;}\" data-widget_type=\"gallery.default\">\n\t\t\t\t<div class=\"elementor-widget-container\">\n\t\t\t\t\t\t\t<div class=\"elementor-gallery__container\">\r\n\t\t\t\t\t\t\t<a class=\"e-gallery-item elementor-gallery-item elementor-animated-content\" href=\"https:\/\/lencois.com.br\/wp-content\/uploads\/2026\/02\/File-Miignon-Grelhado.jpg\" data-elementor-open-lightbox=\"yes\" data-elementor-lightbox-slideshow=\"0b08d33\" data-e-action-hash=\"#elementor-action%3Aaction%3Dlightbox%26settings%3DeyJpZCI6MjE3MCwidXJsIjoiaHR0cHM6XC9cL2xlbmNvaXMuY29tLmJyXC93cC1jb250ZW50XC91cGxvYWRzXC8yMDI2XC8wMlwvRmlsZS1NaWlnbm9uLUdyZWxoYWRvLmpwZyIsInNsaWRlc2hvdyI6IjBiMDhkMzMifQ%3D%3D\">\r\n\t\t\t\t\t<div class=\"e-gallery-image elementor-gallery-item__image\" data-thumbnail=\"https:\/\/lencois.com.br\/wp-content\/uploads\/2026\/02\/File-Miignon-Grelhado-768x768.jpg\" data-width=\"768\" data-height=\"768\" aria-label=\"\" role=\"img\" ><\/div>\r\n\t\t\t\t\t\t\t\t\t\t\t<div class=\"elementor-gallery-item__overlay\"><\/div>\r\n\t\t\t\t\t\t\t\t\t\t\t\t\t\t<\/a>\r\n\t\t\t\t\t\t\t<a class=\"e-gallery-item elementor-gallery-item elementor-animated-content\" href=\"https:\/\/lencois.com.br\/wp-content\/uploads\/2026\/02\/Moqueca-de-Camarao.jpg\" data-elementor-open-lightbox=\"yes\" data-elementor-lightbox-slideshow=\"0b08d33\" data-e-action-hash=\"#elementor-action%3Aaction%3Dlightbox%26settings%3DeyJpZCI6MjE3MywidXJsIjoiaHR0cHM6XC9cL2xlbmNvaXMuY29tLmJyXC93cC1jb250ZW50XC91cGxvYWRzXC8yMDI2XC8wMlwvTW9xdWVjYS1kZS1DYW1hcmFvLmpwZyIsInNsaWRlc2hvdyI6IjBiMDhkMzMifQ%3D%3D\">\r\n\t\t\t\t\t<div class=\"e-gallery-image elementor-gallery-item__image\" data-thumbnail=\"https:\/\/lencois.com.br\/wp-content\/uploads\/2026\/02\/Moqueca-de-Camarao-768x768.jpg\" data-width=\"768\" data-height=\"768\" aria-label=\"\" role=\"img\" ><\/div>\r\n\t\t\t\t\t\t\t\t\t\t\t<div class=\"elementor-gallery-item__overlay\"><\/div>\r\n\t\t\t\t\t\t\t\t\t\t\t\t\t\t<\/a>\r\n\t\t\t\t\t\t\t<a class=\"e-gallery-item elementor-gallery-item elementor-animated-content\" href=\"https:\/\/lencois.com.br\/wp-content\/uploads\/2026\/02\/Carpaccio-de-Carne.jpg\" data-elementor-open-lightbox=\"yes\" data-elementor-lightbox-slideshow=\"0b08d33\" data-e-action-hash=\"#elementor-action%3Aaction%3Dlightbox%26settings%3DeyJpZCI6MjE2OCwidXJsIjoiaHR0cHM6XC9cL2xlbmNvaXMuY29tLmJyXC93cC1jb250ZW50XC91cGxvYWRzXC8yMDI2XC8wMlwvQ2FycGFjY2lvLWRlLUNhcm5lLmpwZyIsInNsaWRlc2hvdyI6IjBiMDhkMzMifQ%3D%3D\">\r\n\t\t\t\t\t<div class=\"e-gallery-image elementor-gallery-item__image\" data-thumbnail=\"https:\/\/lencois.com.br\/wp-content\/uploads\/2026\/02\/Carpaccio-de-Carne-768x768.jpg\" data-width=\"768\" data-height=\"768\" aria-label=\"\" role=\"img\" ><\/div>\r\n\t\t\t\t\t\t\t\t\t\t\t<div class=\"elementor-gallery-item__overlay\"><\/div>\r\n\t\t\t\t\t\t\t\t\t\t\t\t\t\t<\/a>\r\n\t\t\t\t\t<\/div>\r\n\t\t\t\t\t<\/div>\n\t\t\t\t<\/div>\n\t\t\t\t<\/div>\n\t\t\t\t<\/div>\n\t\t<div class=\"elementor-element elementor-element-4cfc38b e-flex e-con-boxed e-con e-child\" data-id=\"4cfc38b\" data-element_type=\"container\" data-e-type=\"container\" data-settings=\"{&quot;background_background&quot;:&quot;classic&quot;}\">\n\t\t\t\t\t<div class=\"e-con-inner\">\n\t\t<div class=\"elementor-element elementor-element-b5131ae e-con-full e-flex e-con e-child\" data-id=\"b5131ae\" data-element_type=\"container\" data-e-type=\"container\">\n\t\t\t\t<div class=\"elementor-element elementor-element-bcddf48 elementor-widget elementor-widget-text-editor\" data-id=\"bcddf48\" data-element_type=\"widget\" data-e-type=\"widget\" data-widget_type=\"text-editor.default\">\n\t\t\t\t<div class=\"elementor-widget-container\">\n\t\t\t\t\t\t\t\t\t<p data-start=\"298\" data-end=\"420\">Para al\u00e9m dos sabores, o Restaurante Azul mant\u00e9m um compromisso di\u00e1rio com a comunidade e com a economia local de Len\u00e7\u00f3is. H\u00e1 mais de 30 anos, produtores da feira local e fam\u00edlias agricultoras da regi\u00e3o trazem ao Hotel Canto das \u00c1guas hortali\u00e7as, frutas, verduras e ingredientes cultivados em pequenas propriedades da Chapada Diamantina.<\/p><p data-start=\"638\" data-end=\"849\">Nomes como Dirce, Dunga e cooperativas regionais como a Coopirec\u00ea e a Fino Sert\u00e3o fazem parte dessa rede de confian\u00e7a que aproxima o campo da mesa e valoriza o que existe de mais aut\u00eantico na culin\u00e1ria regional.<\/p><p data-start=\"851\" data-end=\"1108\">Na varanda \u00e0 beira do Rio Len\u00e7\u00f3is, essa rela\u00e7\u00e3o com o territ\u00f3rio se transforma em experi\u00eancia. O Azul \u00e9 um dos lugares mais agrad\u00e1veis da cidade para almo\u00e7ar e jantar, reunindo paisagem, hospitalidade e uma gastronomia feita com origem, cuidado e prop\u00f3sito.<\/p>\t\t\t\t\t\t\t\t<\/div>\n\t\t\t\t<\/div>\n\t\t\t\t<div class=\"elementor-element elementor-element-94273bd elementor-align-center elementor-widget elementor-widget-button\" data-id=\"94273bd\" data-element_type=\"widget\" data-e-type=\"widget\" data-widget_type=\"button.default\">\n\t\t\t\t<div class=\"elementor-widget-container\">\n\t\t\t\t\t\t\t\t\t<div class=\"elementor-button-wrapper\">\n\t\t\t\t\t<a class=\"elementor-button elementor-button-link elementor-size-sm\" href=\"https:\/\/wa.me\/5575999719399\" rel=\"nofollow noopener\" target=\"_blank\">\n\t\t\t\t\t\t<span class=\"elementor-button-content-wrapper\">\n\t\t\t\t\t\t\t\t\t<span class=\"elementor-button-text\">Reserve sua mesa<\/span>\n\t\t\t\t\t<\/span>\n\t\t\t\t\t<\/a>\n\t\t\t\t<\/div>\n\t\t\t\t\t\t\t\t<\/div>\n\t\t\t\t<\/div>\n\t\t\t\t<\/div>\n\t\t\t\t\t<\/div>\n\t\t\t\t<\/div>\n\t\t<div class=\"elementor-element elementor-element-1091683 e-con-full e-flex e-con e-child\" data-id=\"1091683\" data-element_type=\"container\" data-e-type=\"container\" data-settings=\"{&quot;background_background&quot;:&quot;classic&quot;}\">\n\t\t<div class=\"elementor-element elementor-element-7df1e9a e-con-full e-flex e-con e-child\" data-id=\"7df1e9a\" data-element_type=\"container\" data-e-type=\"container\">\n\t\t\t\t<div class=\"elementor-element elementor-element-ca456d4 elementor-widget elementor-widget-gallery\" data-id=\"ca456d4\" data-element_type=\"widget\" data-e-type=\"widget\" data-settings=\"{&quot;columns&quot;:3,&quot;columns_tablet&quot;:3,&quot;lazyload&quot;:&quot;yes&quot;,&quot;gallery_layout&quot;:&quot;grid&quot;,&quot;columns_mobile&quot;:1,&quot;gap&quot;:{&quot;unit&quot;:&quot;px&quot;,&quot;size&quot;:10,&quot;sizes&quot;:[]},&quot;gap_tablet&quot;:{&quot;unit&quot;:&quot;px&quot;,&quot;size&quot;:10,&quot;sizes&quot;:[]},&quot;gap_mobile&quot;:{&quot;unit&quot;:&quot;px&quot;,&quot;size&quot;:10,&quot;sizes&quot;:[]},&quot;link_to&quot;:&quot;file&quot;,&quot;aspect_ratio&quot;:&quot;3:2&quot;,&quot;overlay_background&quot;:&quot;yes&quot;,&quot;content_hover_animation&quot;:&quot;fade-in&quot;}\" data-widget_type=\"gallery.default\">\n\t\t\t\t<div class=\"elementor-widget-container\">\n\t\t\t\t\t\t\t<div class=\"elementor-gallery__container\">\r\n\t\t\t\t\t\t\t<a class=\"e-gallery-item elementor-gallery-item elementor-animated-content\" href=\"https:\/\/lencois.com.br\/wp-content\/uploads\/2026\/02\/Gaspacho-de-Tomate.jpg\" data-elementor-open-lightbox=\"yes\" data-elementor-lightbox-slideshow=\"ca456d4\" data-e-action-hash=\"#elementor-action%3Aaction%3Dlightbox%26settings%3DeyJpZCI6MjE3MSwidXJsIjoiaHR0cHM6XC9cL2xlbmNvaXMuY29tLmJyXC93cC1jb250ZW50XC91cGxvYWRzXC8yMDI2XC8wMlwvR2FzcGFjaG8tZGUtVG9tYXRlLmpwZyIsInNsaWRlc2hvdyI6ImNhNDU2ZDQifQ%3D%3D\">\r\n\t\t\t\t\t<div class=\"e-gallery-image elementor-gallery-item__image\" data-thumbnail=\"https:\/\/lencois.com.br\/wp-content\/uploads\/2026\/02\/Gaspacho-de-Tomate-768x768.jpg\" data-width=\"768\" data-height=\"768\" aria-label=\"\" role=\"img\" ><\/div>\r\n\t\t\t\t\t\t\t\t\t\t\t<div class=\"elementor-gallery-item__overlay\"><\/div>\r\n\t\t\t\t\t\t\t\t\t\t\t\t\t\t<\/a>\r\n\t\t\t\t\t\t\t<a class=\"e-gallery-item elementor-gallery-item elementor-animated-content\" href=\"https:\/\/lencois.com.br\/wp-content\/uploads\/2026\/02\/Mix-de-Folhas.jpg\" data-elementor-open-lightbox=\"yes\" data-elementor-lightbox-slideshow=\"ca456d4\" data-e-action-hash=\"#elementor-action%3Aaction%3Dlightbox%26settings%3DeyJpZCI6MjE3MiwidXJsIjoiaHR0cHM6XC9cL2xlbmNvaXMuY29tLmJyXC93cC1jb250ZW50XC91cGxvYWRzXC8yMDI2XC8wMlwvTWl4LWRlLUZvbGhhcy5qcGciLCJzbGlkZXNob3ciOiJjYTQ1NmQ0In0%3D\">\r\n\t\t\t\t\t<div class=\"e-gallery-image elementor-gallery-item__image\" data-thumbnail=\"https:\/\/lencois.com.br\/wp-content\/uploads\/2026\/02\/Mix-de-Folhas-768x768.jpg\" data-width=\"768\" data-height=\"768\" aria-label=\"\" role=\"img\" ><\/div>\r\n\t\t\t\t\t\t\t\t\t\t\t<div class=\"elementor-gallery-item__overlay\"><\/div>\r\n\t\t\t\t\t\t\t\t\t\t\t\t\t\t<\/a>\r\n\t\t\t\t\t\t\t<a class=\"e-gallery-item elementor-gallery-item elementor-animated-content\" href=\"https:\/\/lencois.com.br\/wp-content\/uploads\/2026\/02\/Creme-Brulee.jpg\" data-elementor-open-lightbox=\"yes\" data-elementor-lightbox-slideshow=\"ca456d4\" data-e-action-hash=\"#elementor-action%3Aaction%3Dlightbox%26settings%3DeyJpZCI6MjE2OSwidXJsIjoiaHR0cHM6XC9cL2xlbmNvaXMuY29tLmJyXC93cC1jb250ZW50XC91cGxvYWRzXC8yMDI2XC8wMlwvQ3JlbWUtQnJ1bGVlLmpwZyIsInNsaWRlc2hvdyI6ImNhNDU2ZDQifQ%3D%3D\">\r\n\t\t\t\t\t<div class=\"e-gallery-image elementor-gallery-item__image\" data-thumbnail=\"https:\/\/lencois.com.br\/wp-content\/uploads\/2026\/02\/Creme-Brulee-768x768.jpg\" data-width=\"768\" data-height=\"768\" aria-label=\"\" role=\"img\" ><\/div>\r\n\t\t\t\t\t\t\t\t\t\t\t<div class=\"elementor-gallery-item__overlay\"><\/div>\r\n\t\t\t\t\t\t\t\t\t\t\t\t\t\t<\/a>\r\n\t\t\t\t\t<\/div>\r\n\t\t\t\t\t<\/div>\n\t\t\t\t<\/div>\n\t\t\t\t<\/div>\n\t\t\t\t<\/div>\n\t\t\t\t<\/div>\n\t\t<div class=\"elementor-element elementor-element-a41e527 e-flex e-con-boxed e-con e-parent\" data-id=\"a41e527\" data-element_type=\"container\" data-e-type=\"container\">\n\t\t\t\t\t<div class=\"e-con-inner\">\n\t\t\t\t<div class=\"elementor-element elementor-element-7f11a4c elementor-widget elementor-widget-text-editor\" data-id=\"7f11a4c\" data-element_type=\"widget\" data-e-type=\"widget\" data-widget_type=\"text-editor.default\">\n\t\t\t\t<div class=\"elementor-widget-container\">\n\t\t\t\t\t\t\t\t\t<div class=\"flex max-w-full flex-col gap-4 grow\"><h2 style=\"text-align: center;\">O que saber antes de conhecer o Restaurante Azul<\/h2><div class=\"min-h-8 text-message relative flex w-full flex-col items-end gap-2 text-start break-words whitespace-normal outline-none keyboard-focused:focus-ring [.text-message+&amp;]:mt-1\" dir=\"auto\" tabindex=\"0\" data-message-author-role=\"assistant\" data-message-id=\"21c10132-c75d-40ad-b775-fbba454ba777\" data-message-model-slug=\"gpt-5-5-thinking\" data-turn-start-message=\"true\"><div class=\"flex w-full flex-col gap-1 empty:hidden\"><div class=\"markdown prose dark:prose-invert w-full wrap-break-word light markdown-new-styling\"><h5 data-section-id=\"1sx67ze\" data-start=\"208\" data-end=\"254\">\u00a0<\/h5><h5 data-section-id=\"1sx67ze\" data-start=\"52\" data-end=\"98\">1. O Restaurante Azul \u00e9 aberto ao p\u00fablico?<\/h5><p data-start=\"100\" data-end=\"285\">Sim. O Restaurante Azul, localizado dentro do Hotel Canto das \u00c1guas, \u00e9 aberto tanto para h\u00f3spedes quanto para visitantes que desejam almo\u00e7ar ou jantar em Len\u00e7\u00f3is, na Chapada Diamantina.<\/p><p data-start=\"287\" data-end=\"511\">O restaurante funciona todos os dias para almo\u00e7o, das <strong data-start=\"341\" data-end=\"355\">12h \u00e0s 17h<\/strong>, e para jantar, das <strong data-start=\"376\" data-end=\"390\">19h \u00e0s 22h<\/strong>. A reserva \u00e9 recomendada, especialmente para o jantar, fins de semana, feriados e per\u00edodos de maior movimento na cidade.<\/p><p data-start=\"513\" data-end=\"774\">Com uma varanda debru\u00e7ada sobre o Rio Len\u00e7\u00f3is, o Azul \u00e9 uma boa op\u00e7\u00e3o para quem est\u00e1 hospedado no hotel, para quem visita a Chapada Diamantina e tamb\u00e9m para moradores e viajantes que procuram uma experi\u00eancia gastron\u00f4mica especial no centro hist\u00f3rico de Len\u00e7\u00f3is.<\/p><h5 data-section-id=\"2kr6a5\" data-start=\"781\" data-end=\"817\">\u00a0<\/h5><h5 data-section-id=\"2kr6a5\" data-start=\"781\" data-end=\"817\">2. Onde fica o Restaurante Azul?<\/h5><p data-start=\"819\" data-end=\"1096\">O Restaurante Azul fica dentro do Hotel Canto das \u00c1guas, no centro hist\u00f3rico de Len\u00e7\u00f3is, Bahia. A localiza\u00e7\u00e3o \u00e9 um dos grandes diferenciais da experi\u00eancia: o restaurante est\u00e1 em uma varanda \u00e0 beira do Rio Len\u00e7\u00f3is, pr\u00f3ximo \u00e0s principais ruas, pra\u00e7as, lojas e ag\u00eancias da cidade.<\/p><p data-start=\"1098\" data-end=\"1307\">Isso permite que o visitante chegue facilmente a p\u00e9 a partir do centro e encontre, em poucos minutos, um ambiente tranquilo, integrado \u00e0 paisagem, ao som da \u00e1gua e \u00e0 atmosfera acolhedora da Chapada Diamantina.<\/p><h5 data-section-id=\"1oyyrws\" data-start=\"1314\" data-end=\"1372\">\u00a0<\/h5><h5 data-section-id=\"1oyyrws\" data-start=\"1314\" data-end=\"1372\">3. O que torna o Restaurante Azul especial em Len\u00e7\u00f3is?<\/h5><p data-start=\"1374\" data-end=\"1568\">O Restaurante Azul re\u00fane alguns dos elementos mais importantes da identidade do Hotel Canto das \u00c1guas: hospitalidade, natureza, cultura local, arte, sustentabilidade e gastronomia de territ\u00f3rio.<\/p><p data-start=\"1570\" data-end=\"1853\">A experi\u00eancia n\u00e3o se resume ao prato. Ela envolve a varanda sobre o Rio Len\u00e7\u00f3is, o som constante da \u00e1gua, os ingredientes da Chapada Diamantina, os talentos locais que formam a equipe e a rela\u00e7\u00e3o de confian\u00e7a constru\u00edda com produtores, fam\u00edlias agricultoras e cooperativas regionais.<\/p><p data-start=\"1855\" data-end=\"1980\">\u00c9 um restaurante em Len\u00e7\u00f3is pensado para quem deseja viver a regi\u00e3o tamb\u00e9m pela mesa, pelo tempo da refei\u00e7\u00e3o e pela paisagem.<\/p><h5 data-section-id=\"o1ls6j\" data-start=\"1987\" data-end=\"2043\">\u00a0<\/h5><h5 data-section-id=\"o1ls6j\" data-start=\"1987\" data-end=\"2043\">4. Que tipo de gastronomia o Restaurante Azul serve?<\/h5><p data-start=\"2045\" data-end=\"2298\">O Restaurante Azul oferece uma cozinha de territ\u00f3rio, com pratos regionais, ingredientes locais e refer\u00eancias culin\u00e1rias diversas. O card\u00e1pio re\u00fane influ\u00eancias africanas e nordestinas, tra\u00e7os da cozinha baiana e cl\u00e1ssicos da gastronomia franco-italiana.<\/p><p data-start=\"2300\" data-end=\"2522\">Essa combina\u00e7\u00e3o permite que o restaurante valorize sabores pr\u00f3prios da Chapada Diamantina sem abrir m\u00e3o de t\u00e9cnica, cuidado e sofistica\u00e7\u00e3o. \u00c9 uma gastronomia feita com origem, aten\u00e7\u00e3o aos produtos e respeito ao territ\u00f3rio.<\/p><h5 data-section-id=\"249dai\" data-start=\"2529\" data-end=\"2611\">\u00a0<\/h5><h5 data-section-id=\"249dai\" data-start=\"2529\" data-end=\"2611\">5. O Restaurante Azul trabalha com ingredientes locais e agricultura familiar?<\/h5><p data-start=\"2613\" data-end=\"2768\">Sim. O Restaurante Azul valoriza ingredientes locais, produtores da feira de Len\u00e7\u00f3is, fam\u00edlias agricultoras e cooperativas regionais da Chapada Diamantina.<\/p><p data-start=\"2770\" data-end=\"3051\">H\u00e1 mais de 30 anos, essa rela\u00e7\u00e3o com a comunidade ajuda a aproximar o campo da mesa, reduzir dist\u00e2ncias na cadeia de abastecimento e fortalecer a economia local. Hortali\u00e7as, frutas, verduras, cogumelos, cordeiro regional, caf\u00e9 e baunilha fazem parte dessa rede de origem e cuidado. Mais do que uma escolha gastron\u00f4mica, esse compromisso expressa uma forma de hospitalidade conectada \u00e0 terra, \u00e0s pessoas e \u00e0 cultura regional.<\/p><h5 data-section-id=\"1k756z9\" data-start=\"3202\" data-end=\"3279\">6. Quais pratos e ingredientes regionais se destacam no Restaurante Azul?<\/h5><p data-start=\"3281\" data-end=\"3573\">Entre os destaques do card\u00e1pio est\u00e3o pratos que valorizam a produ\u00e7\u00e3o regional, como o cordeiro de cooperativa local servido com cuscuz marroquino, prepara\u00e7\u00f5es com cogumelos produzidos na regi\u00e3o de Mucug\u00ea e sobremesas com baunilha cultivada pelo Hotel Canto das \u00c1guas em sistema agroflorestal.<\/p><p data-start=\"3575\" data-end=\"3798\">O restaurante tamb\u00e9m valoriza caf\u00e9s da regi\u00e3o e produtos de origem pr\u00f3xima, criando uma experi\u00eancia gastron\u00f4mica conectada \u00e0 Chapada Diamantina e aos seus produtores. Cada ingrediente ajuda a contar uma parte do territ\u00f3rio.<\/p><h5 data-section-id=\"kfqc8k\" data-start=\"3805\" data-end=\"3875\">\u00a0<\/h5><h5 data-section-id=\"kfqc8k\" data-start=\"3805\" data-end=\"3875\">7. O Restaurante Azul tem alguma produ\u00e7\u00e3o pr\u00f3pria de ingredientes?<\/h5><p data-start=\"3877\" data-end=\"4060\">Sim. O Hotel Canto das \u00c1guas produz baunilha em sistema agroflorestal, utilizada em sobremesas do Restaurante Azul, como o <strong data-start=\"4000\" data-end=\"4018\">Suspiro Lime\u00f1o<\/strong>, uma cria\u00e7\u00e3o delicada e especial da casa.<\/p><p data-start=\"4062\" data-end=\"4309\">O hotel tamb\u00e9m produz caf\u00e9 ar\u00e1bica, refor\u00e7ando a proposta de trabalhar com ingredientes de origem e sabores ligados \u00e0 terra. Esses elementos d\u00e3o ao restaurante uma identidade pr\u00f3pria, mais aut\u00eantica e conectada ao territ\u00f3rio da Chapada Diamantina.<\/p><h5 data-section-id=\"1b1ffz5\" data-start=\"4316\" data-end=\"4390\">\u00a0<\/h5><h5 data-section-id=\"1b1ffz5\" data-start=\"4316\" data-end=\"4390\">8. O Restaurante Azul \u00e9 uma boa op\u00e7\u00e3o para almo\u00e7o e jantar em Len\u00e7\u00f3is?<\/h5><p data-start=\"4392\" data-end=\"4539\">Sim. Para o almo\u00e7o, a varanda \u00e0 beira do Rio Len\u00e7\u00f3is oferece uma pausa agrad\u00e1vel depois dos passeios, trilhas e caminhadas pela Chapada Diamantina.<\/p><p data-start=\"4541\" data-end=\"4798\">Para o jantar, o ambiente ganha uma atmosfera mais acolhedora, com o som do rio, ilumina\u00e7\u00e3o suave e uma sensa\u00e7\u00e3o de tranquilidade no centro hist\u00f3rico. Por isso, o Azul \u00e9 uma boa op\u00e7\u00e3o tanto para uma refei\u00e7\u00e3o casual quanto para um jantar especial em Len\u00e7\u00f3is.<\/p><h5 data-section-id=\"3a5jyu\" data-start=\"4805\" data-end=\"4872\">\u00a0<\/h5><h5 data-section-id=\"3a5jyu\" data-start=\"4805\" data-end=\"4872\">9. O Restaurante Azul \u00e9 uma boa op\u00e7\u00e3o para um jantar rom\u00e2ntico?<\/h5><p data-start=\"4874\" data-end=\"5108\">Sim. A combina\u00e7\u00e3o entre a varanda sobre o Rio Len\u00e7\u00f3is, o som constante da \u00e1gua, a ilumina\u00e7\u00e3o acolhedora e a atmosfera do Hotel Canto das \u00c1guas faz do Restaurante Azul uma das op\u00e7\u00f5es mais agrad\u00e1veis para um jantar rom\u00e2ntico em Len\u00e7\u00f3is.<\/p><p data-start=\"5110\" data-end=\"5257\">A experi\u00eancia \u00e9 elegante sem ser formal demais, com uma cozinha cuidadosa, ambiente tranquilo e forte conex\u00e3o com a paisagem da Chapada Diamantina.<\/p><h5 data-section-id=\"a60pds\" data-start=\"5264\" data-end=\"5326\">\u00a0<\/h5><h5 data-section-id=\"a60pds\" data-start=\"5264\" data-end=\"5326\">10. Como \u00e9 feito o couvert do Restaurante Azul?<\/h5><p data-start=\"5328\" data-end=\"5531\">O couvert do Restaurante Azul \u00e9 preparado com azeite, mix de pimentas, aroeira e sal rosa, servido com p\u00e3o artesanal produzido em Len\u00e7\u00f3is por Dona Nen\u00e9m.<\/p><p data-start=\"5533\" data-end=\"5845\">Assado em forno a lenha, o p\u00e3o de Dona Nen\u00e9m \u00e9 uma das raridades gastron\u00f4micas da Chapada Diamantina. Sua presen\u00e7a no couvert traduz bem a proposta do Azul: valorizar sabores simples, ingredientes escolhidos para criar uma mem\u00f3ria alimentar da regi\u00e3o.<\/p><h5 data-section-id=\"kj0vg9\" data-start=\"5852\" data-end=\"5934\">\u00a0<\/h5><h5 data-section-id=\"kj0vg9\" data-start=\"5852\" data-end=\"5934\">11. Quais outros restaurantes da Chapada Diamantina o Restaurante Azul indica?<\/h5><p data-start=\"5936\" data-end=\"6122\">Al\u00e9m da experi\u00eancia do pr\u00f3prio Azul, o Hotel Canto das \u00c1guas valoriza a cena gastron\u00f4mica da Chapada Diamantina e indica endere\u00e7os que ajudam a revelar a diversidade culin\u00e1ria da regi\u00e3o.<\/p><p data-start=\"6124\" data-end=\"6549\">Em Len\u00e7\u00f3is, o <strong data-start=\"6138\" data-end=\"6156\">Cozinha Aberta<\/strong> \u00e9 uma boa op\u00e7\u00e3o para quem procura uma experi\u00eancia autoral e contempor\u00e2nea, enquanto o <strong data-start=\"6243\" data-end=\"6254\">Lampi\u00e3o<\/strong> se destaca pela comida regional e pelos sabores tradicionais da Chapada. Ainda em Len\u00e7\u00f3is, a <strong data-start=\"6348\" data-end=\"6375\">Doceria Joara Ferraz<\/strong> \u00e9 uma parada especial para doces artesanais, ch\u00e1 e receitas maravilhosas, incluindo prepara\u00e7\u00f5es que utilizam a baunilha org\u00e2nica produzida pelo Hotel Canto das \u00c1guas.<\/p><p data-start=\"6551\" data-end=\"6848\">Em Mucug\u00ea, a <strong data-start=\"6564\" data-end=\"6581\">Vin\u00edcola Uvva<\/strong> oferece uma experi\u00eancia enogastron\u00f4mica ligada ao territ\u00f3rio e \u00e0 produ\u00e7\u00e3o de vinhos na Chapada Diamantina. No Vale do Cap\u00e3o, o <strong data-start=\"6709\" data-end=\"6727\">Deguste Brasil<\/strong> \u00e9 uma refer\u00eancia para quem deseja conhecer uma cozinha brasileira criativa, afetiva e conectada aos ingredientes locais.<\/p><p data-start=\"6850\" data-end=\"7086\" data-is-last-node=\"\" data-is-only-node=\"\">Essas indica\u00e7\u00f5es refor\u00e7am a vis\u00e3o do Canto das \u00c1guas de que a Chapada Diamantina \u00e9 tamb\u00e9m um destino gastron\u00f4mico, com produtores, cozinheiros, doceiras, vinhos, ingredientes e talentos que ampliam a experi\u00eancia de quem visita a regi\u00e3o.<\/p><p data-start=\"6850\" data-end=\"7086\" data-is-last-node=\"\" data-is-only-node=\"\">\u00a0<\/p><\/div><h5 data-start=\"1204\" data-end=\"1264\">12. Existe uma op\u00e7\u00e3o de alimenta\u00e7\u00e3o para levar nos passeios?<\/h5><p>Para passeios de dia inteiro, h\u00f3spedes do hotel podem solicitar a Merenda de Trilha, preparada com ingredientes locais e embalagem retorn\u00e1vel. Ela deve ser solicitada ao concierge ou a recep\u00e7\u00e3o at\u00e9 a v\u00e9spera do passeio, permitindo que a equipe organize tudo com cuidado, qualidade e menor desperd\u00edcio.<br data-start=\"1542\" data-end=\"1545\" \/><strong data-start=\"1547\" data-end=\"1575\">Valor: R$ 80 por pessoa.<\/strong><\/p><\/div><\/div><\/div>\t\t\t\t\t\t\t\t<\/div>\n\t\t\t\t<\/div>\n\t\t\t\t\t<\/div>\n\t\t\t\t<\/div>\n\t\t\t\t<\/div>\n\t\t","protected":false},"excerpt":{"rendered":"<p>Home Acomoda\u00e7\u00f5es Gastronomia Sustentabilidade Experi\u00eancias HOTEL ART GALLERY Na varanda debru\u00e7ada sobre o Rio Len\u00e7\u00f3is, o Restaurante Azul \u00e9 um dos endere\u00e7os mais agrad\u00e1veis para almo\u00e7ar e jantar em Len\u00e7\u00f3is, na Chapada Diamantina. Aqui, a gastronomia se transforma em experi\u00eancia: o som do rio, a atmosfera do Hotel Canto das \u00c1guas e a diversidade de [&hellip;]<\/p>\n","protected":false},"author":1,"featured_media":4406,"parent":0,"menu_order":20,"comment_status":"closed","ping_status":"closed","template":"","meta":{"footnotes":""},"class_list":["post-316","page","type-page","status-publish","has-post-thumbnail","hentry"],"_links":{"self":[{"href":"https:\/\/lencois.com.br\/de\/wp-json\/wp\/v2\/pages\/316","targetHints":{"allow":["GET"]}}],"collection":[{"href":"https:\/\/lencois.com.br\/de\/wp-json\/wp\/v2\/pages"}],"about":[{"href":"https:\/\/lencois.com.br\/de\/wp-json\/wp\/v2\/types\/page"}],"author":[{"embeddable":true,"href":"https:\/\/lencois.com.br\/de\/wp-json\/wp\/v2\/users\/1"}],"replies":[{"embeddable":true,"href":"https:\/\/lencois.com.br\/de\/wp-json\/wp\/v2\/comments?post=316"}],"version-history":[{"count":223,"href":"https:\/\/lencois.com.br\/de\/wp-json\/wp\/v2\/pages\/316\/revisions"}],"predecessor-version":[{"id":4831,"href":"https:\/\/lencois.com.br\/de\/wp-json\/wp\/v2\/pages\/316\/revisions\/4831"}],"wp:featuredmedia":[{"embeddable":true,"href":"https:\/\/lencois.com.br\/de\/wp-json\/wp\/v2\/media\/4406"}],"wp:attachment":[{"href":"https:\/\/lencois.com.br\/de\/wp-json\/wp\/v2\/media?parent=316"}],"curies":[{"name":"wp","href":"https:\/\/api.w.org\/{rel}","templated":true}]}}