{"id":4146,"date":"2026-03-19T11:49:53","date_gmt":"2026-03-19T14:49:53","guid":{"rendered":"https:\/\/lencois.com.br\/?page_id=4146"},"modified":"2026-04-27T10:11:52","modified_gmt":"2026-04-27T13:11:52","slug":"diario","status":"publish","type":"page","link":"https:\/\/lencois.com.br\/es\/journal\/","title":{"rendered":"Diario"},"content":{"rendered":"\t\t<div data-elementor-type=\"wp-page\" data-elementor-id=\"4146\" class=\"elementor elementor-4146\" data-elementor-post-type=\"page\">\n\t\t\t\t<div class=\"elementor-element elementor-element-422ba6c e-con-full e-flex e-con e-parent\" data-id=\"422ba6c\" data-element_type=\"container\" data-e-type=\"container\">\n\t\t\t\t<div class=\"elementor-element elementor-element-b1071f9 elementor--h-position-center elementor--v-position-middle elementor-pagination-position-inside elementor-widget elementor-widget-slides\" data-id=\"b1071f9\" data-element_type=\"widget\" data-e-type=\"widget\" data-settings=\"{&quot;navigation&quot;:&quot;dots&quot;,&quot;autoplay_speed&quot;:6000,&quot;transition&quot;:&quot;fade&quot;,&quot;transition_speed&quot;:1000,&quot;autoplay&quot;:&quot;yes&quot;,&quot;infinite&quot;:&quot;yes&quot;}\" data-widget_type=\"slides.default\">\n\t\t\t\t<div class=\"elementor-widget-container\">\n\t\t\t\t\t\t\t\t\t<div class=\"elementor-swiper\">\r\n\t\t\t\t\t<div class=\"elementor-slides-wrapper elementor-main-swiper swiper\" role=\"region\" aria-roledescription=\"carousel\" aria-label=\"Slides\" dir=\"ltr\" data-animation=\"fadeInUp\">\r\n\t\t\t\t<div class=\"swiper-wrapper elementor-slides\">\r\n\t\t\t\t\t\t\t\t\t\t<div class=\"elementor-repeater-item-61950fa swiper-slide\" role=\"group\" aria-roledescription=\"slide\"><div class=\"swiper-slide-bg\" role=\"img\" aria-label=\"Serrano\"><\/div><div class=\"elementor-background-overlay\"><\/div><div class=\"swiper-slide-inner\" ><div class=\"swiper-slide-contents\"><\/div><\/div><\/div><div class=\"elementor-repeater-item-26832bc swiper-slide\" role=\"group\" aria-roledescription=\"slide\"><div class=\"swiper-slide-bg\" role=\"img\" aria-label=\"Nascer das Lua Morro do Camelo (1)\"><\/div><div class=\"elementor-background-overlay\"><\/div><div class=\"swiper-slide-inner\" ><div class=\"swiper-slide-contents\"><\/div><\/div><\/div>\t\t\t\t<\/div>\r\n\t\t\t\t\t\t\t\t\t\t\t\t\t\t\t\t\t\t\t\t<div class=\"swiper-pagination\"><\/div>\r\n\t\t\t\t\t\t\t\t\t\t\t\t<\/div>\r\n\t\t\t\t<\/div>\r\n\t\t\t\t\t\t\t\t<\/div>\n\t\t\t\t<\/div>\n\t\t\t\t<\/div>\n\t\t<div class=\"elementor-element elementor-element-0fe6d99 elementor-hidden-mobile e-flex e-con-boxed e-con e-parent\" data-id=\"0fe6d99\" data-element_type=\"container\" data-e-type=\"container\" data-settings=\"{&quot;background_background&quot;:&quot;classic&quot;,&quot;sticky&quot;:&quot;top&quot;,&quot;sticky_offset&quot;:64,&quot;sticky_on&quot;:[&quot;desktop&quot;,&quot;tablet&quot;,&quot;mobile&quot;],&quot;sticky_effects_offset&quot;:0,&quot;sticky_anchor_link_offset&quot;:0}\">\n\t\t\t\t\t<div class=\"e-con-inner\">\n\t\t\t\t<div class=\"elementor-element elementor-element-b7ea02f elementor-icon-list--layout-inline elementor-align-center menu-horizontal elementor-list-item-link-full_width elementor-widget elementor-widget-global elementor-global-3095 elementor-widget-icon-list\" data-id=\"b7ea02f\" data-element_type=\"widget\" data-e-type=\"widget\" data-widget_type=\"icon-list.default\">\n\t\t\t\t<div class=\"elementor-widget-container\">\n\t\t\t\t\t\t\t<ul class=\"elementor-icon-list-items elementor-inline-items\">\n\t\t\t\t\t\t\t<li class=\"elementor-icon-list-item elementor-inline-item\">\n\t\t\t\t\t\t\t\t\t\t\t<a href=\"https:\/\/lencois.com.br\/es\">\n\n\t\t\t\t\t\t\t\t\t\t\t<span class=\"elementor-icon-list-text\"><span class=\"menu-horizontal__home\">Home<\/span><\/span>\n\t\t\t\t\t\t\t\t\t\t\t<\/a>\n\t\t\t\t\t\t\t\t\t<\/li>\n\t\t\t\t\t\t\t\t<li class=\"elementor-icon-list-item elementor-inline-item\">\n\t\t\t\t\t\t\t\t\t\t\t<a href=\"https:\/\/lencois.com.br\/acomodacoes\/\">\n\n\t\t\t\t\t\t\t\t\t\t\t<span class=\"elementor-icon-list-text\">Acomoda\u00e7\u00f5es<\/span>\n\t\t\t\t\t\t\t\t\t\t\t<\/a>\n\t\t\t\t\t\t\t\t\t<\/li>\n\t\t\t\t\t\t\t\t<li class=\"elementor-icon-list-item elementor-inline-item\">\n\t\t\t\t\t\t\t\t\t\t\t<a href=\"https:\/\/lencois.com.br\/restaurante\/\">\n\n\t\t\t\t\t\t\t\t\t\t\t<span class=\"elementor-icon-list-text\">Gastronomia<\/span>\n\t\t\t\t\t\t\t\t\t\t\t<\/a>\n\t\t\t\t\t\t\t\t\t<\/li>\n\t\t\t\t\t\t\t\t<li class=\"elementor-icon-list-item elementor-inline-item\">\n\t\t\t\t\t\t\t\t\t\t\t<a href=\"https:\/\/lencois.com.br\/mais-sustentabilidade\/\">\n\n\t\t\t\t\t\t\t\t\t\t\t<span class=\"elementor-icon-list-text\">Sustentabilidade<\/span>\n\t\t\t\t\t\t\t\t\t\t\t<\/a>\n\t\t\t\t\t\t\t\t\t<\/li>\n\t\t\t\t\t\t\t\t<li class=\"elementor-icon-list-item elementor-inline-item\">\n\t\t\t\t\t\t\t\t\t\t\t<a href=\"https:\/\/lencois.com.br\/experiencias\/\">\n\n\t\t\t\t\t\t\t\t\t\t\t<span class=\"elementor-icon-list-text\">Experi\u00eancias<\/span>\n\t\t\t\t\t\t\t\t\t\t\t<\/a>\n\t\t\t\t\t\t\t\t\t<\/li>\n\t\t\t\t\t\t\t\t<li class=\"elementor-icon-list-item elementor-inline-item\">\n\t\t\t\t\t\t\t\t\t\t\t<a href=\"https:\/\/lencois.com.br\/galeria-de-arte\/\">\n\n\t\t\t\t\t\t\t\t\t\t\t<span class=\"elementor-icon-list-text\">HOTEL ART GALLERY<\/span>\n\t\t\t\t\t\t\t\t\t\t\t<\/a>\n\t\t\t\t\t\t\t\t\t<\/li>\n\t\t\t\t\t\t<\/ul>\n\t\t\t\t\t\t<\/div>\n\t\t\t\t<\/div>\n\t\t\t\t\t<\/div>\n\t\t\t\t<\/div>\n\t\t<div class=\"elementor-element elementor-element-e1f41cc e-flex e-con-boxed e-con e-parent\" data-id=\"e1f41cc\" data-element_type=\"container\" data-e-type=\"container\" data-settings=\"{&quot;background_background&quot;:&quot;classic&quot;}\">\n\t\t\t\t\t<div class=\"e-con-inner\">\n\t\t<div class=\"elementor-element elementor-element-5836040 e-con-full e-flex e-con e-child\" data-id=\"5836040\" data-element_type=\"container\" data-e-type=\"container\">\n\t\t\t\t<div class=\"elementor-element elementor-element-6c7e614 elementor-invisible elementor-widget elementor-widget-heading\" data-id=\"6c7e614\" data-element_type=\"widget\" data-e-type=\"widget\" data-settings=\"{&quot;_animation&quot;:&quot;fadeInUp&quot;}\" data-widget_type=\"heading.default\">\n\t\t\t\t<div class=\"elementor-widget-container\">\n\t\t\t\t\t<h1 class=\"elementor-heading-title elementor-size-medium\"><font dir=\"auto\" style=\"vertical-align: inherit\"><font dir=\"auto\" style=\"vertical-align: inherit\"><font dir=\"auto\" style=\"vertical-align: inherit\"><\/font><\/font><\/font><font dir=\"auto\" style=\"vertical-align: inherit\"><font dir=\"auto\" style=\"vertical-align: inherit\"><font dir=\"auto\" style=\"vertical-align: inherit\"><\/font><\/font><\/font><font dir=\"auto\" style=\"vertical-align: inherit\"><font dir=\"auto\" style=\"vertical-align: inherit\"><font dir=\"auto\" style=\"vertical-align: inherit\"><\/font><\/font><\/font><font dir=\"auto\" style=\"vertical-align: inherit\"><font dir=\"auto\" style=\"vertical-align: inherit\"><font dir=\"auto\" style=\"vertical-align: inherit\"><\/font><\/font><\/font><font dir=\"auto\" style=\"vertical-align: inherit\"><font dir=\"auto\" style=\"vertical-align: inherit\" class=\"\">COLLECTING LANDSCAPES - Journal<\/font><\/font><\/h1>\t\t\t\t<\/div>\n\t\t\t\t<\/div>\n\t\t\t\t<div class=\"elementor-element elementor-element-babd571 elementor-invisible elementor-widget elementor-widget-text-editor\" data-id=\"babd571\" data-element_type=\"widget\" data-e-type=\"widget\" data-settings=\"{&quot;_animation&quot;:&quot;fadeIn&quot;}\" data-widget_type=\"text-editor.default\">\n\t\t\t\t<div class=\"elementor-widget-container\">\n\t\t\t\t\t\t\t\t\t<p data-start=\"151\" data-end=\"176\"><em data-start=\"199\" data-end=\"222\">Collecting Landscapes<\/em>\u00a0\u00e9 uma forma de olhar e interpretar a Chapada Diamantina.<\/p><p data-start=\"281\" data-end=\"529\">Aqui reunimos hist\u00f3rias, pessoas e experi\u00eancias que definem Len\u00e7\u00f3is, do passado do garimpo aos personagens que ainda moldam a cultura local, das trilhas que atravessam o Parque Nacional \u00e0 gastronomia que nasce da terra e da tradi\u00e7\u00e3o.<\/p><p data-start=\"531\" data-end=\"770\">\u00c9 tamb\u00e9m onde compartilhamos o que sustenta o nosso pr\u00f3prio jeito de receber: um hotel integrado \u00e0 paisagem, comprometido com pr\u00e1ticas sustent\u00e1veis, com a valoriza\u00e7\u00e3o da comunidade e com uma hospitalidade discreta, mas atenta aos detalhes.<\/p><p data-start=\"846\" data-end=\"901\">Porque viajar por este territ\u00f3rio n\u00e3o \u00e9 apenas visitar.<\/p><p data-start=\"903\" data-end=\"959\">\u00c9 colecionar paisagens naturais, humanas e sensoriais.<\/p>\t\t\t\t\t\t\t\t<\/div>\n\t\t\t\t<\/div>\n\t\t\t\t<\/div>\n\t\t\t\t\t<\/div>\n\t\t\t\t<\/div>\n\t\t\t\t<section class=\"elementor-section elementor-top-section elementor-element elementor-element-573245b elementor-section-boxed elementor-section-height-default elementor-section-height-default\" data-id=\"573245b\" data-element_type=\"section\" data-e-type=\"section\">\n\t\t\t\t\t\t<div class=\"elementor-container elementor-column-gap-default\">\n\t\t\t\t\t<div class=\"elementor-column elementor-col-50 elementor-top-column elementor-element elementor-element-503ce13\" data-id=\"503ce13\" data-element_type=\"column\" data-e-type=\"column\">\n\t\t\t<div class=\"elementor-widget-wrap elementor-element-populated\">\n\t\t\t\t\t\t<div class=\"elementor-element elementor-element-a3752e6 elementor-grid-1 elementor-grid-tablet-1 elementor-posts--thumbnail-left elementor-hidden-mobile elementor-grid-mobile-1 load-more-align-center elementor-widget elementor-widget-posts\" data-id=\"a3752e6\" data-element_type=\"widget\" data-e-type=\"widget\" data-settings=\"{&quot;classic_columns&quot;:&quot;1&quot;,&quot;pagination_type&quot;:&quot;load_more_on_click&quot;,&quot;classic_columns_tablet&quot;:&quot;1&quot;,&quot;classic_columns_mobile&quot;:&quot;1&quot;,&quot;classic_row_gap&quot;:{&quot;unit&quot;:&quot;px&quot;,&quot;size&quot;:35,&quot;sizes&quot;:[]},&quot;classic_row_gap_tablet&quot;:{&quot;unit&quot;:&quot;px&quot;,&quot;size&quot;:&quot;&quot;,&quot;sizes&quot;:[]},&quot;classic_row_gap_mobile&quot;:{&quot;unit&quot;:&quot;px&quot;,&quot;size&quot;:&quot;&quot;,&quot;sizes&quot;:[]},&quot;load_more_spinner&quot;:{&quot;value&quot;:&quot;fas fa-spinner&quot;,&quot;library&quot;:&quot;fa-solid&quot;}}\" data-widget_type=\"posts.classic\">\n\t\t\t\t<div class=\"elementor-widget-container\">\n\t\t\t\t\t\t\t<div class=\"elementor-posts-container elementor-posts elementor-posts--skin-classic elementor-grid\" role=\"list\">\r\n\t\t\t\t<article class=\"elementor-post elementor-grid-item post-4392 post type-post status-publish format-standard has-post-thumbnail hentry category-chapada-diamantina tag-bahia tag-chapada-diamantina tag-guia-de-viagens tag-o-que-fazer-na-chapada tag-onde-ficar-na-chapada-diamantina tag-sustentabilidade\" role=\"listitem\">\r\n\t\t\t\t<a class=\"elementor-post__thumbnail__link\" href=\"https:\/\/lencois.com.br\/es\/guia-completo-da-chapada\/\" tabindex=\"-1\" >\r\n\t\t\t<div class=\"elementor-post__thumbnail\"><img fetchpriority=\"high\" decoding=\"async\" width=\"768\" height=\"327\" src=\"https:\/\/lencois.com.br\/wp-content\/uploads\/2026\/02\/Morro-do-Camelo-Home-768x327.webp\" class=\"attachment-medium_large size-medium_large wp-image-2356\" alt=\"\" srcset=\"https:\/\/lencois.com.br\/wp-content\/uploads\/2026\/02\/Morro-do-Camelo-Home-768x327.webp 768w, https:\/\/lencois.com.br\/wp-content\/uploads\/2026\/02\/Morro-do-Camelo-Home-300x128.webp 300w, https:\/\/lencois.com.br\/wp-content\/uploads\/2026\/02\/Morro-do-Camelo-Home-1024x436.webp 1024w, https:\/\/lencois.com.br\/wp-content\/uploads\/2026\/02\/Morro-do-Camelo-Home-1536x654.webp 1536w, https:\/\/lencois.com.br\/wp-content\/uploads\/2026\/02\/Morro-do-Camelo-Home.webp 1920w\" sizes=\"(max-width: 768px) 100vw, 768px\" \/><\/div>\r\n\t\t<\/a>\r\n\t\t\t\t<div class=\"elementor-post__text\">\r\n\t\t\t\t<h3 class=\"elementor-post__title\">\r\n\t\t\t<a href=\"https:\/\/lencois.com.br\/es\/guia-completo-da-chapada\/\" >\r\n\t\t\t\tGuia completo da Chapada Diamantina: como chegar, onde ficar e o que fazer em Len\u00e7\u00f3is\t\t\t<\/a>\r\n\t\t<\/h3>\r\n\t\t\t\t<div class=\"elementor-post__meta-data\">\r\n\t\t\t\t\t<span class=\"elementor-post-date\">\r\n\t\t\t16 de abril de 2026\t\t<\/span>\r\n\t\t\t\t<\/div>\r\n\t\t\t\t<div class=\"elementor-post__excerpt\">\r\n\t\t\t<p>Guia completo da Chapada Diamantina: como chegar, onde ficar e o que fazer em Len\u00e7\u00f3is. Parte 1 A Chapada Diamantina \u00e9 um dos destinos mais<\/p>\n\t\t<\/div>\r\n\t\t\r\n\t\t<a class=\"elementor-post__read-more\" href=\"https:\/\/lencois.com.br\/es\/guia-completo-da-chapada\/\" aria-label=\"Read more about Guia completo da Chapada Diamantina: como chegar, onde ficar e o que fazer em Len\u00e7\u00f3is\" tabindex=\"-1\" >\r\n\t\t\tLEIA MAIS \u00bb\t\t<\/a>\r\n\r\n\t\t\t\t<\/div>\r\n\t\t\t\t<\/article>\r\n\t\t\t\t<article class=\"elementor-post elementor-grid-item post-4245 post type-post status-publish format-standard has-post-thumbnail hentry category-sustentabilidade category-chapada-diamantina tag-chapada-diamantina tag-sustentabilidade\" role=\"listitem\">\r\n\t\t\t\t<a class=\"elementor-post__thumbnail__link\" href=\"https:\/\/lencois.com.br\/es\/o-que-permanece-quando-o-fogo-passa\/\" tabindex=\"-1\" >\r\n\t\t\t<div class=\"elementor-post__thumbnail\"><img decoding=\"async\" width=\"768\" height=\"327\" src=\"https:\/\/lencois.com.br\/wp-content\/uploads\/2026\/04\/Brigada-de-Incendio-Chapada-Diamantina-03-768x327.jpg\" class=\"attachment-medium_large size-medium_large wp-image-4261\" alt=\"Brigada de Incendio\" srcset=\"https:\/\/lencois.com.br\/wp-content\/uploads\/2026\/04\/Brigada-de-Incendio-Chapada-Diamantina-03-768x327.jpg 768w, https:\/\/lencois.com.br\/wp-content\/uploads\/2026\/04\/Brigada-de-Incendio-Chapada-Diamantina-03-300x128.jpg 300w, https:\/\/lencois.com.br\/wp-content\/uploads\/2026\/04\/Brigada-de-Incendio-Chapada-Diamantina-03.jpg 960w\" sizes=\"(max-width: 768px) 100vw, 768px\" \/><\/div>\r\n\t\t<\/a>\r\n\t\t\t\t<div class=\"elementor-post__text\">\r\n\t\t\t\t<h3 class=\"elementor-post__title\">\r\n\t\t\t<a href=\"https:\/\/lencois.com.br\/es\/o-que-permanece-quando-o-fogo-passa\/\" >\r\n\t\t\t\tO que permanece quando o fogo passa?\t\t\t<\/a>\r\n\t\t<\/h3>\r\n\t\t\t\t<div class=\"elementor-post__meta-data\">\r\n\t\t\t\t\t<span class=\"elementor-post-date\">\r\n\t\t\t10 de abril de 2026\t\t<\/span>\r\n\t\t\t\t<\/div>\r\n\t\t\t\t<div class=\"elementor-post__excerpt\">\r\n\t\t\t<p>H\u00e1 momentos em que a paisagem muda de forma abrupta. N\u00e3o como uma transforma\u00e7\u00e3o lenta da evolu\u00e7\u00e3o natural, mas como ruptura. Na Chapada Diamantina, o<\/p>\n\t\t<\/div>\r\n\t\t\r\n\t\t<a class=\"elementor-post__read-more\" href=\"https:\/\/lencois.com.br\/es\/o-que-permanece-quando-o-fogo-passa\/\" aria-label=\"Read more about O que permanece quando o fogo passa?\" tabindex=\"-1\" >\r\n\t\t\tLEIA MAIS \u00bb\t\t<\/a>\r\n\r\n\t\t\t\t<\/div>\r\n\t\t\t\t<\/article>\r\n\t\t\t\t<article class=\"elementor-post elementor-grid-item post-1828 post type-post status-publish format-standard has-post-thumbnail hentry category-viva-lencois tag-bahia tag-chapada-diamantina tag-lencois\" role=\"listitem\">\r\n\t\t\t\t<a class=\"elementor-post__thumbnail__link\" href=\"https:\/\/lencois.com.br\/es\/lencois-porta-de-entrada-para-a-chapada-diamantina\/\" tabindex=\"-1\" >\r\n\t\t\t<div class=\"elementor-post__thumbnail\"><img decoding=\"async\" width=\"768\" height=\"433\" src=\"https:\/\/lencois.com.br\/wp-content\/uploads\/2026\/02\/Lencois-Vida-Noturna-768x433.jpg\" class=\"attachment-medium_large size-medium_large wp-image-3422\" alt=\"\" srcset=\"https:\/\/lencois.com.br\/wp-content\/uploads\/2026\/02\/Lencois-Vida-Noturna-768x433.jpg 768w, https:\/\/lencois.com.br\/wp-content\/uploads\/2026\/02\/Lencois-Vida-Noturna-300x169.jpg 300w, https:\/\/lencois.com.br\/wp-content\/uploads\/2026\/02\/Lencois-Vida-Noturna-1024x577.jpg 1024w, https:\/\/lencois.com.br\/wp-content\/uploads\/2026\/02\/Lencois-Vida-Noturna-1536x866.jpg 1536w, https:\/\/lencois.com.br\/wp-content\/uploads\/2026\/02\/Lencois-Vida-Noturna.jpg 1920w\" sizes=\"(max-width: 768px) 100vw, 768px\" \/><\/div>\r\n\t\t<\/a>\r\n\t\t\t\t<div class=\"elementor-post__text\">\r\n\t\t\t\t<h3 class=\"elementor-post__title\">\r\n\t\t\t<a href=\"https:\/\/lencois.com.br\/es\/lencois-porta-de-entrada-para-a-chapada-diamantina\/\" >\r\n\t\t\t\tLen\u00e7\u00f3is: O Acesso Natural \u00e0 Chapada Diamantina\t\t\t<\/a>\r\n\t\t<\/h3>\r\n\t\t\t\t<div class=\"elementor-post__meta-data\">\r\n\t\t\t\t\t<span class=\"elementor-post-date\">\r\n\t\t\t19 de marzo de 2026\t\t<\/span>\r\n\t\t\t\t<\/div>\r\n\t\t\t\t<div class=\"elementor-post__excerpt\">\r\n\t\t\t<p>Len\u00e7\u00f3is, no cora\u00e7\u00e3o da Chapada Diamantina, \u00e9 um dos destinos mais singulares da Bahia, um lugar onde natureza, hist\u00f3ria e vida cotidiana convivem em equil\u00edbrio.<\/p>\n\t\t<\/div>\r\n\t\t\r\n\t\t<a class=\"elementor-post__read-more\" href=\"https:\/\/lencois.com.br\/es\/lencois-porta-de-entrada-para-a-chapada-diamantina\/\" aria-label=\"Read more about Len\u00e7\u00f3is: O Acesso Natural \u00e0 Chapada Diamantina\" tabindex=\"-1\" >\r\n\t\t\tLEIA MAIS \u00bb\t\t<\/a>\r\n\r\n\t\t\t\t<\/div>\r\n\t\t\t\t<\/article>\r\n\t\t\t\t<article class=\"elementor-post elementor-grid-item post-4099 post type-post status-publish format-standard has-post-thumbnail hentry category-chapada-diamantina tag-poco-azul\" role=\"listitem\">\r\n\t\t\t\t<a class=\"elementor-post__thumbnail__link\" href=\"https:\/\/lencois.com.br\/es\/poco-azul-onde-a-luz-revela-a-profundidade-da-chapada\/\" tabindex=\"-1\" >\r\n\t\t\t<div class=\"elementor-post__thumbnail\"><img loading=\"lazy\" decoding=\"async\" width=\"768\" height=\"320\" src=\"https:\/\/lencois.com.br\/wp-content\/uploads\/2026\/02\/Poco-Azul-Chapada-Diamantina-768x320.jpg\" class=\"attachment-medium_large size-medium_large wp-image-2567\" alt=\"\" srcset=\"https:\/\/lencois.com.br\/wp-content\/uploads\/2026\/02\/Poco-Azul-Chapada-Diamantina-768x320.jpg 768w, https:\/\/lencois.com.br\/wp-content\/uploads\/2026\/02\/Poco-Azul-Chapada-Diamantina-300x125.jpg 300w, https:\/\/lencois.com.br\/wp-content\/uploads\/2026\/02\/Poco-Azul-Chapada-Diamantina-1024x427.jpg 1024w, https:\/\/lencois.com.br\/wp-content\/uploads\/2026\/02\/Poco-Azul-Chapada-Diamantina-1536x640.jpg 1536w, https:\/\/lencois.com.br\/wp-content\/uploads\/2026\/02\/Poco-Azul-Chapada-Diamantina.jpg 1920w\" sizes=\"(max-width: 768px) 100vw, 768px\" \/><\/div>\r\n\t\t<\/a>\r\n\t\t\t\t<div class=\"elementor-post__text\">\r\n\t\t\t\t<h3 class=\"elementor-post__title\">\r\n\t\t\t<a href=\"https:\/\/lencois.com.br\/es\/poco-azul-onde-a-luz-revela-a-profundidade-da-chapada\/\" >\r\n\t\t\t\tPo\u00e7o Azul: Onde a Luz Revela a Profundidade da Chapada\t\t\t<\/a>\r\n\t\t<\/h3>\r\n\t\t\t\t<div class=\"elementor-post__meta-data\">\r\n\t\t\t\t\t<span class=\"elementor-post-date\">\r\n\t\t\t18 de marzo de 2026\t\t<\/span>\r\n\t\t\t\t<\/div>\r\n\t\t\t\t<div class=\"elementor-post__excerpt\">\r\n\t\t\t<p>Po\u00e7o Azul \u00e9 uma das experi\u00eancias naturais mais impressionantes da Chapada Diamantina, na Bahia, e um dos passeios mais marcantes para quem visita Len\u00e7\u00f3is. Conhecido<\/p>\n\t\t<\/div>\r\n\t\t\r\n\t\t<a class=\"elementor-post__read-more\" href=\"https:\/\/lencois.com.br\/es\/poco-azul-onde-a-luz-revela-a-profundidade-da-chapada\/\" aria-label=\"Read more about Po\u00e7o Azul: Onde a Luz Revela a Profundidade da Chapada\" tabindex=\"-1\" >\r\n\t\t\tLEIA MAIS \u00bb\t\t<\/a>\r\n\r\n\t\t\t\t<\/div>\r\n\t\t\t\t<\/article>\r\n\t\t\t\t<article class=\"elementor-post elementor-grid-item post-4057 post type-post status-publish format-standard has-post-thumbnail hentry category-experiencias tag-chapada-diamantina\" role=\"listitem\">\r\n\t\t\t\t<a class=\"elementor-post__thumbnail__link\" href=\"https:\/\/lencois.com.br\/es\/travessia-ponen-lencois-historia-natureza-e-acesso-ao-parque-nacional-da-chapada-diamantina\/\" tabindex=\"-1\" >\r\n\t\t\t<div class=\"elementor-post__thumbnail\"><img loading=\"lazy\" decoding=\"async\" width=\"768\" height=\"320\" src=\"https:\/\/lencois.com.br\/wp-content\/uploads\/2026\/02\/Morro-do-Pai-Inacio-768x320.jpg\" class=\"attachment-medium_large size-medium_large wp-image-3342\" alt=\"\" srcset=\"https:\/\/lencois.com.br\/wp-content\/uploads\/2026\/02\/Morro-do-Pai-Inacio-768x320.jpg 768w, https:\/\/lencois.com.br\/wp-content\/uploads\/2026\/02\/Morro-do-Pai-Inacio-300x125.jpg 300w, https:\/\/lencois.com.br\/wp-content\/uploads\/2026\/02\/Morro-do-Pai-Inacio-1024x427.jpg 1024w, https:\/\/lencois.com.br\/wp-content\/uploads\/2026\/02\/Morro-do-Pai-Inacio-1536x640.jpg 1536w, https:\/\/lencois.com.br\/wp-content\/uploads\/2026\/02\/Morro-do-Pai-Inacio.jpg 1920w\" sizes=\"(max-width: 768px) 100vw, 768px\" \/><\/div>\r\n\t\t<\/a>\r\n\t\t\t\t<div class=\"elementor-post__text\">\r\n\t\t\t\t<h3 class=\"elementor-post__title\">\r\n\t\t\t<a href=\"https:\/\/lencois.com.br\/es\/travessia-ponen-lencois-historia-natureza-e-acesso-ao-parque-nacional-da-chapada-diamantina\/\" >\r\n\t\t\t\tTravessia Pon\u00ean &#8211; Len\u00e7\u00f3is: hist\u00f3ria, natureza e acesso ao Parque Nacional da Chapada Diamantina\t\t\t<\/a>\r\n\t\t<\/h3>\r\n\t\t\t\t<div class=\"elementor-post__meta-data\">\r\n\t\t\t\t\t<span class=\"elementor-post-date\">\r\n\t\t\t18 de marzo de 2026\t\t<\/span>\r\n\t\t\t\t<\/div>\r\n\t\t\t\t<div class=\"elementor-post__excerpt\">\r\n\t\t\t<p>A trilha de Trilha de Pon\u00ean em Len\u00e7\u00f3is: hist\u00f3ria, natureza e acesso ao Parque Nacional da Chapada Diamantina<\/p>\n\t\t<\/div>\r\n\t\t\r\n\t\t<a class=\"elementor-post__read-more\" href=\"https:\/\/lencois.com.br\/es\/travessia-ponen-lencois-historia-natureza-e-acesso-ao-parque-nacional-da-chapada-diamantina\/\" aria-label=\"Read more about Travessia Pon\u00ean &#8211; Len\u00e7\u00f3is: hist\u00f3ria, natureza e acesso ao Parque Nacional da Chapada Diamantina\" tabindex=\"-1\" >\r\n\t\t\tLEIA MAIS \u00bb\t\t<\/a>\r\n\r\n\t\t\t\t<\/div>\r\n\t\t\t\t<\/article>\r\n\t\t\t\t<article class=\"elementor-post elementor-grid-item post-2831 post type-post status-publish format-standard has-post-thumbnail hentry category-experiencias tag-candomble tag-festa-da-boa-morte tag-finados tag-jare\" role=\"listitem\">\r\n\t\t\t\t<a class=\"elementor-post__thumbnail__link\" href=\"https:\/\/lencois.com.br\/es\/trilha-ate-o-terreiro-de-jare-quando-a-chapada-deixa-de-ser-paisagem-e-vira-rito\/\" tabindex=\"-1\" >\r\n\t\t\t<div class=\"elementor-post__thumbnail\"><img loading=\"lazy\" decoding=\"async\" width=\"768\" height=\"432\" src=\"https:\/\/lencois.com.br\/wp-content\/uploads\/2026\/02\/Festa-de-Jare-no-Terreiro-Peji-da-Pedra-Branca-de-Oxossi-Jare-768x432.jpg\" class=\"attachment-medium_large size-medium_large wp-image-2832\" alt=\"\" srcset=\"https:\/\/lencois.com.br\/wp-content\/uploads\/2026\/02\/Festa-de-Jare-no-Terreiro-Peji-da-Pedra-Branca-de-Oxossi-Jare-768x432.jpg 768w, https:\/\/lencois.com.br\/wp-content\/uploads\/2026\/02\/Festa-de-Jare-no-Terreiro-Peji-da-Pedra-Branca-de-Oxossi-Jare-300x169.jpg 300w, https:\/\/lencois.com.br\/wp-content\/uploads\/2026\/02\/Festa-de-Jare-no-Terreiro-Peji-da-Pedra-Branca-de-Oxossi-Jare-1024x576.jpg 1024w, https:\/\/lencois.com.br\/wp-content\/uploads\/2026\/02\/Festa-de-Jare-no-Terreiro-Peji-da-Pedra-Branca-de-Oxossi-Jare-1536x864.jpg 1536w, https:\/\/lencois.com.br\/wp-content\/uploads\/2026\/02\/Festa-de-Jare-no-Terreiro-Peji-da-Pedra-Branca-de-Oxossi-Jare-2048x1152.jpg 2048w\" sizes=\"(max-width: 768px) 100vw, 768px\" \/><\/div>\r\n\t\t<\/a>\r\n\t\t\t\t<div class=\"elementor-post__text\">\r\n\t\t\t\t<h3 class=\"elementor-post__title\">\r\n\t\t\t<a href=\"https:\/\/lencois.com.br\/es\/trilha-ate-o-terreiro-de-jare-quando-a-chapada-deixa-de-ser-paisagem-e-vira-rito\/\" >\r\n\t\t\t\tTrilha at\u00e9 o Terreiro de Jar\u00ea: quando a Chapada deixa de ser paisagem e vira rito\t\t\t<\/a>\r\n\t\t<\/h3>\r\n\t\t\t\t<div class=\"elementor-post__meta-data\">\r\n\t\t\t\t\t<span class=\"elementor-post-date\">\r\n\t\t\t24 de febrero de 2026\t\t<\/span>\r\n\t\t\t\t<\/div>\r\n\t\t\t\t<div class=\"elementor-post__excerpt\">\r\n\t\t\t<p>Descubra a trilha at\u00e9 o Terreiro de Jar\u00ea, em Len\u00e7\u00f3is (BA): 10 km de caminhada pelo Parque Nacional da Chapada Diamantina at\u00e9 um dos espa\u00e7os sagrados mais simb\u00f3licos da cultura afro-diamantina.<\/p>\n\t\t<\/div>\r\n\t\t\r\n\t\t<a class=\"elementor-post__read-more\" href=\"https:\/\/lencois.com.br\/es\/trilha-ate-o-terreiro-de-jare-quando-a-chapada-deixa-de-ser-paisagem-e-vira-rito\/\" aria-label=\"Read more about Trilha at\u00e9 o Terreiro de Jar\u00ea: quando a Chapada deixa de ser paisagem e vira rito\" tabindex=\"-1\" >\r\n\t\t\tLEIA MAIS \u00bb\t\t<\/a>\r\n\r\n\t\t\t\t<\/div>\r\n\t\t\t\t<\/article>\r\n\t\t\t\t<article class=\"elementor-post elementor-grid-item post-1826 post type-post status-publish format-standard has-post-thumbnail hentry category-chapada-diamantina tag-chapada-diamantina tag-lencois\" role=\"listitem\">\r\n\t\t\t\t<a class=\"elementor-post__thumbnail__link\" href=\"https:\/\/lencois.com.br\/es\/o-que-fazer-em-lencois-trilhas-cachoeiras-e-aventuras\/\" tabindex=\"-1\" >\r\n\t\t\t<div class=\"elementor-post__thumbnail\"><img loading=\"lazy\" decoding=\"async\" width=\"768\" height=\"320\" src=\"https:\/\/lencois.com.br\/wp-content\/uploads\/2025\/12\/Hotel-Canto-das-Aguas-12-768x320.jpg\" class=\"attachment-medium_large size-medium_large wp-image-4104\" alt=\"\" srcset=\"https:\/\/lencois.com.br\/wp-content\/uploads\/2025\/12\/Hotel-Canto-das-Aguas-12-768x320.jpg 768w, https:\/\/lencois.com.br\/wp-content\/uploads\/2025\/12\/Hotel-Canto-das-Aguas-12-300x125.jpg 300w, https:\/\/lencois.com.br\/wp-content\/uploads\/2025\/12\/Hotel-Canto-das-Aguas-12-1024x427.jpg 1024w, https:\/\/lencois.com.br\/wp-content\/uploads\/2025\/12\/Hotel-Canto-das-Aguas-12-1536x640.jpg 1536w, https:\/\/lencois.com.br\/wp-content\/uploads\/2025\/12\/Hotel-Canto-das-Aguas-12.jpg 2048w\" sizes=\"(max-width: 768px) 100vw, 768px\" \/><\/div>\r\n\t\t<\/a>\r\n\t\t\t\t<div class=\"elementor-post__text\">\r\n\t\t\t\t<h3 class=\"elementor-post__title\">\r\n\t\t\t<a href=\"https:\/\/lencois.com.br\/es\/o-que-fazer-em-lencois-trilhas-cachoeiras-e-aventuras\/\" >\r\n\t\t\t\tLen\u00e7\u00f3is: Caminhos que Revelam a Chapada\t\t\t<\/a>\r\n\t\t<\/h3>\r\n\t\t\t\t<div class=\"elementor-post__meta-data\">\r\n\t\t\t\t\t<span class=\"elementor-post-date\">\r\n\t\t\t1 de diciembre de 2025\t\t<\/span>\r\n\t\t\t\t<\/div>\r\n\t\t\t\t<div class=\"elementor-post__excerpt\">\r\n\t\t\t<p>Estar em Len\u00e7\u00f3is por sete dias \u00e9 permitir que a Chapada Diamantina se revele no seu pr\u00f3prio tempo, um territ\u00f3rio de escala geol\u00f3gica, profundidade hist\u00f3rica<\/p>\n\t\t<\/div>\r\n\t\t\r\n\t\t<a class=\"elementor-post__read-more\" href=\"https:\/\/lencois.com.br\/es\/o-que-fazer-em-lencois-trilhas-cachoeiras-e-aventuras\/\" aria-label=\"Read more about Len\u00e7\u00f3is: Caminhos que Revelam a Chapada\" tabindex=\"-1\" >\r\n\t\t\tLEIA MAIS \u00bb\t\t<\/a>\r\n\r\n\t\t\t\t<\/div>\r\n\t\t\t\t<\/article>\r\n\t\t\t\t<article class=\"elementor-post elementor-grid-item post-1823 post type-post status-publish format-standard has-post-thumbnail hentry category-chapada-diamantina\" role=\"listitem\">\r\n\t\t\t\t<a class=\"elementor-post__thumbnail__link\" href=\"https:\/\/lencois.com.br\/es\/melhor-epoca-para-visitar-lencois-e-dicas-praticas\/\" tabindex=\"-1\" >\r\n\t\t\t<div class=\"elementor-post__thumbnail\"><img loading=\"lazy\" decoding=\"async\" width=\"768\" height=\"320\" src=\"https:\/\/lencois.com.br\/wp-content\/uploads\/2025\/12\/Morro-do-Camelo-ao-Anoitecer-Chapada-Diamantina-768x320.jpg\" class=\"attachment-medium_large size-medium_large wp-image-4116\" alt=\"\" srcset=\"https:\/\/lencois.com.br\/wp-content\/uploads\/2025\/12\/Morro-do-Camelo-ao-Anoitecer-Chapada-Diamantina-768x320.jpg 768w, https:\/\/lencois.com.br\/wp-content\/uploads\/2025\/12\/Morro-do-Camelo-ao-Anoitecer-Chapada-Diamantina-300x125.jpg 300w, https:\/\/lencois.com.br\/wp-content\/uploads\/2025\/12\/Morro-do-Camelo-ao-Anoitecer-Chapada-Diamantina-1024x427.jpg 1024w, https:\/\/lencois.com.br\/wp-content\/uploads\/2025\/12\/Morro-do-Camelo-ao-Anoitecer-Chapada-Diamantina-1536x640.jpg 1536w, https:\/\/lencois.com.br\/wp-content\/uploads\/2025\/12\/Morro-do-Camelo-ao-Anoitecer-Chapada-Diamantina.jpg 2048w\" sizes=\"(max-width: 768px) 100vw, 768px\" \/><\/div>\r\n\t\t<\/a>\r\n\t\t\t\t<div class=\"elementor-post__text\">\r\n\t\t\t\t<h3 class=\"elementor-post__title\">\r\n\t\t\t<a href=\"https:\/\/lencois.com.br\/es\/melhor-epoca-para-visitar-lencois-e-dicas-praticas\/\" >\r\n\t\t\t\tQuando Visitar a Chapada Diamantina: Um Destino para Todas as Esta\u00e7\u00f5es\t\t\t<\/a>\r\n\t\t<\/h3>\r\n\t\t\t\t<div class=\"elementor-post__meta-data\">\r\n\t\t\t\t\t<span class=\"elementor-post-date\">\r\n\t\t\t1 de diciembre de 2025\t\t<\/span>\r\n\t\t\t\t<\/div>\r\n\t\t\t\t<div class=\"elementor-post__excerpt\">\r\n\t\t\t<p>A Chapada Diamantina, no estado da Bahia, \u00e9 um destino que se transforma ao longo do ano sem perder sua ess\u00eancia. Mais do que uma<\/p>\n\t\t<\/div>\r\n\t\t\r\n\t\t<a class=\"elementor-post__read-more\" href=\"https:\/\/lencois.com.br\/es\/melhor-epoca-para-visitar-lencois-e-dicas-praticas\/\" aria-label=\"Read more about Quando Visitar a Chapada Diamantina: Um Destino para Todas as Esta\u00e7\u00f5es\" tabindex=\"-1\" >\r\n\t\t\tLEIA MAIS \u00bb\t\t<\/a>\r\n\r\n\t\t\t\t<\/div>\r\n\t\t\t\t<\/article>\r\n\t\t\t\t<\/div>\r\n\t\t\t\t\t<span class=\"e-load-more-spinner\">\r\n\t\t\t\t<i aria-hidden=\"true\" class=\"fas fa-spinner\"><\/i>\t\t\t<\/span>\r\n\t\t\r\n\t\t\t\t\t\t<\/div>\n\t\t\t\t<\/div>\n\t\t\t\t<div class=\"elementor-element elementor-element-7a30bcb elementor-grid-1 elementor-grid-tablet-1 elementor-hidden-desktop elementor-hidden-tablet elementor-grid-mobile-1 elementor-posts--thumbnail-top load-more-align-center elementor-widget elementor-widget-posts\" data-id=\"7a30bcb\" data-element_type=\"widget\" data-e-type=\"widget\" data-settings=\"{&quot;classic_columns&quot;:&quot;1&quot;,&quot;pagination_type&quot;:&quot;load_more_on_click&quot;,&quot;classic_columns_tablet&quot;:&quot;1&quot;,&quot;classic_columns_mobile&quot;:&quot;1&quot;,&quot;classic_row_gap&quot;:{&quot;unit&quot;:&quot;px&quot;,&quot;size&quot;:35,&quot;sizes&quot;:[]},&quot;classic_row_gap_tablet&quot;:{&quot;unit&quot;:&quot;px&quot;,&quot;size&quot;:&quot;&quot;,&quot;sizes&quot;:[]},&quot;classic_row_gap_mobile&quot;:{&quot;unit&quot;:&quot;px&quot;,&quot;size&quot;:&quot;&quot;,&quot;sizes&quot;:[]},&quot;load_more_spinner&quot;:{&quot;value&quot;:&quot;fas fa-spinner&quot;,&quot;library&quot;:&quot;fa-solid&quot;}}\" data-widget_type=\"posts.classic\">\n\t\t\t\t<div class=\"elementor-widget-container\">\n\t\t\t\t\t\t\t<div class=\"elementor-posts-container elementor-posts elementor-posts--skin-classic elementor-grid\" role=\"list\">\r\n\t\t\t\t<article class=\"elementor-post elementor-grid-item post-4392 post type-post status-publish format-standard has-post-thumbnail hentry category-chapada-diamantina tag-bahia tag-chapada-diamantina tag-guia-de-viagens tag-o-que-fazer-na-chapada tag-onde-ficar-na-chapada-diamantina tag-sustentabilidade\" role=\"listitem\">\r\n\t\t\t\t<a class=\"elementor-post__thumbnail__link\" href=\"https:\/\/lencois.com.br\/es\/guia-completo-da-chapada\/\" tabindex=\"-1\" >\r\n\t\t\t<div class=\"elementor-post__thumbnail\"><img fetchpriority=\"high\" decoding=\"async\" width=\"768\" height=\"327\" src=\"https:\/\/lencois.com.br\/wp-content\/uploads\/2026\/02\/Morro-do-Camelo-Home-768x327.webp\" class=\"attachment-medium_large size-medium_large wp-image-2356\" alt=\"\" srcset=\"https:\/\/lencois.com.br\/wp-content\/uploads\/2026\/02\/Morro-do-Camelo-Home-768x327.webp 768w, https:\/\/lencois.com.br\/wp-content\/uploads\/2026\/02\/Morro-do-Camelo-Home-300x128.webp 300w, https:\/\/lencois.com.br\/wp-content\/uploads\/2026\/02\/Morro-do-Camelo-Home-1024x436.webp 1024w, https:\/\/lencois.com.br\/wp-content\/uploads\/2026\/02\/Morro-do-Camelo-Home-1536x654.webp 1536w, https:\/\/lencois.com.br\/wp-content\/uploads\/2026\/02\/Morro-do-Camelo-Home.webp 1920w\" sizes=\"(max-width: 768px) 100vw, 768px\" \/><\/div>\r\n\t\t<\/a>\r\n\t\t\t\t<div class=\"elementor-post__text\">\r\n\t\t\t\t<h3 class=\"elementor-post__title\">\r\n\t\t\t<a href=\"https:\/\/lencois.com.br\/es\/guia-completo-da-chapada\/\" >\r\n\t\t\t\tGuia completo da Chapada Diamantina: como chegar, onde ficar e o que fazer em Len\u00e7\u00f3is\t\t\t<\/a>\r\n\t\t<\/h3>\r\n\t\t\t\t<div class=\"elementor-post__meta-data\">\r\n\t\t\t\t\t<span class=\"elementor-post-date\">\r\n\t\t\t16 de abril de 2026\t\t<\/span>\r\n\t\t\t\t<\/div>\r\n\t\t\t\t<div class=\"elementor-post__excerpt\">\r\n\t\t\t<p>Guia completo da Chapada Diamantina: como chegar, onde ficar e o que fazer em Len\u00e7\u00f3is. Parte 1 A Chapada Diamantina \u00e9 um dos destinos mais<\/p>\n\t\t<\/div>\r\n\t\t\r\n\t\t<a class=\"elementor-post__read-more\" href=\"https:\/\/lencois.com.br\/es\/guia-completo-da-chapada\/\" aria-label=\"Read more about Guia completo da Chapada Diamantina: como chegar, onde ficar e o que fazer em Len\u00e7\u00f3is\" tabindex=\"-1\" >\r\n\t\t\tLEIA MAIS \u00bb\t\t<\/a>\r\n\r\n\t\t\t\t<\/div>\r\n\t\t\t\t<\/article>\r\n\t\t\t\t<article class=\"elementor-post elementor-grid-item post-4245 post type-post status-publish format-standard has-post-thumbnail hentry category-sustentabilidade category-chapada-diamantina tag-chapada-diamantina tag-sustentabilidade\" role=\"listitem\">\r\n\t\t\t\t<a class=\"elementor-post__thumbnail__link\" href=\"https:\/\/lencois.com.br\/es\/o-que-permanece-quando-o-fogo-passa\/\" tabindex=\"-1\" >\r\n\t\t\t<div class=\"elementor-post__thumbnail\"><img decoding=\"async\" width=\"768\" height=\"327\" src=\"https:\/\/lencois.com.br\/wp-content\/uploads\/2026\/04\/Brigada-de-Incendio-Chapada-Diamantina-03-768x327.jpg\" class=\"attachment-medium_large size-medium_large wp-image-4261\" alt=\"Brigada de Incendio\" srcset=\"https:\/\/lencois.com.br\/wp-content\/uploads\/2026\/04\/Brigada-de-Incendio-Chapada-Diamantina-03-768x327.jpg 768w, https:\/\/lencois.com.br\/wp-content\/uploads\/2026\/04\/Brigada-de-Incendio-Chapada-Diamantina-03-300x128.jpg 300w, https:\/\/lencois.com.br\/wp-content\/uploads\/2026\/04\/Brigada-de-Incendio-Chapada-Diamantina-03.jpg 960w\" sizes=\"(max-width: 768px) 100vw, 768px\" \/><\/div>\r\n\t\t<\/a>\r\n\t\t\t\t<div class=\"elementor-post__text\">\r\n\t\t\t\t<h3 class=\"elementor-post__title\">\r\n\t\t\t<a href=\"https:\/\/lencois.com.br\/es\/o-que-permanece-quando-o-fogo-passa\/\" >\r\n\t\t\t\tO que permanece quando o fogo passa?\t\t\t<\/a>\r\n\t\t<\/h3>\r\n\t\t\t\t<div class=\"elementor-post__meta-data\">\r\n\t\t\t\t\t<span class=\"elementor-post-date\">\r\n\t\t\t10 de abril de 2026\t\t<\/span>\r\n\t\t\t\t<\/div>\r\n\t\t\t\t<div class=\"elementor-post__excerpt\">\r\n\t\t\t<p>H\u00e1 momentos em que a paisagem muda de forma abrupta. N\u00e3o como uma transforma\u00e7\u00e3o lenta da evolu\u00e7\u00e3o natural, mas como ruptura. Na Chapada Diamantina, o<\/p>\n\t\t<\/div>\r\n\t\t\r\n\t\t<a class=\"elementor-post__read-more\" href=\"https:\/\/lencois.com.br\/es\/o-que-permanece-quando-o-fogo-passa\/\" aria-label=\"Read more about O que permanece quando o fogo passa?\" tabindex=\"-1\" >\r\n\t\t\tLEIA MAIS \u00bb\t\t<\/a>\r\n\r\n\t\t\t\t<\/div>\r\n\t\t\t\t<\/article>\r\n\t\t\t\t<article class=\"elementor-post elementor-grid-item post-1828 post type-post status-publish format-standard has-post-thumbnail hentry category-viva-lencois tag-bahia tag-chapada-diamantina tag-lencois\" role=\"listitem\">\r\n\t\t\t\t<a class=\"elementor-post__thumbnail__link\" href=\"https:\/\/lencois.com.br\/es\/lencois-porta-de-entrada-para-a-chapada-diamantina\/\" tabindex=\"-1\" >\r\n\t\t\t<div class=\"elementor-post__thumbnail\"><img decoding=\"async\" width=\"768\" height=\"433\" src=\"https:\/\/lencois.com.br\/wp-content\/uploads\/2026\/02\/Lencois-Vida-Noturna-768x433.jpg\" class=\"attachment-medium_large size-medium_large wp-image-3422\" alt=\"\" srcset=\"https:\/\/lencois.com.br\/wp-content\/uploads\/2026\/02\/Lencois-Vida-Noturna-768x433.jpg 768w, https:\/\/lencois.com.br\/wp-content\/uploads\/2026\/02\/Lencois-Vida-Noturna-300x169.jpg 300w, https:\/\/lencois.com.br\/wp-content\/uploads\/2026\/02\/Lencois-Vida-Noturna-1024x577.jpg 1024w, https:\/\/lencois.com.br\/wp-content\/uploads\/2026\/02\/Lencois-Vida-Noturna-1536x866.jpg 1536w, https:\/\/lencois.com.br\/wp-content\/uploads\/2026\/02\/Lencois-Vida-Noturna.jpg 1920w\" sizes=\"(max-width: 768px) 100vw, 768px\" \/><\/div>\r\n\t\t<\/a>\r\n\t\t\t\t<div class=\"elementor-post__text\">\r\n\t\t\t\t<h3 class=\"elementor-post__title\">\r\n\t\t\t<a href=\"https:\/\/lencois.com.br\/es\/lencois-porta-de-entrada-para-a-chapada-diamantina\/\" >\r\n\t\t\t\tLen\u00e7\u00f3is: O Acesso Natural \u00e0 Chapada Diamantina\t\t\t<\/a>\r\n\t\t<\/h3>\r\n\t\t\t\t<div class=\"elementor-post__meta-data\">\r\n\t\t\t\t\t<span class=\"elementor-post-date\">\r\n\t\t\t19 de marzo de 2026\t\t<\/span>\r\n\t\t\t\t<\/div>\r\n\t\t\t\t<div class=\"elementor-post__excerpt\">\r\n\t\t\t<p>Len\u00e7\u00f3is, no cora\u00e7\u00e3o da Chapada Diamantina, \u00e9 um dos destinos mais singulares da Bahia, um lugar onde natureza, hist\u00f3ria e vida cotidiana convivem em equil\u00edbrio.<\/p>\n\t\t<\/div>\r\n\t\t\r\n\t\t<a class=\"elementor-post__read-more\" href=\"https:\/\/lencois.com.br\/es\/lencois-porta-de-entrada-para-a-chapada-diamantina\/\" aria-label=\"Read more about Len\u00e7\u00f3is: O Acesso Natural \u00e0 Chapada Diamantina\" tabindex=\"-1\" >\r\n\t\t\tLEIA MAIS \u00bb\t\t<\/a>\r\n\r\n\t\t\t\t<\/div>\r\n\t\t\t\t<\/article>\r\n\t\t\t\t<article class=\"elementor-post elementor-grid-item post-4099 post type-post status-publish format-standard has-post-thumbnail hentry category-chapada-diamantina tag-poco-azul\" role=\"listitem\">\r\n\t\t\t\t<a class=\"elementor-post__thumbnail__link\" href=\"https:\/\/lencois.com.br\/es\/poco-azul-onde-a-luz-revela-a-profundidade-da-chapada\/\" tabindex=\"-1\" >\r\n\t\t\t<div class=\"elementor-post__thumbnail\"><img loading=\"lazy\" decoding=\"async\" width=\"768\" height=\"320\" src=\"https:\/\/lencois.com.br\/wp-content\/uploads\/2026\/02\/Poco-Azul-Chapada-Diamantina-768x320.jpg\" class=\"attachment-medium_large size-medium_large wp-image-2567\" alt=\"\" srcset=\"https:\/\/lencois.com.br\/wp-content\/uploads\/2026\/02\/Poco-Azul-Chapada-Diamantina-768x320.jpg 768w, https:\/\/lencois.com.br\/wp-content\/uploads\/2026\/02\/Poco-Azul-Chapada-Diamantina-300x125.jpg 300w, https:\/\/lencois.com.br\/wp-content\/uploads\/2026\/02\/Poco-Azul-Chapada-Diamantina-1024x427.jpg 1024w, https:\/\/lencois.com.br\/wp-content\/uploads\/2026\/02\/Poco-Azul-Chapada-Diamantina-1536x640.jpg 1536w, https:\/\/lencois.com.br\/wp-content\/uploads\/2026\/02\/Poco-Azul-Chapada-Diamantina.jpg 1920w\" sizes=\"(max-width: 768px) 100vw, 768px\" \/><\/div>\r\n\t\t<\/a>\r\n\t\t\t\t<div class=\"elementor-post__text\">\r\n\t\t\t\t<h3 class=\"elementor-post__title\">\r\n\t\t\t<a href=\"https:\/\/lencois.com.br\/es\/poco-azul-onde-a-luz-revela-a-profundidade-da-chapada\/\" >\r\n\t\t\t\tPo\u00e7o Azul: Onde a Luz Revela a Profundidade da Chapada\t\t\t<\/a>\r\n\t\t<\/h3>\r\n\t\t\t\t<div class=\"elementor-post__meta-data\">\r\n\t\t\t\t\t<span class=\"elementor-post-date\">\r\n\t\t\t18 de marzo de 2026\t\t<\/span>\r\n\t\t\t\t<\/div>\r\n\t\t\t\t<div class=\"elementor-post__excerpt\">\r\n\t\t\t<p>Po\u00e7o Azul \u00e9 uma das experi\u00eancias naturais mais impressionantes da Chapada Diamantina, na Bahia, e um dos passeios mais marcantes para quem visita Len\u00e7\u00f3is. Conhecido<\/p>\n\t\t<\/div>\r\n\t\t\r\n\t\t<a class=\"elementor-post__read-more\" href=\"https:\/\/lencois.com.br\/es\/poco-azul-onde-a-luz-revela-a-profundidade-da-chapada\/\" aria-label=\"Read more about Po\u00e7o Azul: Onde a Luz Revela a Profundidade da Chapada\" tabindex=\"-1\" >\r\n\t\t\tLEIA MAIS \u00bb\t\t<\/a>\r\n\r\n\t\t\t\t<\/div>\r\n\t\t\t\t<\/article>\r\n\t\t\t\t<article class=\"elementor-post elementor-grid-item post-4057 post type-post status-publish format-standard has-post-thumbnail hentry category-experiencias tag-chapada-diamantina\" role=\"listitem\">\r\n\t\t\t\t<a class=\"elementor-post__thumbnail__link\" href=\"https:\/\/lencois.com.br\/es\/travessia-ponen-lencois-historia-natureza-e-acesso-ao-parque-nacional-da-chapada-diamantina\/\" tabindex=\"-1\" >\r\n\t\t\t<div class=\"elementor-post__thumbnail\"><img loading=\"lazy\" decoding=\"async\" width=\"768\" height=\"320\" src=\"https:\/\/lencois.com.br\/wp-content\/uploads\/2026\/02\/Morro-do-Pai-Inacio-768x320.jpg\" class=\"attachment-medium_large size-medium_large wp-image-3342\" alt=\"\" srcset=\"https:\/\/lencois.com.br\/wp-content\/uploads\/2026\/02\/Morro-do-Pai-Inacio-768x320.jpg 768w, https:\/\/lencois.com.br\/wp-content\/uploads\/2026\/02\/Morro-do-Pai-Inacio-300x125.jpg 300w, https:\/\/lencois.com.br\/wp-content\/uploads\/2026\/02\/Morro-do-Pai-Inacio-1024x427.jpg 1024w, https:\/\/lencois.com.br\/wp-content\/uploads\/2026\/02\/Morro-do-Pai-Inacio-1536x640.jpg 1536w, https:\/\/lencois.com.br\/wp-content\/uploads\/2026\/02\/Morro-do-Pai-Inacio.jpg 1920w\" sizes=\"(max-width: 768px) 100vw, 768px\" \/><\/div>\r\n\t\t<\/a>\r\n\t\t\t\t<div class=\"elementor-post__text\">\r\n\t\t\t\t<h3 class=\"elementor-post__title\">\r\n\t\t\t<a href=\"https:\/\/lencois.com.br\/es\/travessia-ponen-lencois-historia-natureza-e-acesso-ao-parque-nacional-da-chapada-diamantina\/\" >\r\n\t\t\t\tTravessia Pon\u00ean &#8211; Len\u00e7\u00f3is: hist\u00f3ria, natureza e acesso ao Parque Nacional da Chapada Diamantina\t\t\t<\/a>\r\n\t\t<\/h3>\r\n\t\t\t\t<div class=\"elementor-post__meta-data\">\r\n\t\t\t\t\t<span class=\"elementor-post-date\">\r\n\t\t\t18 de marzo de 2026\t\t<\/span>\r\n\t\t\t\t<\/div>\r\n\t\t\t\t<div class=\"elementor-post__excerpt\">\r\n\t\t\t<p>A trilha de Trilha de Pon\u00ean em Len\u00e7\u00f3is: hist\u00f3ria, natureza e acesso ao Parque Nacional da Chapada Diamantina<\/p>\n\t\t<\/div>\r\n\t\t\r\n\t\t<a class=\"elementor-post__read-more\" href=\"https:\/\/lencois.com.br\/es\/travessia-ponen-lencois-historia-natureza-e-acesso-ao-parque-nacional-da-chapada-diamantina\/\" aria-label=\"Read more about Travessia Pon\u00ean &#8211; Len\u00e7\u00f3is: hist\u00f3ria, natureza e acesso ao Parque Nacional da Chapada Diamantina\" tabindex=\"-1\" >\r\n\t\t\tLEIA MAIS \u00bb\t\t<\/a>\r\n\r\n\t\t\t\t<\/div>\r\n\t\t\t\t<\/article>\r\n\t\t\t\t<article class=\"elementor-post elementor-grid-item post-2831 post type-post status-publish format-standard has-post-thumbnail hentry category-experiencias tag-candomble tag-festa-da-boa-morte tag-finados tag-jare\" role=\"listitem\">\r\n\t\t\t\t<a class=\"elementor-post__thumbnail__link\" href=\"https:\/\/lencois.com.br\/es\/trilha-ate-o-terreiro-de-jare-quando-a-chapada-deixa-de-ser-paisagem-e-vira-rito\/\" tabindex=\"-1\" >\r\n\t\t\t<div class=\"elementor-post__thumbnail\"><img loading=\"lazy\" decoding=\"async\" width=\"768\" height=\"432\" src=\"https:\/\/lencois.com.br\/wp-content\/uploads\/2026\/02\/Festa-de-Jare-no-Terreiro-Peji-da-Pedra-Branca-de-Oxossi-Jare-768x432.jpg\" class=\"attachment-medium_large size-medium_large wp-image-2832\" alt=\"\" srcset=\"https:\/\/lencois.com.br\/wp-content\/uploads\/2026\/02\/Festa-de-Jare-no-Terreiro-Peji-da-Pedra-Branca-de-Oxossi-Jare-768x432.jpg 768w, https:\/\/lencois.com.br\/wp-content\/uploads\/2026\/02\/Festa-de-Jare-no-Terreiro-Peji-da-Pedra-Branca-de-Oxossi-Jare-300x169.jpg 300w, https:\/\/lencois.com.br\/wp-content\/uploads\/2026\/02\/Festa-de-Jare-no-Terreiro-Peji-da-Pedra-Branca-de-Oxossi-Jare-1024x576.jpg 1024w, https:\/\/lencois.com.br\/wp-content\/uploads\/2026\/02\/Festa-de-Jare-no-Terreiro-Peji-da-Pedra-Branca-de-Oxossi-Jare-1536x864.jpg 1536w, https:\/\/lencois.com.br\/wp-content\/uploads\/2026\/02\/Festa-de-Jare-no-Terreiro-Peji-da-Pedra-Branca-de-Oxossi-Jare-2048x1152.jpg 2048w\" sizes=\"(max-width: 768px) 100vw, 768px\" \/><\/div>\r\n\t\t<\/a>\r\n\t\t\t\t<div class=\"elementor-post__text\">\r\n\t\t\t\t<h3 class=\"elementor-post__title\">\r\n\t\t\t<a href=\"https:\/\/lencois.com.br\/es\/trilha-ate-o-terreiro-de-jare-quando-a-chapada-deixa-de-ser-paisagem-e-vira-rito\/\" >\r\n\t\t\t\tTrilha at\u00e9 o Terreiro de Jar\u00ea: quando a Chapada deixa de ser paisagem e vira rito\t\t\t<\/a>\r\n\t\t<\/h3>\r\n\t\t\t\t<div class=\"elementor-post__meta-data\">\r\n\t\t\t\t\t<span class=\"elementor-post-date\">\r\n\t\t\t24 de febrero de 2026\t\t<\/span>\r\n\t\t\t\t<\/div>\r\n\t\t\t\t<div class=\"elementor-post__excerpt\">\r\n\t\t\t<p>Descubra a trilha at\u00e9 o Terreiro de Jar\u00ea, em Len\u00e7\u00f3is (BA): 10 km de caminhada pelo Parque Nacional da Chapada Diamantina at\u00e9 um dos espa\u00e7os sagrados mais simb\u00f3licos da cultura afro-diamantina.<\/p>\n\t\t<\/div>\r\n\t\t\r\n\t\t<a class=\"elementor-post__read-more\" href=\"https:\/\/lencois.com.br\/es\/trilha-ate-o-terreiro-de-jare-quando-a-chapada-deixa-de-ser-paisagem-e-vira-rito\/\" aria-label=\"Read more about Trilha at\u00e9 o Terreiro de Jar\u00ea: quando a Chapada deixa de ser paisagem e vira rito\" tabindex=\"-1\" >\r\n\t\t\tLEIA MAIS \u00bb\t\t<\/a>\r\n\r\n\t\t\t\t<\/div>\r\n\t\t\t\t<\/article>\r\n\t\t\t\t<article class=\"elementor-post elementor-grid-item post-1826 post type-post status-publish format-standard has-post-thumbnail hentry category-chapada-diamantina tag-chapada-diamantina tag-lencois\" role=\"listitem\">\r\n\t\t\t\t<a class=\"elementor-post__thumbnail__link\" href=\"https:\/\/lencois.com.br\/es\/o-que-fazer-em-lencois-trilhas-cachoeiras-e-aventuras\/\" tabindex=\"-1\" >\r\n\t\t\t<div class=\"elementor-post__thumbnail\"><img loading=\"lazy\" decoding=\"async\" width=\"768\" height=\"320\" src=\"https:\/\/lencois.com.br\/wp-content\/uploads\/2025\/12\/Hotel-Canto-das-Aguas-12-768x320.jpg\" class=\"attachment-medium_large size-medium_large wp-image-4104\" alt=\"\" srcset=\"https:\/\/lencois.com.br\/wp-content\/uploads\/2025\/12\/Hotel-Canto-das-Aguas-12-768x320.jpg 768w, https:\/\/lencois.com.br\/wp-content\/uploads\/2025\/12\/Hotel-Canto-das-Aguas-12-300x125.jpg 300w, https:\/\/lencois.com.br\/wp-content\/uploads\/2025\/12\/Hotel-Canto-das-Aguas-12-1024x427.jpg 1024w, https:\/\/lencois.com.br\/wp-content\/uploads\/2025\/12\/Hotel-Canto-das-Aguas-12-1536x640.jpg 1536w, https:\/\/lencois.com.br\/wp-content\/uploads\/2025\/12\/Hotel-Canto-das-Aguas-12.jpg 2048w\" sizes=\"(max-width: 768px) 100vw, 768px\" \/><\/div>\r\n\t\t<\/a>\r\n\t\t\t\t<div class=\"elementor-post__text\">\r\n\t\t\t\t<h3 class=\"elementor-post__title\">\r\n\t\t\t<a href=\"https:\/\/lencois.com.br\/es\/o-que-fazer-em-lencois-trilhas-cachoeiras-e-aventuras\/\" >\r\n\t\t\t\tLen\u00e7\u00f3is: Caminhos que Revelam a Chapada\t\t\t<\/a>\r\n\t\t<\/h3>\r\n\t\t\t\t<div class=\"elementor-post__meta-data\">\r\n\t\t\t\t\t<span class=\"elementor-post-date\">\r\n\t\t\t1 de diciembre de 2025\t\t<\/span>\r\n\t\t\t\t<\/div>\r\n\t\t\t\t<div class=\"elementor-post__excerpt\">\r\n\t\t\t<p>Estar em Len\u00e7\u00f3is por sete dias \u00e9 permitir que a Chapada Diamantina se revele no seu pr\u00f3prio tempo, um territ\u00f3rio de escala geol\u00f3gica, profundidade hist\u00f3rica<\/p>\n\t\t<\/div>\r\n\t\t\r\n\t\t<a class=\"elementor-post__read-more\" href=\"https:\/\/lencois.com.br\/es\/o-que-fazer-em-lencois-trilhas-cachoeiras-e-aventuras\/\" aria-label=\"Read more about Len\u00e7\u00f3is: Caminhos que Revelam a Chapada\" tabindex=\"-1\" >\r\n\t\t\tLEIA MAIS \u00bb\t\t<\/a>\r\n\r\n\t\t\t\t<\/div>\r\n\t\t\t\t<\/article>\r\n\t\t\t\t<article class=\"elementor-post elementor-grid-item post-1823 post type-post status-publish format-standard has-post-thumbnail hentry category-chapada-diamantina\" role=\"listitem\">\r\n\t\t\t\t<a class=\"elementor-post__thumbnail__link\" href=\"https:\/\/lencois.com.br\/es\/melhor-epoca-para-visitar-lencois-e-dicas-praticas\/\" tabindex=\"-1\" >\r\n\t\t\t<div class=\"elementor-post__thumbnail\"><img loading=\"lazy\" decoding=\"async\" width=\"768\" height=\"320\" src=\"https:\/\/lencois.com.br\/wp-content\/uploads\/2025\/12\/Morro-do-Camelo-ao-Anoitecer-Chapada-Diamantina-768x320.jpg\" class=\"attachment-medium_large size-medium_large wp-image-4116\" alt=\"\" srcset=\"https:\/\/lencois.com.br\/wp-content\/uploads\/2025\/12\/Morro-do-Camelo-ao-Anoitecer-Chapada-Diamantina-768x320.jpg 768w, https:\/\/lencois.com.br\/wp-content\/uploads\/2025\/12\/Morro-do-Camelo-ao-Anoitecer-Chapada-Diamantina-300x125.jpg 300w, https:\/\/lencois.com.br\/wp-content\/uploads\/2025\/12\/Morro-do-Camelo-ao-Anoitecer-Chapada-Diamantina-1024x427.jpg 1024w, https:\/\/lencois.com.br\/wp-content\/uploads\/2025\/12\/Morro-do-Camelo-ao-Anoitecer-Chapada-Diamantina-1536x640.jpg 1536w, https:\/\/lencois.com.br\/wp-content\/uploads\/2025\/12\/Morro-do-Camelo-ao-Anoitecer-Chapada-Diamantina.jpg 2048w\" sizes=\"(max-width: 768px) 100vw, 768px\" \/><\/div>\r\n\t\t<\/a>\r\n\t\t\t\t<div class=\"elementor-post__text\">\r\n\t\t\t\t<h3 class=\"elementor-post__title\">\r\n\t\t\t<a href=\"https:\/\/lencois.com.br\/es\/melhor-epoca-para-visitar-lencois-e-dicas-praticas\/\" >\r\n\t\t\t\tQuando Visitar a Chapada Diamantina: Um Destino para Todas as Esta\u00e7\u00f5es\t\t\t<\/a>\r\n\t\t<\/h3>\r\n\t\t\t\t<div class=\"elementor-post__meta-data\">\r\n\t\t\t\t\t<span class=\"elementor-post-date\">\r\n\t\t\t1 de diciembre de 2025\t\t<\/span>\r\n\t\t\t\t<\/div>\r\n\t\t\t\t<div class=\"elementor-post__excerpt\">\r\n\t\t\t<p>A Chapada Diamantina, no estado da Bahia, \u00e9 um destino que se transforma ao longo do ano sem perder sua ess\u00eancia. Mais do que uma<\/p>\n\t\t<\/div>\r\n\t\t\r\n\t\t<a class=\"elementor-post__read-more\" href=\"https:\/\/lencois.com.br\/es\/melhor-epoca-para-visitar-lencois-e-dicas-praticas\/\" aria-label=\"Read more about Quando Visitar a Chapada Diamantina: Um Destino para Todas as Esta\u00e7\u00f5es\" tabindex=\"-1\" >\r\n\t\t\tLEIA MAIS \u00bb\t\t<\/a>\r\n\r\n\t\t\t\t<\/div>\r\n\t\t\t\t<\/article>\r\n\t\t\t\t<\/div>\r\n\t\t\t\t\t<span class=\"e-load-more-spinner\">\r\n\t\t\t\t<i aria-hidden=\"true\" class=\"fas fa-spinner\"><\/i>\t\t\t<\/span>\r\n\t\t\r\n\t\t\t\t\t\t<\/div>\n\t\t\t\t<\/div>\n\t\t\t\t\t<\/div>\n\t\t<\/div>\n\t\t\t\t<div class=\"elementor-column elementor-col-50 elementor-top-column elementor-element elementor-element-0f33d5b\" data-id=\"0f33d5b\" data-element_type=\"column\" data-e-type=\"column\">\n\t\t\t<div class=\"elementor-widget-wrap elementor-element-populated\">\n\t\t\t\t\t\t<section class=\"elementor-section elementor-inner-section elementor-element elementor-element-d51ef37 elementor-section-boxed elementor-section-height-default elementor-section-height-default\" data-id=\"d51ef37\" data-element_type=\"section\" data-e-type=\"section\">\n\t\t\t\t\t\t<div class=\"elementor-container elementor-column-gap-default\">\n\t\t\t\t\t<div class=\"elementor-column elementor-col-100 elementor-inner-column elementor-element elementor-element-309476d\" data-id=\"309476d\" data-element_type=\"column\" data-e-type=\"column\">\n\t\t\t<div class=\"elementor-widget-wrap elementor-element-populated\">\n\t\t\t\t\t\t<div class=\"elementor-element elementor-element-4aed3bd elementor-widget elementor-widget-search\" data-id=\"4aed3bd\" data-element_type=\"widget\" data-e-type=\"widget\" data-settings=\"{&quot;submit_trigger&quot;:&quot;click_submit&quot;,&quot;pagination_type_options&quot;:&quot;none&quot;}\" data-widget_type=\"search.default\">\n\t\t\t\t<div class=\"elementor-widget-container\">\n\t\t\t\t\t\t\t<search class=\"e-search hidden\" role=\"search\">\r\n\t\t\t<form class=\"e-search-form\" action=\"https:\/\/lencois.com.br\/es\" method=\"get\">\r\n\r\n\t\t\t\t\r\n\t\t\t\t<label class=\"e-search-label\" for=\"search-4aed3bd\">\r\n\t\t\t\t\t<span class=\"elementor-screen-only\">\r\n\t\t\t\t\t\tSearch\t\t\t\t\t<\/span>\r\n\t\t\t\t\t\t\t\t\t<\/label>\r\n\r\n\t\t\t\t<div class=\"e-search-input-wrapper\">\r\n\t\t\t\t\t<input id=\"search-4aed3bd\" placeholder=\"Pesquisar\" class=\"e-search-input\" type=\"search\" name=\"s\" value=\"\" autocomplete=\"off\" role=\"combobox\" aria-autocomplete=\"list\" aria-expanded=\"false\" aria-controls=\"results-4aed3bd\" aria-haspopup=\"listbox\">\r\n\t\t\t\t\t<i aria-hidden=\"true\" class=\"fas fa-times\"><\/i>\t\t\t\t\t\t\t\t\t\t<output id=\"results-4aed3bd\" class=\"e-search-results-container hide-loader\" aria-live=\"polite\" aria-atomic=\"true\" aria-label=\"Results for search\" tabindex=\"0\">\r\n\t\t\t\t\t\t<div class=\"e-search-results\"><\/div>\r\n\t\t\t\t\t\t\t\t\t\t\t<\/output>\r\n\t\t\t\t\t\t\t\t\t<\/div>\r\n\t\t\t\t\r\n\t\t\t\t\r\n\t\t\t\t<button class=\"e-search-submit  \" type=\"submit\" aria-label=\"Search\">\r\n\t\t\t\t\t<i aria-hidden=\"true\" class=\"fas fa-search\"><\/i>\r\n\t\t\t\t\t\t\t\t\t<\/button>\r\n\t\t\t\t<input type=\"hidden\" name=\"e_search_props\" value=\"4aed3bd-4146\">\r\n\t\t\t<\/form>\r\n\t\t<\/search>\r\n\t\t\t\t\t\t<\/div>\n\t\t\t\t<\/div>\n\t\t\t\t<div class=\"elementor-element elementor-element-8680a52 elementor-widget elementor-widget-heading\" data-id=\"8680a52\" data-element_type=\"widget\" data-e-type=\"widget\" data-widget_type=\"heading.default\">\n\t\t\t\t<div class=\"elementor-widget-container\">\n\t\t\t\t\t<h4 class=\"elementor-heading-title elementor-size-default\">Newsletter<\/h4>\t\t\t\t<\/div>\n\t\t\t\t<\/div>\n\t\t\t\t<div class=\"elementor-element elementor-element-d6767e3 elementor-widget elementor-widget-heading\" data-id=\"d6767e3\" data-element_type=\"widget\" data-e-type=\"widget\" data-widget_type=\"heading.default\">\n\t\t\t\t<div class=\"elementor-widget-container\">\n\t\t\t\t\t<div class=\"elementor-heading-title elementor-size-default\">Receba as melhores dicas, novidades e curiosidades sobre este para\u00edso direto no seu e-mail. Cadastre-se agora e n\u00e3o perca nada!<\/div>\t\t\t\t<\/div>\n\t\t\t\t<\/div>\n\t\t\t\t<div class=\"elementor-element elementor-element-8983cd7 elementor-button-align-stretch elementor-widget elementor-widget-form\" data-id=\"8983cd7\" data-element_type=\"widget\" data-e-type=\"widget\" data-settings=\"{&quot;step_next_label&quot;:&quot;Next&quot;,&quot;step_previous_label&quot;:&quot;Previous&quot;,&quot;button_width_tablet&quot;:&quot;33&quot;,&quot;button_width&quot;:&quot;100&quot;,&quot;step_type&quot;:&quot;number_text&quot;,&quot;step_icon_shape&quot;:&quot;circle&quot;}\" data-widget_type=\"form.default\">\n\t\t\t\t<div class=\"elementor-widget-container\">\n\t\t\t\t\t\t\t<form class=\"elementor-form\" method=\"post\" name=\"Newsletter lateral\" aria-label=\"Newsletter lateral\">\r\n\t\t\t<input type=\"hidden\" name=\"post_id\" value=\"4146\"\/>\r\n\t\t\t<input type=\"hidden\" name=\"form_id\" value=\"8983cd7\"\/>\r\n\t\t\t<input type=\"hidden\" name=\"referer_title\" value=\"Chapada Diamantina, Len\u00e7\u00f3is, natureza e Hotel sustent\u00e1vel.\" \/>\r\n\r\n\t\t\t\t\t\t\t<input type=\"hidden\" name=\"queried_id\" value=\"4146\"\/>\r\n\t\t\t\r\n\t\t\t<div class=\"elementor-form-fields-wrapper elementor-labels-\">\r\n\t\t\t\t\t\t\t\t<div class=\"elementor-field-type-text elementor-field-group elementor-column elementor-field-group-nome elementor-col-100 elementor-md-100\">\r\n\t\t\t\t\t\t\t\t\t\t\t\t<label for=\"form-field-nome\" class=\"elementor-field-label elementor-screen-only\">\r\n\t\t\t\t\t\t\t\tNome\t\t\t\t\t\t\t<\/label>\r\n\t\t\t\t\t\t\t\t\t\t\t\t\t\t<input size=\"1\" type=\"text\" name=\"form_fields[nome]\" id=\"form-field-nome\" class=\"elementor-field elementor-size-md  elementor-field-textual\" placeholder=\"Seu nome\">\r\n\t\t\t\t\t\t\t\t\t\t\t<\/div>\r\n\t\t\t\t\t\t\t\t<div class=\"elementor-field-type-email elementor-field-group elementor-column elementor-field-group-email elementor-col-100 elementor-md-100\">\r\n\t\t\t\t\t\t\t\t\t\t\t\t<label for=\"form-field-email\" class=\"elementor-field-label elementor-screen-only\">\r\n\t\t\t\t\t\t\t\tEmail\t\t\t\t\t\t\t<\/label>\r\n\t\t\t\t\t\t\t\t\t\t\t\t\t\t<input size=\"1\" type=\"email\" name=\"form_fields[email]\" id=\"form-field-email\" class=\"elementor-field elementor-size-md  elementor-field-textual\" placeholder=\"Email\">\r\n\t\t\t\t\t\t\t\t\t\t\t<\/div>\r\n\t\t\t\t\t\t\t\t<div class=\"elementor-field-type-text\">\r\n\t\t\t\t\t<input size=\"1\" type=\"text\" name=\"form_fields[field_58bc316]\" id=\"form-field-field_58bc316\" class=\"elementor-field elementor-size-md \" style=\"display:none !important;\">\t\t\t\t<\/div>\r\n\t\t\t\t\t\t\t\t<div class=\"elementor-field-type-recaptcha_v3 elementor-field-group elementor-column elementor-field-group-field_b8981a6 elementor-col-100 recaptcha_v3-bottomright\">\r\n\t\t\t\t\t<div class=\"elementor-field\" id=\"form-field-field_b8981a6\"><div class=\"elementor-g-recaptcha\" data-sitekey=\"6LeIVy0mAAAAALELN1xXQkQBUIOgtla5YGS-Bz1W\" data-type=\"v3\" data-action=\"Form\" data-badge=\"bottomright\" data-size=\"invisible\"><\/div><\/div>\t\t\t\t<\/div>\r\n\t\t\t\t\t\t\t\t<div class=\"elementor-field-group elementor-column elementor-field-type-submit elementor-col-100 e-form__buttons elementor-md-33\">\r\n\t\t\t\t\t<button class=\"elementor-button elementor-size-md\" type=\"submit\">\r\n\t\t\t\t\t\t<span class=\"elementor-button-content-wrapper\">\r\n\t\t\t\t\t\t\t\t\t\t\t\t\t\t\t<span class=\"elementor-button-icon\">\r\n\t\t\t\t\t\t\t\t\t<i aria-hidden=\"true\" class=\"far fa-envelope\"><\/i>\t\t\t\t\t\t\t\t\t\t\t\t\t\t\t\t\t<\/span>\r\n\t\t\t\t\t\t\t\t\t\t\t\t\t\t\t\t\t\t\t\t\t\t<span class=\"elementor-button-text\">Cadastrar<\/span>\r\n\t\t\t\t\t\t\t\t\t\t\t\t\t<\/span>\r\n\t\t\t\t\t<\/button>\r\n\t\t\t\t<\/div>\r\n\t\t\t<\/div>\r\n\t\t<\/form>\r\n\t\t\t\t\t\t<\/div>\n\t\t\t\t<\/div>\n\t\t\t\t\t<\/div>\n\t\t<\/div>\n\t\t\t\t\t<\/div>\n\t\t<\/section>\n\t\t\t\t\t<\/div>\n\t\t<\/div>\n\t\t\t\t\t<\/div>\n\t\t<\/section>\n\t\t\t\t<\/div>\n\t\t","protected":false},"excerpt":{"rendered":"<p>En Len\u00e7\u00f3is, en la Chapada Diamantina, el hotel Canto das \u00c1guas expresa diversidad y belleza a trav\u00e9s de los varios estilos de las acomodaciones.<\/p>","protected":false},"author":28,"featured_media":4129,"parent":0,"menu_order":6,"comment_status":"closed","ping_status":"closed","template":"","meta":{"footnotes":""},"class_list":["post-4146","page","type-page","status-publish","has-post-thumbnail","hentry"],"_links":{"self":[{"href":"https:\/\/lencois.com.br\/es\/wp-json\/wp\/v2\/pages\/4146","targetHints":{"allow":["GET"]}}],"collection":[{"href":"https:\/\/lencois.com.br\/es\/wp-json\/wp\/v2\/pages"}],"about":[{"href":"https:\/\/lencois.com.br\/es\/wp-json\/wp\/v2\/types\/page"}],"author":[{"embeddable":true,"href":"https:\/\/lencois.com.br\/es\/wp-json\/wp\/v2\/users\/28"}],"replies":[{"embeddable":true,"href":"https:\/\/lencois.com.br\/es\/wp-json\/wp\/v2\/comments?post=4146"}],"version-history":[{"count":58,"href":"https:\/\/lencois.com.br\/es\/wp-json\/wp\/v2\/pages\/4146\/revisions"}],"predecessor-version":[{"id":4750,"href":"https:\/\/lencois.com.br\/es\/wp-json\/wp\/v2\/pages\/4146\/revisions\/4750"}],"wp:featuredmedia":[{"embeddable":true,"href":"https:\/\/lencois.com.br\/es\/wp-json\/wp\/v2\/media\/4129"}],"wp:attachment":[{"href":"https:\/\/lencois.com.br\/es\/wp-json\/wp\/v2\/media?parent=4146"}],"curies":[{"name":"wp","href":"https:\/\/api.w.org\/{rel}","templated":true}]}}