{"id":2,"date":"2023-04-19T09:55:21","date_gmt":"2023-04-19T12:55:21","guid":{"rendered":"http:\/\/cantodasaguas.beeweb.net.br\/?page_id=2"},"modified":"2026-04-29T07:16:59","modified_gmt":"2026-04-29T10:16:59","slug":"home","status":"publish","type":"page","link":"https:\/\/lencois.com.br\/ja\/","title":{"rendered":"\u30db\u30fc\u30e0"},"content":{"rendered":"\t\t<div data-elementor-type=\"wp-page\" data-elementor-id=\"2\" class=\"elementor elementor-2\" data-elementor-post-type=\"page\">\n\t\t\t\t<div class=\"elementor-element elementor-element-422ba6c e-con-full e-flex e-con e-parent\" data-id=\"422ba6c\" data-element_type=\"container\" data-e-type=\"container\">\n\t\t\t\t<div class=\"elementor-element elementor-element-b1071f9 elementor--h-position-center elementor--v-position-middle elementor-pagination-position-inside elementor-widget elementor-widget-slides\" data-id=\"b1071f9\" data-element_type=\"widget\" data-e-type=\"widget\" data-settings=\"{&quot;navigation&quot;:&quot;dots&quot;,&quot;autoplay_speed&quot;:6000,&quot;transition&quot;:&quot;fade&quot;,&quot;transition_speed&quot;:1000,&quot;autoplay&quot;:&quot;yes&quot;,&quot;infinite&quot;:&quot;yes&quot;}\" data-widget_type=\"slides.default\">\n\t\t\t\t<div class=\"elementor-widget-container\">\n\t\t\t\t\t\t\t\t\t<div class=\"elementor-swiper\">\r\n\t\t\t\t\t<div class=\"elementor-slides-wrapper elementor-main-swiper swiper\" role=\"region\" aria-roledescription=\"carousel\" aria-label=\"Slides\" dir=\"ltr\" data-animation=\"fadeInUp\">\r\n\t\t\t\t<div class=\"swiper-wrapper elementor-slides\">\r\n\t\t\t\t\t\t\t\t\t\t<div class=\"elementor-repeater-item-b22c8cd swiper-slide\" role=\"group\" aria-roledescription=\"slide\"><div class=\"swiper-slide-bg\" role=\"img\" aria-label=\"Morro do Camelo - Home\"><\/div><div class=\"elementor-background-overlay\"><\/div><div class=\"swiper-slide-inner\" ><div class=\"swiper-slide-contents\"><\/div><\/div><\/div><div class=\"elementor-repeater-item-acca6f6 swiper-slide\" role=\"group\" aria-roledescription=\"slide\"><div class=\"swiper-slide-bg\" role=\"img\" aria-label=\"Burac\u0327a\u0303o (1)\"><\/div><div class=\"elementor-background-overlay\"><\/div><div class=\"swiper-slide-inner\" ><div class=\"swiper-slide-contents\"><\/div><\/div><\/div><div class=\"elementor-repeater-item-627d6a4 swiper-slide\" role=\"group\" aria-roledescription=\"slide\"><div class=\"swiper-slide-bg\" role=\"img\" aria-label=\"Morro do Camelo - Home - Chapada Diamantina\"><\/div><div class=\"elementor-background-overlay\"><\/div><div class=\"swiper-slide-inner\" ><div class=\"swiper-slide-contents\"><\/div><\/div><\/div><div class=\"elementor-repeater-item-61950fa swiper-slide\" role=\"group\" aria-roledescription=\"slide\"><div class=\"swiper-slide-bg\" role=\"img\" aria-label=\"Poc\u0327o Encantado\"><\/div><div class=\"elementor-background-overlay\"><\/div><div class=\"swiper-slide-inner\" ><div class=\"swiper-slide-contents\"><\/div><\/div><\/div><div class=\"elementor-repeater-item-d688842 swiper-slide\" role=\"group\" aria-roledescription=\"slide\"><div class=\"swiper-slide-bg\" role=\"img\" aria-label=\"Cachoeira - Chapada Diamantina\"><\/div><div class=\"elementor-background-overlay\"><\/div><div class=\"swiper-slide-inner\" ><div class=\"swiper-slide-contents\"><\/div><\/div><\/div><div class=\"elementor-repeater-item-26832bc swiper-slide\" role=\"group\" aria-roledescription=\"slide\"><div class=\"swiper-slide-bg\" role=\"img\" aria-label=\"Nascer das Lua Morro do Camelo (1)\"><\/div><div class=\"elementor-background-overlay\"><\/div><div class=\"swiper-slide-inner\" ><div class=\"swiper-slide-contents\"><\/div><\/div><\/div>\t\t\t\t<\/div>\r\n\t\t\t\t\t\t\t\t\t\t\t\t\t\t\t\t\t\t\t\t<div class=\"swiper-pagination\"><\/div>\r\n\t\t\t\t\t\t\t\t\t\t\t\t<\/div>\r\n\t\t\t\t<\/div>\r\n\t\t\t\t\t\t\t\t<\/div>\n\t\t\t\t<\/div>\n\t\t\t\t<\/div>\n\t\t<div class=\"elementor-element elementor-element-0fe6d99 elementor-hidden-mobile e-flex e-con-boxed e-con e-parent\" data-id=\"0fe6d99\" data-element_type=\"container\" data-e-type=\"container\" data-settings=\"{&quot;background_background&quot;:&quot;classic&quot;,&quot;sticky&quot;:&quot;top&quot;,&quot;sticky_offset&quot;:64,&quot;sticky_on&quot;:[&quot;desktop&quot;,&quot;tablet&quot;,&quot;mobile&quot;],&quot;sticky_effects_offset&quot;:0,&quot;sticky_anchor_link_offset&quot;:0}\">\n\t\t\t\t\t<div class=\"e-con-inner\">\n\t\t\t\t<div class=\"elementor-element elementor-element-b7ea02f elementor-icon-list--layout-inline elementor-align-center menu-horizontal elementor-list-item-link-full_width elementor-widget elementor-widget-global elementor-global-3095 elementor-widget-icon-list\" data-id=\"b7ea02f\" data-element_type=\"widget\" data-e-type=\"widget\" data-widget_type=\"icon-list.default\">\n\t\t\t\t<div class=\"elementor-widget-container\">\n\t\t\t\t\t\t\t<ul class=\"elementor-icon-list-items elementor-inline-items\">\n\t\t\t\t\t\t\t<li class=\"elementor-icon-list-item elementor-inline-item\">\n\t\t\t\t\t\t\t\t\t\t\t<a href=\"https:\/\/lencois.com.br\/ja\">\n\n\t\t\t\t\t\t\t\t\t\t\t<span class=\"elementor-icon-list-text\"><span class=\"menu-horizontal__home\">Home<\/span><\/span>\n\t\t\t\t\t\t\t\t\t\t\t<\/a>\n\t\t\t\t\t\t\t\t\t<\/li>\n\t\t\t\t\t\t\t\t<li class=\"elementor-icon-list-item elementor-inline-item\">\n\t\t\t\t\t\t\t\t\t\t\t<a href=\"https:\/\/lencois.com.br\/acomodacoes\/\">\n\n\t\t\t\t\t\t\t\t\t\t\t<span class=\"elementor-icon-list-text\">Acomoda\u00e7\u00f5es<\/span>\n\t\t\t\t\t\t\t\t\t\t\t<\/a>\n\t\t\t\t\t\t\t\t\t<\/li>\n\t\t\t\t\t\t\t\t<li class=\"elementor-icon-list-item elementor-inline-item\">\n\t\t\t\t\t\t\t\t\t\t\t<a href=\"https:\/\/lencois.com.br\/restaurante\/\">\n\n\t\t\t\t\t\t\t\t\t\t\t<span class=\"elementor-icon-list-text\">Gastronomia<\/span>\n\t\t\t\t\t\t\t\t\t\t\t<\/a>\n\t\t\t\t\t\t\t\t\t<\/li>\n\t\t\t\t\t\t\t\t<li class=\"elementor-icon-list-item elementor-inline-item\">\n\t\t\t\t\t\t\t\t\t\t\t<a href=\"https:\/\/lencois.com.br\/mais-sustentabilidade\/\">\n\n\t\t\t\t\t\t\t\t\t\t\t<span class=\"elementor-icon-list-text\">Sustentabilidade<\/span>\n\t\t\t\t\t\t\t\t\t\t\t<\/a>\n\t\t\t\t\t\t\t\t\t<\/li>\n\t\t\t\t\t\t\t\t<li class=\"elementor-icon-list-item elementor-inline-item\">\n\t\t\t\t\t\t\t\t\t\t\t<a href=\"https:\/\/lencois.com.br\/experiencias\/\">\n\n\t\t\t\t\t\t\t\t\t\t\t<span class=\"elementor-icon-list-text\">Experi\u00eancias<\/span>\n\t\t\t\t\t\t\t\t\t\t\t<\/a>\n\t\t\t\t\t\t\t\t\t<\/li>\n\t\t\t\t\t\t\t\t<li class=\"elementor-icon-list-item elementor-inline-item\">\n\t\t\t\t\t\t\t\t\t\t\t<a href=\"https:\/\/lencois.com.br\/galeria-de-arte\/\">\n\n\t\t\t\t\t\t\t\t\t\t\t<span class=\"elementor-icon-list-text\">HOTEL ART GALLERY<\/span>\n\t\t\t\t\t\t\t\t\t\t\t<\/a>\n\t\t\t\t\t\t\t\t\t<\/li>\n\t\t\t\t\t\t<\/ul>\n\t\t\t\t\t\t<\/div>\n\t\t\t\t<\/div>\n\t\t\t\t\t<\/div>\n\t\t\t\t<\/div>\n\t\t<div class=\"elementor-element elementor-element-bbed76c e-flex e-con-boxed e-con e-parent\" data-id=\"bbed76c\" data-element_type=\"container\" data-e-type=\"container\" data-settings=\"{&quot;background_background&quot;:&quot;classic&quot;}\">\n\t\t\t\t\t<div class=\"e-con-inner\">\n\t\t<div class=\"elementor-element elementor-element-87f5bd8 e-con-full e-flex e-con e-child\" data-id=\"87f5bd8\" data-element_type=\"container\" data-e-type=\"container\">\n\t\t\t\t<div class=\"elementor-element elementor-element-3b86fd0 elementor-invisible elementor-widget elementor-widget-heading\" data-id=\"3b86fd0\" data-element_type=\"widget\" data-e-type=\"widget\" data-settings=\"{&quot;_animation&quot;:&quot;fadeInUp&quot;}\" data-widget_type=\"heading.default\">\n\t\t\t\t<div class=\"elementor-widget-container\">\n\t\t\t\t\t<h1 class=\"elementor-heading-title elementor-size-medium\">A VERDADEIRA AVENTURA \u00c9 INTERIOR<\/h1>\t\t\t\t<\/div>\n\t\t\t\t<\/div>\n\t\t\t\t<div class=\"elementor-element elementor-element-9073b45 elementor-invisible elementor-widget elementor-widget-text-editor\" data-id=\"9073b45\" data-element_type=\"widget\" data-e-type=\"widget\" data-settings=\"{&quot;_animation&quot;:&quot;fadeIn&quot;}\" data-widget_type=\"text-editor.default\">\n\t\t\t\t<div class=\"elementor-widget-container\">\n\t\t\t\t\t\t\t\t\t<p>Em Len\u00e7\u00f3is, a Chapada Diamantina se revela em uma escala rara. Montanhas, vales, rios, trilhas e cidades hist\u00f3ricas.<\/p><p>No Hotel Canto das \u00c1guas, em Len\u00e7\u00f3is, a experi\u00eancia da Chapada Diamantina come\u00e7a na maneira de ocupar o destino. \u00c0 beira do rio e inserido no centro hist\u00f3rico, o hotel articula arte, arquitetura, natureza e hospitalidade com clareza e rigor est\u00e9tico. Cada ambiente foi concebido em rela\u00e7\u00e3o direta com a paisagem, a cultura local e o ritmo da cidade.<br data-start=\"1060\" data-end=\"1063\" \/>A poucos passos dos caminhos que conduzem ao Parque Nacional da Chapada Diamantina, o hotel oferece uma localiza\u00e7\u00e3o excepcional para quem deseja conhecer a regi\u00e3o com conforto, discri\u00e7\u00e3o e profundidade.<\/p>\t\t\t\t\t\t\t\t<\/div>\n\t\t\t\t<\/div>\n\t\t\t\t<\/div>\n\t\t\t\t\t<\/div>\n\t\t\t\t<\/div>\n\t\t<div class=\"elementor-element elementor-element-1122cfc e-con-full e-flex e-con e-parent\" data-id=\"1122cfc\" data-element_type=\"container\" data-e-type=\"container\">\n\t\t\t\t<div class=\"elementor-element elementor-element-12da180 elementor--h-position-center elementor--v-position-middle elementor-pagination-position-inside elementor-widget elementor-widget-slides\" data-id=\"12da180\" data-element_type=\"widget\" data-e-type=\"widget\" data-settings=\"{&quot;navigation&quot;:&quot;dots&quot;,&quot;autoplay_speed&quot;:6000,&quot;transition&quot;:&quot;fade&quot;,&quot;transition_speed&quot;:1000,&quot;autoplay&quot;:&quot;yes&quot;,&quot;infinite&quot;:&quot;yes&quot;}\" data-widget_type=\"slides.default\">\n\t\t\t\t<div class=\"elementor-widget-container\">\n\t\t\t\t\t\t\t\t\t<div class=\"elementor-swiper\">\r\n\t\t\t\t\t<div class=\"elementor-slides-wrapper elementor-main-swiper swiper\" role=\"region\" aria-roledescription=\"carousel\" aria-label=\"Slides\" dir=\"ltr\" data-animation=\"fadeInUp\">\r\n\t\t\t\t<div class=\"swiper-wrapper elementor-slides\">\r\n\t\t\t\t\t\t\t\t\t\t<div class=\"elementor-repeater-item-cbea6b0 swiper-slide\" role=\"group\" aria-roledescription=\"slide\"><div class=\"swiper-slide-bg\" role=\"img\" aria-label=\"Hotel Canto das A\u0301guas 01\"><\/div><div class=\"elementor-background-overlay\"><\/div><div class=\"swiper-slide-inner\" ><div class=\"swiper-slide-contents\"><\/div><\/div><\/div><div class=\"elementor-repeater-item-5bc9242 swiper-slide\" role=\"group\" aria-roledescription=\"slide\"><div class=\"swiper-slide-bg\" role=\"img\" aria-label=\"Hotel Canto das A\u0301guas (1)\"><\/div><div class=\"elementor-background-overlay\"><\/div><div class=\"swiper-slide-inner\" ><div class=\"swiper-slide-contents\"><\/div><\/div><\/div><div class=\"elementor-repeater-item-c05050f swiper-slide\" role=\"group\" aria-roledescription=\"slide\"><div class=\"swiper-slide-bg\" role=\"img\" aria-label=\"Hotel Canto das A\u0301guas-008 (1)\"><\/div><div class=\"elementor-background-overlay\"><\/div><div class=\"swiper-slide-inner\" ><div class=\"swiper-slide-contents\"><\/div><\/div><\/div><div class=\"elementor-repeater-item-100abbf swiper-slide\" role=\"group\" aria-roledescription=\"slide\"><div class=\"swiper-slide-bg\" role=\"img\" aria-label=\"Hotel Canto das A\u0301guas-001 (1)\"><\/div><div class=\"elementor-background-overlay\"><\/div><div class=\"swiper-slide-inner\" ><div class=\"swiper-slide-contents\"><\/div><\/div><\/div><div class=\"elementor-repeater-item-f3a9ad3 swiper-slide\" role=\"group\" aria-roledescription=\"slide\"><div class=\"swiper-slide-bg\" role=\"img\" aria-label=\"Hotel Canto das A\u0301guas-007 (1)\"><\/div><div class=\"elementor-background-overlay\"><\/div><div class=\"swiper-slide-inner\" ><div class=\"swiper-slide-contents\"><\/div><\/div><\/div><div class=\"elementor-repeater-item-6a8c6ad swiper-slide\" role=\"group\" aria-roledescription=\"slide\"><div class=\"swiper-slide-bg\" role=\"img\" aria-label=\"Canto das Aguas reduzidas-20\"><\/div><div class=\"elementor-background-overlay\"><\/div><div class=\"swiper-slide-inner\" ><div class=\"swiper-slide-contents\"><\/div><\/div><\/div>\t\t\t\t<\/div>\r\n\t\t\t\t\t\t\t\t\t\t\t\t\t\t\t\t\t\t\t\t<div class=\"swiper-pagination\"><\/div>\r\n\t\t\t\t\t\t\t\t\t\t\t\t<\/div>\r\n\t\t\t\t<\/div>\r\n\t\t\t\t\t\t\t\t<\/div>\n\t\t\t\t<\/div>\n\t\t\t\t<\/div>\n\t\t<div class=\"elementor-element elementor-element-e1f41cc e-flex e-con-boxed e-con e-parent\" data-id=\"e1f41cc\" data-element_type=\"container\" data-e-type=\"container\" data-settings=\"{&quot;background_background&quot;:&quot;classic&quot;}\">\n\t\t\t\t\t<div class=\"e-con-inner\">\n\t\t<div class=\"elementor-element elementor-element-5836040 e-con-full e-flex e-con e-child\" data-id=\"5836040\" data-element_type=\"container\" data-e-type=\"container\">\n\t\t\t\t<div class=\"elementor-element elementor-element-6c7e614 elementor-invisible elementor-widget elementor-widget-heading\" data-id=\"6c7e614\" data-element_type=\"widget\" data-e-type=\"widget\" data-settings=\"{&quot;_animation&quot;:&quot;fadeInUp&quot;}\" data-widget_type=\"heading.default\">\n\t\t\t\t<div class=\"elementor-widget-container\">\n\t\t\t\t\t<h1 class=\"elementor-heading-title elementor-size-medium\">HOSPEDAR-SE COM ARTE<\/h1>\t\t\t\t<\/div>\n\t\t\t\t<\/div>\n\t\t\t\t<div class=\"elementor-element elementor-element-babd571 elementor-invisible elementor-widget elementor-widget-text-editor\" data-id=\"babd571\" data-element_type=\"widget\" data-e-type=\"widget\" data-settings=\"{&quot;_animation&quot;:&quot;fadeIn&quot;}\" data-widget_type=\"text-editor.default\">\n\t\t\t\t<div class=\"elementor-widget-container\">\n\t\t\t\t\t\t\t\t\t<p>No Hotel Canto das \u00c1guas, em Len\u00e7\u00f3is, a experi\u00eancia da Chapada Diamantina tamb\u00e9m se constr\u00f3i na rela\u00e7\u00e3o com a cultura local e com as pessoas que d\u00e3o forma a este lugar.<br data-start=\"311\" data-end=\"314\" \/>\u00c0 beira do rio e inserido no centro hist\u00f3rico, o hotel re\u00fane arte, arquitetura, natureza e hospitalidade em di\u00e1logo permanente com a cidade. A presen\u00e7a da arte n\u00e3o se limita \u00e0s obras, aos objetos ou aos gestos vis\u00edveis: ela tamb\u00e9m est\u00e1 na maneira de conviver, de acolher, de trocar e de reconhecer o valor de cada saber.<br data-start=\"634\" data-end=\"637\" \/>Nada do que o hotel \u00e9 se sustenta sozinho. Sua identidade nasce tamb\u00e9m do encontro com artistas, artes\u00e3os, colaboradores e parceiros locais, cuja sensibilidade, trabalho e repert\u00f3rio participam de forma decisiva da experi\u00eancia oferecida aqui.<br data-start=\"879\" data-end=\"882\" \/>A poucos passos dos caminhos que conduzem ao Parque Nacional da Chapada Diamantina, o hotel afirma, em cada detalhe, uma forma de hospitalidade que entende a beleza como rela\u00e7\u00e3o, pertencimento e presen\u00e7a.<\/p>\t\t\t\t\t\t\t\t<\/div>\n\t\t\t\t<\/div>\n\t\t\t\t<\/div>\n\t\t\t\t\t<\/div>\n\t\t\t\t<\/div>\n\t\t<div class=\"elementor-element elementor-element-694c608 e-con-full e-flex e-con e-parent\" data-id=\"694c608\" data-element_type=\"container\" data-e-type=\"container\" data-settings=\"{&quot;background_background&quot;:&quot;classic&quot;}\">\n\t\t<div class=\"elementor-element elementor-element-6021fb6 e-con-full e-flex e-con e-child\" data-id=\"6021fb6\" data-element_type=\"container\" data-e-type=\"container\">\n\t\t<div class=\"elementor-element elementor-element-ffa18dd e-con-full e-flex e-con e-child\" data-id=\"ffa18dd\" data-element_type=\"container\" data-e-type=\"container\" data-settings=\"{&quot;sticky&quot;:&quot;top&quot;,&quot;sticky_parent&quot;:&quot;yes&quot;,&quot;sticky_offset&quot;:120,&quot;sticky_on&quot;:[&quot;desktop&quot;,&quot;tablet&quot;],&quot;sticky_effects_offset&quot;:0,&quot;sticky_anchor_link_offset&quot;:0}\">\n\t\t\t\t<div class=\"elementor-element elementor-element-e8280af elementor-widget elementor-widget-text-editor\" data-id=\"e8280af\" data-element_type=\"widget\" data-e-type=\"widget\" data-widget_type=\"text-editor.default\">\n\t\t\t\t<div class=\"elementor-widget-container\">\n\t\t\t\t\t\t\t\t\t<h3>ACOMODA\u00c7\u00d5ES<\/h3><p>Cada uma das nossas acomoda\u00e7\u00f5es revela uma alma pr\u00f3pria. S\u00e3o espa\u00e7os criados para celebrar a singularidade. Algumas abra\u00e7am o sil\u00eancio \u00edntimo da ala interna; outras se abrem para o rio e oferecem o privil\u00e9gio de dormir ao som das \u00e1guas. Su\u00edtes com design moderno, piscinas privativas ou hidromassagem, pequenas surpresas que tornam cada estadia \u00fanica.<br \/>Ambientes projetados para acolher o seu ritmo, seu olhar e seu descanso.<\/p><p><strong>Qual \u00e9 o seu canto?<\/strong><\/p>\t\t\t\t\t\t\t\t<\/div>\n\t\t\t\t<\/div>\n\t\t\t\t<div class=\"elementor-element elementor-element-24751aa elementor-align-left elementor-widget elementor-widget-button\" data-id=\"24751aa\" data-element_type=\"widget\" data-e-type=\"widget\" data-widget_type=\"button.default\">\n\t\t\t\t<div class=\"elementor-widget-container\">\n\t\t\t\t\t\t\t\t\t<div class=\"elementor-button-wrapper\">\n\t\t\t\t\t<a class=\"elementor-button elementor-button-link elementor-size-xs\" href=\"https:\/\/lencois.com.br\/acomodacoes\/\">\n\t\t\t\t\t\t<span class=\"elementor-button-content-wrapper\">\n\t\t\t\t\t\t\t\t\t<span class=\"elementor-button-text\">Ver acomoda\u00e7\u00f5es<\/span>\n\t\t\t\t\t<\/span>\n\t\t\t\t\t<\/a>\n\t\t\t\t<\/div>\n\t\t\t\t\t\t\t\t<\/div>\n\t\t\t\t<\/div>\n\t\t\t\t<\/div>\n\t\t<div class=\"elementor-element elementor-element-38ef1ea e-con-full e-flex e-con e-child\" data-id=\"38ef1ea\" data-element_type=\"container\" data-e-type=\"container\">\n\t\t\t\t<div class=\"elementor-element elementor-element-48962e1 elementor-widget elementor-widget-image\" data-id=\"48962e1\" data-element_type=\"widget\" data-e-type=\"widget\" data-widget_type=\"image.default\">\n\t\t\t\t<div class=\"elementor-widget-container\">\n\t\t\t\t\t\t\t\t\t\t\t\t\t\t\t\t<a href=\"https:\/\/lencois.com.br\/acomodacoes\/\">\n\t\t\t\t\t\t\t<img fetchpriority=\"high\" decoding=\"async\" width=\"1920\" height=\"960\" src=\"https:\/\/lencois.com.br\/wp-content\/uploads\/2026\/02\/DIAMANTE-SUITE-ENCANTO-05.jpg\" class=\"elementor-animation-float attachment-full size-full wp-image-3130\" alt=\"\" srcset=\"https:\/\/lencois.com.br\/wp-content\/uploads\/2026\/02\/DIAMANTE-SUITE-ENCANTO-05.jpg 1920w, https:\/\/lencois.com.br\/wp-content\/uploads\/2026\/02\/DIAMANTE-SUITE-ENCANTO-05-300x150.jpg 300w, https:\/\/lencois.com.br\/wp-content\/uploads\/2026\/02\/DIAMANTE-SUITE-ENCANTO-05-1024x512.jpg 1024w, https:\/\/lencois.com.br\/wp-content\/uploads\/2026\/02\/DIAMANTE-SUITE-ENCANTO-05-768x384.jpg 768w, https:\/\/lencois.com.br\/wp-content\/uploads\/2026\/02\/DIAMANTE-SUITE-ENCANTO-05-1536x768.jpg 1536w\" sizes=\"(max-width: 1920px) 100vw, 1920px\" \/>\t\t\t\t\t\t\t\t<\/a>\n\t\t\t\t\t\t\t\t\t\t\t\t\t\t\t<\/div>\n\t\t\t\t<\/div>\n\t\t\t\t<\/div>\n\t\t\t\t<\/div>\n\t\t\t\t<\/div>\n\t\t<div class=\"elementor-element elementor-element-e7e2526 e-con-full e-flex e-con e-parent\" data-id=\"e7e2526\" data-element_type=\"container\" data-e-type=\"container\" data-settings=\"{&quot;background_background&quot;:&quot;classic&quot;}\">\n\t\t<div class=\"elementor-element elementor-element-11f5ccd e-con-full e-flex e-con e-child\" data-id=\"11f5ccd\" data-element_type=\"container\" data-e-type=\"container\">\n\t\t<div class=\"elementor-element elementor-element-cb31b73 e-con-full e-flex e-con e-child\" data-id=\"cb31b73\" data-element_type=\"container\" data-e-type=\"container\">\n\t\t\t\t<div class=\"elementor-element elementor-element-9a6fb98 elementor-widget elementor-widget-image\" data-id=\"9a6fb98\" data-element_type=\"widget\" data-e-type=\"widget\" data-widget_type=\"image.default\">\n\t\t\t\t<div class=\"elementor-widget-container\">\n\t\t\t\t\t\t\t\t\t\t\t\t\t\t\t\t<a href=\"https:\/\/lencois.com.br\/restaurante\/\">\n\t\t\t\t\t\t\t<img decoding=\"async\" width=\"2560\" height=\"1280\" src=\"https:\/\/lencois.com.br\/wp-content\/uploads\/2026\/03\/Restaurante-Azul-Lencois-Chapada-Diamantina-Bahia-Brasil-scaled.jpg\" class=\"elementor-animation-float attachment-full size-full wp-image-4038\" alt=\"\" srcset=\"https:\/\/lencois.com.br\/wp-content\/uploads\/2026\/03\/Restaurante-Azul-Lencois-Chapada-Diamantina-Bahia-Brasil-scaled.jpg 2560w, https:\/\/lencois.com.br\/wp-content\/uploads\/2026\/03\/Restaurante-Azul-Lencois-Chapada-Diamantina-Bahia-Brasil-300x150.jpg 300w, https:\/\/lencois.com.br\/wp-content\/uploads\/2026\/03\/Restaurante-Azul-Lencois-Chapada-Diamantina-Bahia-Brasil-1024x512.jpg 1024w, https:\/\/lencois.com.br\/wp-content\/uploads\/2026\/03\/Restaurante-Azul-Lencois-Chapada-Diamantina-Bahia-Brasil-768x384.jpg 768w, https:\/\/lencois.com.br\/wp-content\/uploads\/2026\/03\/Restaurante-Azul-Lencois-Chapada-Diamantina-Bahia-Brasil-1536x768.jpg 1536w, https:\/\/lencois.com.br\/wp-content\/uploads\/2026\/03\/Restaurante-Azul-Lencois-Chapada-Diamantina-Bahia-Brasil-2048x1024.jpg 2048w\" sizes=\"(max-width: 2560px) 100vw, 2560px\" \/>\t\t\t\t\t\t\t\t<\/a>\n\t\t\t\t\t\t\t\t\t\t\t\t\t\t\t<\/div>\n\t\t\t\t<\/div>\n\t\t\t\t<\/div>\n\t\t<div class=\"elementor-element elementor-element-c2ef7a9 e-con-full e-flex e-con e-child\" data-id=\"c2ef7a9\" data-element_type=\"container\" data-e-type=\"container\" data-settings=\"{&quot;sticky&quot;:&quot;top&quot;,&quot;sticky_parent&quot;:&quot;yes&quot;,&quot;sticky_offset&quot;:120,&quot;sticky_on&quot;:[&quot;desktop&quot;,&quot;tablet&quot;,&quot;mobile&quot;],&quot;sticky_effects_offset&quot;:0,&quot;sticky_anchor_link_offset&quot;:0}\">\n\t\t\t\t<div class=\"elementor-element elementor-element-93bc9e8 elementor-widget elementor-widget-text-editor\" data-id=\"93bc9e8\" data-element_type=\"widget\" data-e-type=\"widget\" data-widget_type=\"text-editor.default\">\n\t\t\t\t<div class=\"elementor-widget-container\">\n\t\t\t\t\t\t\t\t\t<h3 class=\"notranslate\">RESTAURANTE AZUL<\/h3><p>A varanda debru\u00e7ada sobre o Rio Len\u00e7\u00f3is faz do Restaurante Azul um dos endere\u00e7os mais agrad\u00e1veis para almo\u00e7ar e jantar na cidade.<br \/>A gastronomia se transforma em uma experi\u00eancia de territ\u00f3rio, marcada pela origem dos ingredientes, pela paisagem do rio e pelo cuidado na execu\u00e7\u00e3o. Da diversidade de ingredientes locais, preparados com respeito e esmero por nossos colaboradores, surgem sabores pr\u00f3prios da regi\u00e3o. Um card\u00e1pio com influ\u00eancias africanas e nordestinas, tra\u00e7os da cozinha baiana e cl\u00e1ssicos da gastronomia franco-italiana.<\/p><p><strong data-start=\"511\" data-end=\"531\">Restaurante Azul<\/strong><br data-start=\"531\" data-end=\"534\" \/>Restaurante em Len\u00e7\u00f3is aberto ao p\u00fablico todos os dias.<br data-start=\"565\" data-end=\"568\" \/>Almo\u00e7o: 12h \u00e0s 17h<br data-start=\"586\" data-end=\"589\" \/>Jantar: 19h \u00e0s 22h<\/p>\t\t\t\t\t\t\t\t<\/div>\n\t\t\t\t<\/div>\n\t\t\t\t<div class=\"elementor-element elementor-element-9ab288b elementor-align-left elementor-widget elementor-widget-button\" data-id=\"9ab288b\" data-element_type=\"widget\" data-e-type=\"widget\" data-widget_type=\"button.default\">\n\t\t\t\t<div class=\"elementor-widget-container\">\n\t\t\t\t\t\t\t\t\t<div class=\"elementor-button-wrapper\">\n\t\t\t\t\t<a class=\"elementor-button elementor-button-link elementor-size-xs\" href=\"https:\/\/lencois.com.br\/restaurante\/\">\n\t\t\t\t\t\t<span class=\"elementor-button-content-wrapper\">\n\t\t\t\t\t\t\t\t\t<span class=\"elementor-button-text\">Ver restaurante<\/span>\n\t\t\t\t\t<\/span>\n\t\t\t\t\t<\/a>\n\t\t\t\t<\/div>\n\t\t\t\t\t\t\t\t<\/div>\n\t\t\t\t<\/div>\n\t\t\t\t<\/div>\n\t\t\t\t<\/div>\n\t\t\t\t<\/div>\n\t\t<div class=\"elementor-element elementor-element-7e2a35a e-flex e-con-boxed e-con e-parent\" data-id=\"7e2a35a\" data-element_type=\"container\" data-e-type=\"container\" data-settings=\"{&quot;background_background&quot;:&quot;classic&quot;}\">\n\t\t\t\t\t<div class=\"e-con-inner\">\n\t\t\t\t<div class=\"elementor-element elementor-element-7855ef5 elementor-widget elementor-widget-heading\" data-id=\"7855ef5\" data-element_type=\"widget\" data-e-type=\"widget\" data-widget_type=\"heading.default\">\n\t\t\t\t<div class=\"elementor-widget-container\">\n\t\t\t\t\t<h2 class=\"elementor-heading-title elementor-size-medium\">Collecting Landscapes | Journal<\/h2>\t\t\t\t<\/div>\n\t\t\t\t<\/div>\n\t\t\t\t<div class=\"elementor-element elementor-element-343209e elementor-grid-3 elementor-grid-tablet-2 elementor-grid-mobile-1 elementor-posts--thumbnail-top elementor-card-shadow-yes elementor-posts__hover-gradient elementor-widget elementor-widget-posts\" data-id=\"343209e\" data-element_type=\"widget\" data-e-type=\"widget\" data-settings=\"{&quot;cards_row_gap&quot;:{&quot;unit&quot;:&quot;px&quot;,&quot;size&quot;:30,&quot;sizes&quot;:[]},&quot;cards_columns&quot;:&quot;3&quot;,&quot;cards_columns_tablet&quot;:&quot;2&quot;,&quot;cards_columns_mobile&quot;:&quot;1&quot;,&quot;cards_row_gap_tablet&quot;:{&quot;unit&quot;:&quot;px&quot;,&quot;size&quot;:&quot;&quot;,&quot;sizes&quot;:[]},&quot;cards_row_gap_mobile&quot;:{&quot;unit&quot;:&quot;px&quot;,&quot;size&quot;:&quot;&quot;,&quot;sizes&quot;:[]}}\" data-widget_type=\"posts.cards\">\n\t\t\t\t<div class=\"elementor-widget-container\">\n\t\t\t\t\t\t\t<div class=\"elementor-posts-container elementor-posts elementor-posts--skin-cards elementor-grid\" role=\"list\">\r\n\t\t\t\t<article class=\"elementor-post elementor-grid-item post-4392 post type-post status-publish format-standard has-post-thumbnail hentry category-chapada-diamantina tag-bahia tag-chapada-diamantina tag-guia-de-viagens tag-o-que-fazer-na-chapada tag-onde-ficar-na-chapada-diamantina tag-sustentabilidade\" role=\"listitem\">\r\n\t\t\t<div class=\"elementor-post__card\">\r\n\t\t\t\t<a class=\"elementor-post__thumbnail__link\" href=\"https:\/\/lencois.com.br\/ja\/guia-completo-da-chapada\/\" tabindex=\"-1\" ><div class=\"elementor-post__thumbnail\"><img decoding=\"async\" width=\"768\" height=\"327\" src=\"https:\/\/lencois.com.br\/wp-content\/uploads\/2026\/02\/Morro-do-Camelo-Home-768x327.webp\" class=\"attachment-medium_large size-medium_large wp-image-2356\" alt=\"\" srcset=\"https:\/\/lencois.com.br\/wp-content\/uploads\/2026\/02\/Morro-do-Camelo-Home-768x327.webp 768w, https:\/\/lencois.com.br\/wp-content\/uploads\/2026\/02\/Morro-do-Camelo-Home-300x128.webp 300w, https:\/\/lencois.com.br\/wp-content\/uploads\/2026\/02\/Morro-do-Camelo-Home-1024x436.webp 1024w, https:\/\/lencois.com.br\/wp-content\/uploads\/2026\/02\/Morro-do-Camelo-Home-1536x654.webp 1536w, https:\/\/lencois.com.br\/wp-content\/uploads\/2026\/02\/Morro-do-Camelo-Home.webp 1920w\" sizes=\"(max-width: 768px) 100vw, 768px\" \/><\/div><\/a>\r\n\t\t\t\t<div class=\"elementor-post__badge\">Chapada Diamantina<\/div>\r\n\t\t\t\t<div class=\"elementor-post__text\">\r\n\t\t\t\t<h3 class=\"elementor-post__title\">\r\n\t\t\t<a href=\"https:\/\/lencois.com.br\/ja\/guia-completo-da-chapada\/\" >\r\n\t\t\t\tGuia completo da Chapada Diamantina: como chegar, onde ficar e o que fazer em Len\u00e7\u00f3is\t\t\t<\/a>\r\n\t\t<\/h3>\r\n\t\t\t\t<div class=\"elementor-post__excerpt\">\r\n\t\t\t<p>Guia completo da Chapada Diamantina: como chegar, onde ficar e o que fazer em Len\u00e7\u00f3is. Parte 1 A Chapada Diamantina \u00e9 um dos destinos mais singulares do Brasil para quem busca natureza, trilhas, cachoeiras, grutas, cidades hist\u00f3ricas e uma experi\u00eancia<\/p>\n\t\t<\/div>\r\n\t\t\t\t\t<div class=\"elementor-post__read-more-wrapper\">\r\n\t\t\r\n\t\t<a class=\"elementor-post__read-more\" href=\"https:\/\/lencois.com.br\/ja\/guia-completo-da-chapada\/\" aria-label=\"Read more about Guia completo da Chapada Diamantina: como chegar, onde ficar e o que fazer em Len\u00e7\u00f3is\" tabindex=\"-1\" >\r\n\t\t\tLeia mais \u00bb\t\t<\/a>\r\n\r\n\t\t\t\t\t<\/div>\r\n\t\t\t\t<\/div>\r\n\t\t\t\t<div class=\"elementor-post__meta-data\">\r\n\t\t\t\t\t<span class=\"elementor-post-date\">\r\n\t\t\t16 de 4\u6708 de 2026\t\t<\/span>\r\n\t\t\t\t<\/div>\r\n\t\t\t\t\t<\/div>\r\n\t\t<\/article>\r\n\t\t\t\t<article class=\"elementor-post elementor-grid-item post-4245 post type-post status-publish format-standard has-post-thumbnail hentry category-sustentabilidade category-chapada-diamantina tag-chapada-diamantina tag-sustentabilidade\" role=\"listitem\">\r\n\t\t\t<div class=\"elementor-post__card\">\r\n\t\t\t\t<a class=\"elementor-post__thumbnail__link\" href=\"https:\/\/lencois.com.br\/ja\/o-que-permanece-quando-o-fogo-passa\/\" tabindex=\"-1\" ><div class=\"elementor-post__thumbnail\"><img loading=\"lazy\" decoding=\"async\" width=\"768\" height=\"327\" src=\"https:\/\/lencois.com.br\/wp-content\/uploads\/2026\/04\/Brigada-de-Incendio-Chapada-Diamantina-03-768x327.jpg\" class=\"attachment-medium_large size-medium_large wp-image-4261\" alt=\"Brigada de Incendio\" srcset=\"https:\/\/lencois.com.br\/wp-content\/uploads\/2026\/04\/Brigada-de-Incendio-Chapada-Diamantina-03-768x327.jpg 768w, https:\/\/lencois.com.br\/wp-content\/uploads\/2026\/04\/Brigada-de-Incendio-Chapada-Diamantina-03-300x128.jpg 300w, https:\/\/lencois.com.br\/wp-content\/uploads\/2026\/04\/Brigada-de-Incendio-Chapada-Diamantina-03.jpg 960w\" sizes=\"(max-width: 768px) 100vw, 768px\" \/><\/div><\/a>\r\n\t\t\t\t<div class=\"elementor-post__badge\">Sustentabilidade<\/div>\r\n\t\t\t\t<div class=\"elementor-post__text\">\r\n\t\t\t\t<h3 class=\"elementor-post__title\">\r\n\t\t\t<a href=\"https:\/\/lencois.com.br\/ja\/o-que-permanece-quando-o-fogo-passa\/\" >\r\n\t\t\t\tO que permanece quando o fogo passa?\t\t\t<\/a>\r\n\t\t<\/h3>\r\n\t\t\t\t<div class=\"elementor-post__excerpt\">\r\n\t\t\t<p>H\u00e1 momentos em que a paisagem muda de forma abrupta. N\u00e3o como uma transforma\u00e7\u00e3o lenta da evolu\u00e7\u00e3o natural, mas como ruptura. Na Chapada Diamantina, o fogo atravessa o territ\u00f3rio assim. \u00c0s vezes esperado, outras vezes n\u00e3o. A vegeta\u00e7\u00e3o escurece, o<\/p>\n\t\t<\/div>\r\n\t\t\t\t\t<div class=\"elementor-post__read-more-wrapper\">\r\n\t\t\r\n\t\t<a class=\"elementor-post__read-more\" href=\"https:\/\/lencois.com.br\/ja\/o-que-permanece-quando-o-fogo-passa\/\" aria-label=\"Read more about O que permanece quando o fogo passa?\" tabindex=\"-1\" >\r\n\t\t\tLeia mais \u00bb\t\t<\/a>\r\n\r\n\t\t\t\t\t<\/div>\r\n\t\t\t\t<\/div>\r\n\t\t\t\t<div class=\"elementor-post__meta-data\">\r\n\t\t\t\t\t<span class=\"elementor-post-date\">\r\n\t\t\t10 de 4\u6708 de 2026\t\t<\/span>\r\n\t\t\t\t<\/div>\r\n\t\t\t\t\t<\/div>\r\n\t\t<\/article>\r\n\t\t\t\t<article class=\"elementor-post elementor-grid-item post-1828 post type-post status-publish format-standard has-post-thumbnail hentry category-viva-lencois tag-bahia tag-chapada-diamantina tag-lencois\" role=\"listitem\">\r\n\t\t\t<div class=\"elementor-post__card\">\r\n\t\t\t\t<a class=\"elementor-post__thumbnail__link\" href=\"https:\/\/lencois.com.br\/ja\/lencois-porta-de-entrada-para-a-chapada-diamantina\/\" tabindex=\"-1\" ><div class=\"elementor-post__thumbnail\"><img loading=\"lazy\" decoding=\"async\" width=\"768\" height=\"433\" src=\"https:\/\/lencois.com.br\/wp-content\/uploads\/2026\/02\/Lencois-Vida-Noturna-768x433.jpg\" class=\"attachment-medium_large size-medium_large wp-image-3422\" alt=\"\" srcset=\"https:\/\/lencois.com.br\/wp-content\/uploads\/2026\/02\/Lencois-Vida-Noturna-768x433.jpg 768w, https:\/\/lencois.com.br\/wp-content\/uploads\/2026\/02\/Lencois-Vida-Noturna-300x169.jpg 300w, https:\/\/lencois.com.br\/wp-content\/uploads\/2026\/02\/Lencois-Vida-Noturna-1024x577.jpg 1024w, https:\/\/lencois.com.br\/wp-content\/uploads\/2026\/02\/Lencois-Vida-Noturna-1536x866.jpg 1536w, https:\/\/lencois.com.br\/wp-content\/uploads\/2026\/02\/Lencois-Vida-Noturna.jpg 1920w\" sizes=\"(max-width: 768px) 100vw, 768px\" \/><\/div><\/a>\r\n\t\t\t\t<div class=\"elementor-post__badge\">Viva Len\u00e7\u00f3is<\/div>\r\n\t\t\t\t<div class=\"elementor-post__text\">\r\n\t\t\t\t<h3 class=\"elementor-post__title\">\r\n\t\t\t<a href=\"https:\/\/lencois.com.br\/ja\/lencois-porta-de-entrada-para-a-chapada-diamantina\/\" >\r\n\t\t\t\tLen\u00e7\u00f3is: O Acesso Natural \u00e0 Chapada Diamantina\t\t\t<\/a>\r\n\t\t<\/h3>\r\n\t\t\t\t<div class=\"elementor-post__excerpt\">\r\n\t\t\t<p>Len\u00e7\u00f3is, no cora\u00e7\u00e3o da Chapada Diamantina, \u00e9 um dos destinos mais singulares da Bahia, um lugar onde natureza, hist\u00f3ria e vida cotidiana convivem em equil\u00edbrio. Com suas ruas de pedra, casinhas coloridas e um ritmo tranquilo, a cidade preserva uma<\/p>\n\t\t<\/div>\r\n\t\t\t\t\t<div class=\"elementor-post__read-more-wrapper\">\r\n\t\t\r\n\t\t<a class=\"elementor-post__read-more\" href=\"https:\/\/lencois.com.br\/ja\/lencois-porta-de-entrada-para-a-chapada-diamantina\/\" aria-label=\"Read more about Len\u00e7\u00f3is: O Acesso Natural \u00e0 Chapada Diamantina\" tabindex=\"-1\" >\r\n\t\t\tLeia mais \u00bb\t\t<\/a>\r\n\r\n\t\t\t\t\t<\/div>\r\n\t\t\t\t<\/div>\r\n\t\t\t\t<div class=\"elementor-post__meta-data\">\r\n\t\t\t\t\t<span class=\"elementor-post-date\">\r\n\t\t\t19 de 3\u6708 de 2026\t\t<\/span>\r\n\t\t\t\t<\/div>\r\n\t\t\t\t\t<\/div>\r\n\t\t<\/article>\r\n\t\t\t\t<\/div>\r\n\t\t\r\n\t\t\t\t\t\t<\/div>\n\t\t\t\t<\/div>\n\t\t<div class=\"elementor-element elementor-element-747cb8b e-con-full elementor-hidden-desktop elementor-hidden-tablet elementor-hidden-mobile e-flex e-con e-child\" data-id=\"747cb8b\" data-element_type=\"container\" data-e-type=\"container\">\n\t\t<div class=\"elementor-element elementor-element-816b649 e-con-full bg-hover-scale e-flex e-con e-child\" data-id=\"816b649\" data-element_type=\"container\" data-e-type=\"container\" data-settings=\"{&quot;background_background&quot;:&quot;classic&quot;}\">\n\t\t\t\t<div class=\"elementor-element elementor-element-dd25edf elementor-invisible elementor-widget elementor-widget-heading\" data-id=\"dd25edf\" data-element_type=\"widget\" data-e-type=\"widget\" data-settings=\"{&quot;_animation&quot;:&quot;fadeInDown&quot;,&quot;_animation_delay&quot;:200}\" data-widget_type=\"heading.default\">\n\t\t\t\t<div class=\"elementor-widget-container\">\n\t\t\t\t\t<h2 class=\"elementor-heading-title elementor-size-default\">R\u00e9veillon<\/h2>\t\t\t\t<\/div>\n\t\t\t\t<\/div>\n\t\t\t\t<div class=\"elementor-element elementor-element-3974ce1 elementor-invisible elementor-widget elementor-widget-text-editor\" data-id=\"3974ce1\" data-element_type=\"widget\" data-e-type=\"widget\" data-settings=\"{&quot;_animation&quot;:&quot;fadeInUp&quot;,&quot;_animation_delay&quot;:400}\" data-widget_type=\"text-editor.default\">\n\t\t\t\t<div class=\"elementor-widget-container\">\n\t\t\t\t\t\t\t\t\t<p>Celebre a virada do ano em meio \u00e0 natureza da Chapada Diamantina<\/p>\t\t\t\t\t\t\t\t<\/div>\n\t\t\t\t<\/div>\n\t\t\t\t<div class=\"elementor-element elementor-element-ca4b82e elementor-align-left elementor-invisible elementor-widget elementor-widget-button\" data-id=\"ca4b82e\" data-element_type=\"widget\" data-e-type=\"widget\" data-settings=\"{&quot;_animation&quot;:&quot;zoomIn&quot;,&quot;_animation_delay&quot;:600}\" data-widget_type=\"button.default\">\n\t\t\t\t<div class=\"elementor-widget-container\">\n\t\t\t\t\t\t\t\t\t<div class=\"elementor-button-wrapper\">\n\t\t\t\t\t<a class=\"elementor-button elementor-button-link elementor-size-xs\" href=\"https:\/\/book.omnibees.com\/hotelresults?q=6684\" rel=\"nofollow noopener\" target=\"_blank\">\n\t\t\t\t\t\t<span class=\"elementor-button-content-wrapper\">\n\t\t\t\t\t\t\t\t\t<span class=\"elementor-button-text\">Fa\u00e7a sua Reserva<\/span>\n\t\t\t\t\t<\/span>\n\t\t\t\t\t<\/a>\n\t\t\t\t<\/div>\n\t\t\t\t\t\t\t\t<\/div>\n\t\t\t\t<\/div>\n\t\t\t\t<\/div>\n\t\t<div class=\"elementor-element elementor-element-bfec233 e-con-full bg-hover-scale e-flex e-con e-child\" data-id=\"bfec233\" data-element_type=\"container\" data-e-type=\"container\" data-settings=\"{&quot;background_background&quot;:&quot;classic&quot;}\">\n\t\t\t\t<div class=\"elementor-element elementor-element-df52d03 elementor-invisible elementor-widget elementor-widget-heading\" data-id=\"df52d03\" data-element_type=\"widget\" data-e-type=\"widget\" data-settings=\"{&quot;_animation&quot;:&quot;fadeInDown&quot;,&quot;_animation_delay&quot;:200}\" data-widget_type=\"heading.default\">\n\t\t\t\t<div class=\"elementor-widget-container\">\n\t\t\t\t\t<h2 class=\"elementor-heading-title elementor-size-default\">Carnaval<\/h2>\t\t\t\t<\/div>\n\t\t\t\t<\/div>\n\t\t\t\t<div class=\"elementor-element elementor-element-364456a elementor-invisible elementor-widget elementor-widget-text-editor\" data-id=\"364456a\" data-element_type=\"widget\" data-e-type=\"widget\" data-settings=\"{&quot;_animation&quot;:&quot;fadeInUp&quot;,&quot;_animation_delay&quot;:400}\" data-widget_type=\"text-editor.default\">\n\t\t\t\t<div class=\"elementor-widget-container\">\n\t\t\t\t\t\t\t\t\t<p>Viva a magia do carnaval de Len\u00e7\u00f3is com muita m\u00fasica e alegria<\/p>\t\t\t\t\t\t\t\t<\/div>\n\t\t\t\t<\/div>\n\t\t\t\t<div class=\"elementor-element elementor-element-c217c05 elementor-align-left elementor-invisible elementor-widget elementor-widget-button\" data-id=\"c217c05\" data-element_type=\"widget\" data-e-type=\"widget\" data-settings=\"{&quot;_animation&quot;:&quot;zoomIn&quot;,&quot;_animation_delay&quot;:600}\" data-widget_type=\"button.default\">\n\t\t\t\t<div class=\"elementor-widget-container\">\n\t\t\t\t\t\t\t\t\t<div class=\"elementor-button-wrapper\">\n\t\t\t\t\t<a class=\"elementor-button elementor-button-link elementor-size-xs\" href=\"https:\/\/book.omnibees.com\/hotelresults?q=6684\" rel=\"nofollow noopener\" target=\"_blank\">\n\t\t\t\t\t\t<span class=\"elementor-button-content-wrapper\">\n\t\t\t\t\t\t\t\t\t<span class=\"elementor-button-text\">Fa\u00e7a sua Reserva<\/span>\n\t\t\t\t\t<\/span>\n\t\t\t\t\t<\/a>\n\t\t\t\t<\/div>\n\t\t\t\t\t\t\t\t<\/div>\n\t\t\t\t<\/div>\n\t\t\t\t<\/div>\n\t\t<div class=\"elementor-element elementor-element-37efffc e-con-full bg-hover-scale e-flex e-con e-child\" data-id=\"37efffc\" data-element_type=\"container\" data-e-type=\"container\" data-settings=\"{&quot;background_background&quot;:&quot;classic&quot;}\">\n\t\t\t\t<div class=\"elementor-element elementor-element-9469f16 elementor-invisible elementor-widget elementor-widget-heading\" data-id=\"9469f16\" data-element_type=\"widget\" data-e-type=\"widget\" data-settings=\"{&quot;_animation&quot;:&quot;fadeInDown&quot;,&quot;_animation_delay&quot;:200}\" data-widget_type=\"heading.default\">\n\t\t\t\t<div class=\"elementor-widget-container\">\n\t\t\t\t\t<h2 class=\"elementor-heading-title elementor-size-default\">S\u00e3o Jo\u00e3o<\/h2>\t\t\t\t<\/div>\n\t\t\t\t<\/div>\n\t\t\t\t<div class=\"elementor-element elementor-element-aeba781 elementor-invisible elementor-widget elementor-widget-text-editor\" data-id=\"aeba781\" data-element_type=\"widget\" data-e-type=\"widget\" data-settings=\"{&quot;_animation&quot;:&quot;fadeInUp&quot;,&quot;_animation_delay&quot;:400}\" data-widget_type=\"text-editor.default\">\n\t\t\t\t<div class=\"elementor-widget-container\">\n\t\t\t\t\t\t\t\t\t<p>O melhor S\u00e3o Jo\u00e3o da Bahia com forr\u00f3 p\u00e9 de serra e comidas t\u00edpicas<\/p>\t\t\t\t\t\t\t\t<\/div>\n\t\t\t\t<\/div>\n\t\t\t\t<div class=\"elementor-element elementor-element-a191a53 elementor-align-left elementor-invisible elementor-widget elementor-widget-button\" data-id=\"a191a53\" data-element_type=\"widget\" data-e-type=\"widget\" data-settings=\"{&quot;_animation&quot;:&quot;zoomIn&quot;,&quot;_animation_delay&quot;:600}\" data-widget_type=\"button.default\">\n\t\t\t\t<div class=\"elementor-widget-container\">\n\t\t\t\t\t\t\t\t\t<div class=\"elementor-button-wrapper\">\n\t\t\t\t\t<a class=\"elementor-button elementor-button-link elementor-size-xs\" href=\"https:\/\/book.omnibees.com\/hotelresults?q=6684\" rel=\"nofollow noopener\" target=\"_blank\">\n\t\t\t\t\t\t<span class=\"elementor-button-content-wrapper\">\n\t\t\t\t\t\t\t\t\t<span class=\"elementor-button-text\">Fa\u00e7a sua Reserva<\/span>\n\t\t\t\t\t<\/span>\n\t\t\t\t\t<\/a>\n\t\t\t\t<\/div>\n\t\t\t\t\t\t\t\t<\/div>\n\t\t\t\t<\/div>\n\t\t\t\t<\/div>\n\t\t<div class=\"elementor-element elementor-element-d88a18d e-con-full bg-hover-scale e-flex e-con e-child\" data-id=\"d88a18d\" data-element_type=\"container\" data-e-type=\"container\" data-settings=\"{&quot;background_background&quot;:&quot;classic&quot;}\">\n\t\t\t\t<div class=\"elementor-element elementor-element-3cc0cfe elementor-invisible elementor-widget elementor-widget-heading\" data-id=\"3cc0cfe\" data-element_type=\"widget\" data-e-type=\"widget\" data-settings=\"{&quot;_animation&quot;:&quot;fadeInDown&quot;,&quot;_animation_delay&quot;:200}\" data-widget_type=\"heading.default\">\n\t\t\t\t<div class=\"elementor-widget-container\">\n\t\t\t\t\t<h2 class=\"elementor-heading-title elementor-size-default\">Datas Especiais<\/h2>\t\t\t\t<\/div>\n\t\t\t\t<\/div>\n\t\t\t\t<div class=\"elementor-element elementor-element-b9f8eeb elementor-invisible elementor-widget elementor-widget-text-editor\" data-id=\"b9f8eeb\" data-element_type=\"widget\" data-e-type=\"widget\" data-settings=\"{&quot;_animation&quot;:&quot;fadeInUp&quot;,&quot;_animation_delay&quot;:400}\" data-widget_type=\"text-editor.default\">\n\t\t\t\t<div class=\"elementor-widget-container\">\n\t\t\t\t\t\t\t\t\t<p>P\u00e1scoa, feriados e ocasi\u00f5es \u00fanicas para momentos inesquec\u00edveis<\/p>\t\t\t\t\t\t\t\t<\/div>\n\t\t\t\t<\/div>\n\t\t\t\t<div class=\"elementor-element elementor-element-c7b0a28 elementor-align-left elementor-invisible elementor-widget elementor-widget-button\" data-id=\"c7b0a28\" data-element_type=\"widget\" data-e-type=\"widget\" data-settings=\"{&quot;_animation&quot;:&quot;zoomIn&quot;,&quot;_animation_delay&quot;:600}\" data-widget_type=\"button.default\">\n\t\t\t\t<div class=\"elementor-widget-container\">\n\t\t\t\t\t\t\t\t\t<div class=\"elementor-button-wrapper\">\n\t\t\t\t\t<a class=\"elementor-button elementor-button-link elementor-size-xs\" href=\"https:\/\/book.omnibees.com\/hotelresults?q=6684\" rel=\"nofollow noopener\" target=\"_blank\">\n\t\t\t\t\t\t<span class=\"elementor-button-content-wrapper\">\n\t\t\t\t\t\t\t\t\t<span class=\"elementor-button-text\">Fa\u00e7a sua Reserva<\/span>\n\t\t\t\t\t<\/span>\n\t\t\t\t\t<\/a>\n\t\t\t\t<\/div>\n\t\t\t\t\t\t\t\t<\/div>\n\t\t\t\t<\/div>\n\t\t\t\t<\/div>\n\t\t\t\t<\/div>\n\t\t\t\t\t<\/div>\n\t\t\t\t<\/div>\n\t\t<div class=\"elementor-element elementor-element-6b2823b e-flex e-con-boxed e-con e-parent\" data-id=\"6b2823b\" data-element_type=\"container\" data-e-type=\"container\">\n\t\t\t\t\t<div class=\"e-con-inner\">\n\t\t\t\t<div class=\"elementor-element elementor-element-512c7a2 elementor-widget elementor-widget-text-editor\" data-id=\"512c7a2\" data-element_type=\"widget\" data-e-type=\"widget\" data-widget_type=\"text-editor.default\">\n\t\t\t\t<div class=\"elementor-widget-container\">\n\t\t\t\t\t\t\t\t\t<h3 style=\"text-align: center;\" data-section-id=\"13jwa4z\" data-start=\"329\" data-end=\"409\">D\u00favidas frequentes sobre Len\u00e7\u00f3is, Chapada Diamantina e o Hotel Canto das \u00c1guas<\/h3><h5 data-section-id=\"1vqaxyu\" data-start=\"329\" data-end=\"413\">\u00a0<\/h5><h5 data-section-id=\"5aiqns\" data-start=\"411\" data-end=\"459\">1. Vale a pena conhecer a Chapada Diamantina?<\/h5><p data-start=\"461\" data-end=\"652\">A Chapada Diamantina \u00e9 um dos destinos de natureza mais impressionantes do Brasil, reunindo cachoeiras, rios, c\u00e2nions, grutas, trilhas, mirantes e cidades hist\u00f3ricas em uma mesma regi\u00e3o.<\/p><p data-start=\"654\" data-end=\"963\">\u00c9 uma viagem ideal para quem busca sair da rotina, respirar melhor, caminhar, tomar banho de rio e viver uma experi\u00eancia mais profunda com a paisagem brasileira. Diferente dos destinos de praia mais previs\u00edveis, a Chapada revela um Brasil de montanhas, \u00e1guas escuras, pedras antigas, cultura local e sil\u00eancio.<\/p><h5 data-section-id=\"1vm3umg\" data-start=\"970\" data-end=\"1007\">2. Onde fica a Chapada Diamantina?<\/h5><p data-start=\"1009\" data-end=\"1324\">A Chapada Diamantina fica no interior da Bahia, no Nordeste do Brasil. A regi\u00e3o abriga o Parque Nacional da Chapada Diamantina e alguns dos cen\u00e1rios naturais mais marcantes do pa\u00eds, como o Morro do Pai In\u00e1cio, o Vale do Pati, o Po\u00e7o Azul, o Po\u00e7o Encantado, a Cachoeira do Mosquito e diversas trilhas, rios e grutas.<\/p><p data-start=\"1326\" data-end=\"1453\">Len\u00e7\u00f3is \u00e9 uma das principais portas de entrada para a Chapada Diamantina e uma das bases mais completas para explorar a regi\u00e3o.<\/p><h5 data-section-id=\"1ayigfp\" data-start=\"1460\" data-end=\"1499\">3. Onde ficar na Chapada Diamantina?<\/h5><p data-start=\"1501\" data-end=\"1751\">Len\u00e7\u00f3is \u00e9 uma das melhores cidades para se hospedar na Chapada Diamantina. A cidade combina boa estrutura tur\u00edstica, centro hist\u00f3rico preservado, restaurantes, ag\u00eancias, guias locais, vida cultural e acesso a muitos dos principais passeios da regi\u00e3o.<\/p><p data-start=\"1753\" data-end=\"2019\">Para quem busca conforto, localiza\u00e7\u00e3o e uma experi\u00eancia mais integrada ao destino, o Hotel Canto das \u00c1guas oferece uma hospedagem \u00e0 beira do Rio Len\u00e7\u00f3is, dentro do centro hist\u00f3rico, com arte, gastronomia, natureza e hospitalidade em di\u00e1logo com a Chapada Diamantina.<\/p><h5 data-section-id=\"1tnncxm\" data-start=\"2026\" data-end=\"2089\">4. Por que escolher Len\u00e7\u00f3is como base na Chapada Diamantina?<\/h5><p data-start=\"2091\" data-end=\"2309\">Len\u00e7\u00f3is \u00e9 uma base pr\u00e1tica, charmosa e completa para conhecer a Chapada Diamantina. A cidade permite combinar passeios de natureza durante o dia com conforto, boa gastronomia e caminhadas pelo centro hist\u00f3rico \u00e0 noite.<\/p><p data-start=\"2311\" data-end=\"2550\">Al\u00e9m da log\u00edstica, Len\u00e7\u00f3is tem identidade pr\u00f3pria. Suas ruas de pedra, casar\u00f5es, ateli\u00eas, restaurantes, rios e mem\u00f3rias do antigo ciclo do garimpo fazem da cidade parte essencial da viagem \u2014 n\u00e3o apenas um ponto de partida para os passeios.<\/p><h5 data-section-id=\"1l1xpkz\" data-start=\"2557\" data-end=\"2593\">5. Quantos dias ficar em Len\u00e7\u00f3is?<\/h5><p data-start=\"2595\" data-end=\"2872\">Para uma primeira viagem \u00e0 Chapada Diamantina, o ideal \u00e9 ficar entre <strong data-start=\"2664\" data-end=\"2689\">5 e 7 dias em Len\u00e7\u00f3is<\/strong>. Esse tempo permite conhecer alguns dos principais atrativos naturais, fazer trilhas leves ou moderadas, visitar cachoeiras, grutas e mirantes, al\u00e9m de aproveitar a cidade com calma.<\/p><p data-start=\"2874\" data-end=\"3076\">Quem tem menos tempo pode montar um roteiro de 3 ou 4 noites, com os passeios mais cl\u00e1ssicos. Para quem deseja fazer o Vale do Pati ou viver a Chapada em um ritmo mais profundo, vale reservar mais dias.<\/p><h5 data-section-id=\"1sycnum\" data-start=\"3083\" data-end=\"3111\">6. Como chegar a Len\u00e7\u00f3is?<\/h5><p data-start=\"3113\" data-end=\"3367\">Len\u00e7\u00f3is pode ser acessada por via a\u00e9rea ou terrestre. A cidade conta com aeroporto regional, com voos em determinados per\u00edodos e conex\u00f5es a partir de Salvador. Tamb\u00e9m \u00e9 poss\u00edvel chegar de carro ou \u00f4nibus, saindo de Salvador ou de outras cidades da Bahia.<\/p><p data-start=\"3369\" data-end=\"3528\">Para muitos viajantes, a melhor op\u00e7\u00e3o \u00e9 combinar um roteiro pela Bahia, incluindo Salvador, Chapada Diamantina e, se houver mais tempo, alguns dias no litoral.<\/p><h5 data-section-id=\"cq0ir9\" data-start=\"3535\" data-end=\"3590\">7. Qual a melhor \u00e9poca para ir \u00e0 Chapada Diamantina?<\/h5><p data-start=\"3592\" data-end=\"3706\">A Chapada Diamantina pode ser visitada durante todo o ano. A melhor \u00e9poca depende do tipo de experi\u00eancia desejada.<\/p><p data-start=\"3708\" data-end=\"3967\">Os per\u00edodos mais secos costumam favorecer trilhas, mirantes e caminhadas. J\u00e1 os per\u00edodos com mais chuva podem deixar algumas cachoeiras com maior volume de \u00e1gua. Para feriados, f\u00e9rias e datas de alta procura, \u00e9 recomend\u00e1vel planejar a viagem com anteced\u00eancia.<\/p><p data-start=\"3969\" data-end=\"4155\">Mais do que buscar uma \u00fanica \u201cmelhor \u00e9poca\u201d, o ideal \u00e9 escolher o roteiro conforme o perfil da viagem: descanso, aventura, fotografia, casal, fam\u00edlia, gastronomia ou imers\u00e3o na natureza.<\/p><h5 data-section-id=\"h7oud4\" data-start=\"4162\" data-end=\"4199\">8. Len\u00e7\u00f3is \u00e9 seguro para turistas?<\/h5><p data-start=\"4201\" data-end=\"4368\">Len\u00e7\u00f3is \u00e9 geralmente percebida como uma cidade tranquila, acolhedora e segura para visitantes. Seu centro hist\u00f3rico \u00e9 pequeno, caminh\u00e1vel e bastante ligado ao turismo.<\/p><p data-start=\"4370\" data-end=\"4643\">Ainda assim, como em qualquer destino, \u00e9 importante manter cuidados b\u00e1sicos: contratar guias para trilhas quando necess\u00e1rio, evitar \u00e1reas isoladas sem orienta\u00e7\u00e3o, respeitar os hor\u00e1rios dos passeios e seguir recomenda\u00e7\u00f5es de seguran\u00e7a em rios, cachoeiras, grutas e mirantes.<\/p><h5 data-section-id=\"ks5tsw\" data-start=\"4650\" data-end=\"4703\">9. O que fazer em Len\u00e7\u00f3is e na Chapada Diamantina?<\/h5><p data-start=\"4705\" data-end=\"4745\">Entre os passeios mais procurados est\u00e3o:<\/p><ul data-start=\"4747\" data-end=\"5066\"><li data-section-id=\"1k7zxdh\" data-start=\"4747\" data-end=\"4770\">Morro do Pai In\u00e1cio<\/li><li data-section-id=\"1bst8qi\" data-start=\"4771\" data-end=\"4803\">Parque Municipal da Muritiba (Serrano)<\/li><li data-section-id=\"6dhoym\" data-start=\"4804\" data-end=\"4815\">Cachoeira do Mixila<\/li><li data-section-id=\"qizvub\" data-start=\"4816\" data-end=\"4842\">Cachoeira do Sossego<\/li><li data-section-id=\"1ptckgt\" data-start=\"4843\" data-end=\"4868\">Cachoeira do Mosquito<\/li><li data-section-id=\"1ptckgt\" data-start=\"4843\" data-end=\"4868\">Ribeir\u00e3o de Cima<\/li><li data-section-id=\"1e1gvd5\" data-start=\"4869\" data-end=\"4891\">Gruta da Lapa Doce<\/li><li data-section-id=\"1e1gvd5\" data-start=\"4869\" data-end=\"4891\">Gruta do Lap\u00e3o<\/li><li data-section-id=\"13cfh5d\" data-start=\"4892\" data-end=\"4904\">Pratinha<\/li><li data-section-id=\"11fysnx\" data-start=\"4905\" data-end=\"4918\">Po\u00e7o Azul<\/li><li data-section-id=\"118b1ly\" data-start=\"4919\" data-end=\"4937\">Po\u00e7o Encantado<\/li><li data-section-id=\"17vn6dt\" data-start=\"4938\" data-end=\"4954\">Vale do Pati<\/li><li data-section-id=\"drhlhq\" data-start=\"4955\" data-end=\"4977\">Trilhas hist\u00f3ricas<\/li><li data-section-id=\"1dk5myl\" data-start=\"4978\" data-end=\"5000\">Observa\u00e7\u00e3o de aves<\/li><li data-section-id=\"o9zyo4\" data-start=\"5001\" data-end=\"5018\">Banhos de rio<\/li><li data-section-id=\"1u4jh1e\" data-start=\"5019\" data-end=\"5066\">Caminhadas pelo centro hist\u00f3rico de Len\u00e7\u00f3is<\/li><\/ul><p data-start=\"5068\" data-end=\"5271\">Al\u00e9m dos atrativos naturais, vale viver a cidade: caminhar sem pressa, conhecer artistas locais, experimentar a gastronomia, conversar com guias e entender a rela\u00e7\u00e3o entre natureza, cultura e comunidade.<\/p><h5 data-section-id=\"1bn4472\" data-start=\"5278\" data-end=\"5334\">10. A Chapada Diamantina combina com viagem de casal?<\/h5><p data-start=\"5336\" data-end=\"5592\">Sim. A Chapada Diamantina \u00e9 uma excelente escolha para casais que buscam natureza, beleza, conforto e uma experi\u00eancia mais \u00edntima. Len\u00e7\u00f3is oferece um ritmo acolhedor, com restaurantes, caminhadas, banhos de rio, paisagens marcantes e hospedagens charmosas.<\/p><p data-start=\"5594\" data-end=\"5803\">No Hotel Canto das \u00c1guas, a presen\u00e7a do rio, os jardins, a arquitetura, as obras de arte e o Restaurante Azul criam uma atmosfera especial para viagens rom\u00e2nticas, anivers\u00e1rios, lua de mel ou uma pausa a dois.<\/p><h5 data-section-id=\"18pihlv\" data-start=\"5810\" data-end=\"5871\">11. A Chapada Diamantina \u00e9 boa para fam\u00edlias com crian\u00e7as?<\/h5><p data-start=\"5873\" data-end=\"6006\">Sim. Len\u00e7\u00f3is pode ser uma \u00f3tima base para fam\u00edlias que desejam apresentar a natureza \u00e0s crian\u00e7as de forma leve, segura e encantadora.<\/p><p data-start=\"6008\" data-end=\"6261\">Alguns passeios s\u00e3o mais simples e acess\u00edveis, como caminhadas curtas, banhos de rio e visitas a \u00e1reas pr\u00f3ximas da cidade. Outros exigem mais preparo, idade adequada e acompanhamento de guia. Por isso, \u00e9 importante montar o roteiro com orienta\u00e7\u00e3o local.<\/p><h5 data-section-id=\"1ri4eq1\" data-start=\"6268\" data-end=\"6326\">12. Precisa de guia para conhecer a Chapada Diamantina?<\/h5><p data-start=\"6328\" data-end=\"6486\">Em muitos passeios, sim. A Chapada Diamantina \u00e9 extensa, com trilhas, rios, estradas de terra, c\u00e2nions, grutas e \u00e1reas naturais que exigem conhecimento local.<\/p><p data-start=\"6488\" data-end=\"6674\">Um bom guia torna a experi\u00eancia mais segura e tamb\u00e9m mais rica. Al\u00e9m de orientar o caminho, ele ajuda a interpretar a paisagem, a hist\u00f3ria, a vegeta\u00e7\u00e3o, a geologia e a cultura da regi\u00e3o.<\/p><h5 data-section-id=\"18oy2qj\" data-start=\"6681\" data-end=\"6730\">13. A Chapada Diamantina \u00e9 uma viagem de luxo?<\/h5><p data-start=\"6732\" data-end=\"6844\">Sim, quando se entende luxo como tempo, conforto, sil\u00eancio, autenticidade e contato verdadeiro com o territ\u00f3rio.<\/p><p data-start=\"6846\" data-end=\"7104\">A Chapada Diamantina n\u00e3o \u00e9 um destino de luxo ostensivo. Sua sofistica\u00e7\u00e3o est\u00e1 na for\u00e7a da paisagem, na qualidade da experi\u00eancia, na gastronomia, na hospitalidade, no cuidado com os detalhes e na possibilidade de viver a natureza com conforto e profundidade.<\/p><p data-start=\"7106\" data-end=\"7325\">No Hotel Canto das \u00c1guas, esse conceito aparece de forma discreta: no som do rio, na arte, na arquitetura integrada ao terreno, na gastronomia, na sustentabilidade e na localiza\u00e7\u00e3o dentro do centro hist\u00f3rico de Len\u00e7\u00f3is.<\/p><h5 data-section-id=\"1oh4mow\" data-start=\"7332\" data-end=\"7391\">14. Por que escolher o Hotel Canto das \u00c1guas em Len\u00e7\u00f3is?<\/h5><p data-start=\"7393\" data-end=\"7613\">O Hotel Canto das \u00c1guas oferece uma forma singular de viver a Chapada Diamantina: dentro do centro hist\u00f3rico de Len\u00e7\u00f3is, \u00e0 beira do rio, com conforto, arte, natureza, gastronomia e hospitalidade integrados ao territ\u00f3rio.<\/p><p data-start=\"7615\" data-end=\"7852\">A experi\u00eancia n\u00e3o est\u00e1 apenas nos passeios. Ela tamb\u00e9m acontece no cotidiano do hotel: acordar com o som das \u00e1guas, caminhar pelos jardins, observar obras de artistas locais, jantar no Restaurante Azul e sair a p\u00e9 para descobrir Len\u00e7\u00f3is.<\/p><h5 data-section-id=\"y5y536\" data-start=\"7859\" data-end=\"7926\">15. O Hotel Canto das \u00c1guas fica no centro hist\u00f3rico de Len\u00e7\u00f3is?<\/h5><p data-start=\"7928\" data-end=\"8176\">Sim. O Hotel Canto das \u00c1guas est\u00e1 localizado no centro hist\u00f3rico de Len\u00e7\u00f3is, ao lado do Rio Len\u00e7\u00f3is. Essa localiza\u00e7\u00e3o permite explorar a cidade a p\u00e9, visitar restaurantes, caf\u00e9s, lojas, ateli\u00eas e ruas hist\u00f3ricas sem perder o contato com a natureza.<\/p><p data-start=\"8178\" data-end=\"8318\">\u00c9 uma localiza\u00e7\u00e3o rara: urbana o suficiente para viver Len\u00e7\u00f3is com facilidade, natural o suficiente para sentir a presen\u00e7a constante do rio.<\/p><h5 data-section-id=\"izw25r\" data-start=\"8325\" data-end=\"8370\">16. O Hotel Canto das \u00c1guas \u00e9 sustent\u00e1vel?<\/h5><p data-start=\"8372\" data-end=\"8637\">Sim. A sustentabilidade faz parte da opera\u00e7\u00e3o di\u00e1ria do Hotel Canto das \u00c1guas. O hotel trabalha com energia renov\u00e1vel, aquecimento solar, redu\u00e7\u00e3o de pl\u00e1stico, \u00e1gua filtrada, valoriza\u00e7\u00e3o de produtores locais, apoio \u00e0 comunidade e pr\u00e1ticas de menor impacto ambiental.<\/p><p data-start=\"8639\" data-end=\"8796\">Mais do que um discurso, a sustentabilidade aparece na forma como o hotel compra, serve, recebe, cuida e se relaciona com Len\u00e7\u00f3is e com a Chapada Diamantina.<\/p><h5 data-section-id=\"1dz1df\" data-start=\"8803\" data-end=\"8850\">17. O Hotel Canto das \u00c1guas tem restaurante?<\/h5><p data-start=\"8852\" data-end=\"9099\">Sim. O Hotel Canto das \u00c1guas abriga o Restaurante Azul, localizado \u00e0 beira do Rio Len\u00e7\u00f3is. O restaurante recebe h\u00f3spedes e visitantes externos, com uma cozinha que valoriza ingredientes locais, refer\u00eancias brasileiras e a rela\u00e7\u00e3o com o territ\u00f3rio.<\/p><p data-start=\"9101\" data-end=\"9184\">\u00c9 uma das experi\u00eancias mais bonitas de Len\u00e7\u00f3is para almo\u00e7ar ou jantar junto ao rio.<\/p><h5 data-section-id=\"1piuwdt\" data-start=\"9191\" data-end=\"9237\">18. O Restaurante Azul \u00e9 aberto ao p\u00fablico?<\/h5><p data-start=\"9239\" data-end=\"9492\">Sim. O Restaurante Azul \u00e9 aberto tamb\u00e9m para quem n\u00e3o est\u00e1 hospedado no hotel. Para quem visita Len\u00e7\u00f3is, \u00e9 uma oportunidade de conhecer o Hotel Canto das \u00c1guas, desfrutar da vista para o rio e experimentar uma gastronomia conectada \u00e0 Chapada Diamantina.<\/p><p data-start=\"9494\" data-end=\"9555\">Em per\u00edodos de maior movimento, \u00e9 recomend\u00e1vel fazer reserva.<\/p><h5 data-section-id=\"1chbagh\" data-start=\"9562\" data-end=\"9626\">19. D\u00e1 para combinar Chapada Diamantina com Salvador e praia?<\/h5><p data-start=\"9628\" data-end=\"9690\">Sim. Essa \u00e9 uma das formas mais completas de conhecer a Bahia.<\/p><p data-start=\"9692\" data-end=\"9730\">Um roteiro interessante pode combinar:<\/p><p data-start=\"9732\" data-end=\"9817\"><strong data-start=\"9732\" data-end=\"9817\">Salvador + Len\u00e7\u00f3is\/Chapada Diamantina + Boipeba, Morer\u00e9 ou outro destino de praia<\/strong><\/p><p data-start=\"9819\" data-end=\"9997\">Salvador traz hist\u00f3ria, cultura, mar e gastronomia. Len\u00e7\u00f3is acrescenta montanhas, cachoeiras, rios e trilhas. O litoral fecha a viagem com praia, descanso e outro ritmo de Bahia.<\/p><p data-start=\"9999\" data-end=\"10100\">Essa combina\u00e7\u00e3o permite viver uma viagem mais rica, com cidade hist\u00f3rica, natureza de interior e mar.<\/p><h5 data-section-id=\"ta2fpr\" data-start=\"10107\" data-end=\"10167\">20. Vale a pena incluir Len\u00e7\u00f3is em um roteiro pela Bahia?<\/h5><p data-start=\"10169\" data-end=\"10446\">Sim. Len\u00e7\u00f3is acrescenta profundidade a qualquer roteiro pela Bahia. Enquanto Salvador e o litoral revelam a for\u00e7a mar\u00edtima, hist\u00f3rica e cultural do estado, a Chapada Diamantina apresenta o interior: montanhas, rios, cachoeiras, grutas, trilhas e comunidades ligadas \u00e0 paisagem.<\/p><p data-start=\"10448\" data-end=\"10581\">Para quem busca uma viagem mais completa pelo Brasil, Len\u00e7\u00f3is mostra uma Bahia menos \u00f3bvia, mais silenciosa e profundamente marcante.<\/p><h5 data-start=\"150\" data-end=\"182\">21. O que \u00e9 a Merenda de Trilha?<\/h5><p data-start=\"184\" data-end=\"541\">A Merenda de Trilha \u00e9 uma op\u00e7\u00e3o preparada pelo hotel para acompanhar h\u00f3spedes em passeios de dia inteiro pela Chapada Diamantina. Ela \u00e9 pensada para ser pr\u00e1tica, cuidadosa e coerente com a experi\u00eancia do Canto das \u00c1guas, reunindo alimentos saud\u00e1veis, ingredientes locais e embalagem retorn\u00e1vel, reduzindo res\u00edduos durante os passeios.<\/p><h5 data-start=\"66\" data-end=\"120\">22. Posso pedir Merenda de Trilha na manh\u00e3 do passeio?<\/h5><p data-start=\"122\" data-end=\"344\">A Merenda de Trilha deve ser solicitada at\u00e9 a v\u00e9spera do passeio, junto ao concierge ou \u00e0 recep\u00e7\u00e3o. Como ela \u00e9 preparada sob demanda pela equipe do hotel, esse prazo garante mais qualidade, organiza\u00e7\u00e3o e menor desperd\u00edcio.<\/p><p data-start=\"346\" data-end=\"567\">No momento do pedido, informe tamb\u00e9m eventuais restri\u00e7\u00f5es alimentares, alergias ou prefer\u00eancias importantes, para que nossa equipe possa elaborar a melhor op\u00e7\u00e3o poss\u00edvel para acompanhar o seu passeio.<\/p><p data-start=\"569\" data-end=\"597\" data-is-last-node=\"\" data-is-only-node=\"\"><strong data-start=\"569\" data-end=\"597\" data-is-last-node=\"\">Valor: R$ 80 por pessoa.<\/strong><\/p>\t\t\t\t\t\t\t\t<\/div>\n\t\t\t\t<\/div>\n\t\t\t\t\t<\/div>\n\t\t\t\t<\/div>\n\t\t<div class=\"elementor-element elementor-element-c63b370 e-flex e-con-boxed e-con e-parent\" data-id=\"c63b370\" data-element_type=\"container\" data-e-type=\"container\" data-settings=\"{&quot;background_background&quot;:&quot;classic&quot;}\">\n\t\t\t\t\t<div class=\"e-con-inner\">\n\t\t<div class=\"elementor-element elementor-element-87c3c9a e-con-full e-flex e-con e-child\" data-id=\"87c3c9a\" data-element_type=\"container\" data-e-type=\"container\">\n\t\t\t\t<div class=\"elementor-element elementor-element-e952a15 elementor-widget elementor-widget-image\" data-id=\"e952a15\" data-element_type=\"widget\" data-e-type=\"widget\" data-widget_type=\"image.default\">\n\t\t\t\t<div class=\"elementor-widget-container\">\n\t\t\t\t\t\t\t\t\t\t\t\t\t\t\t\t<a href=\"https:\/\/lencois.com.br\/acomodacoes\/\">\n\t\t\t\t\t\t\t<img loading=\"lazy\" decoding=\"async\" width=\"2560\" height=\"2560\" src=\"https:\/\/lencois.com.br\/wp-content\/uploads\/2026\/03\/Localizacao-Hotel-Canto-das-Aguas-scaled.jpg\" class=\"elementor-animation-float attachment-full size-full wp-image-4027\" alt=\"\" srcset=\"https:\/\/lencois.com.br\/wp-content\/uploads\/2026\/03\/Localizacao-Hotel-Canto-das-Aguas-scaled.jpg 2560w, https:\/\/lencois.com.br\/wp-content\/uploads\/2026\/03\/Localizacao-Hotel-Canto-das-Aguas-300x300.jpg 300w, https:\/\/lencois.com.br\/wp-content\/uploads\/2026\/03\/Localizacao-Hotel-Canto-das-Aguas-1024x1024.jpg 1024w, https:\/\/lencois.com.br\/wp-content\/uploads\/2026\/03\/Localizacao-Hotel-Canto-das-Aguas-150x150.jpg 150w, https:\/\/lencois.com.br\/wp-content\/uploads\/2026\/03\/Localizacao-Hotel-Canto-das-Aguas-768x768.jpg 768w, https:\/\/lencois.com.br\/wp-content\/uploads\/2026\/03\/Localizacao-Hotel-Canto-das-Aguas-1536x1536.jpg 1536w, https:\/\/lencois.com.br\/wp-content\/uploads\/2026\/03\/Localizacao-Hotel-Canto-das-Aguas-2048x2048.jpg 2048w\" sizes=\"(max-width: 2560px) 100vw, 2560px\" \/>\t\t\t\t\t\t\t\t<\/a>\n\t\t\t\t\t\t\t\t\t\t\t\t\t\t\t<\/div>\n\t\t\t\t<\/div>\n\t\t\t\t<\/div>\n\t\t<div class=\"elementor-element elementor-element-996015e e-con-full e-flex e-con e-child\" data-id=\"996015e\" data-element_type=\"container\" data-e-type=\"container\">\n\t\t\t\t<div class=\"elementor-element elementor-element-fff41b1 elementor-widget elementor-widget-google_maps\" data-id=\"fff41b1\" data-element_type=\"widget\" data-e-type=\"widget\" data-widget_type=\"google_maps.default\">\n\t\t\t\t<div class=\"elementor-widget-container\">\n\t\t\t\t\t\t\t<div class=\"elementor-custom-embed\">\n\t\t\t<iframe loading=\"lazy\"\n\t\t\t\t\tsrc=\"https:\/\/maps.google.com\/maps?q=Hotel%20Canto%20das%20%C3%81guas%2C%20v.%20Sr.%20dos%20Passos%2C%201%20-%20Centro%2C%20Len%C3%A7%C3%B3is%20-%20BA%2C%2046960-000&#038;t=m&#038;z=18&#038;output=embed&#038;iwloc=near\"\n\t\t\t\t\ttitle=\"Hotel Canto das \u00c1guas, v. Sr. dos Passos, 1 - Centro, Len\u00e7\u00f3is - BA, 46960-000\"\n\t\t\t\t\taria-label=\"Hotel Canto das \u00c1guas, v. Sr. dos Passos, 1 - Centro, Len\u00e7\u00f3is - BA, 46960-000\"\n\t\t\t><\/iframe>\n\t\t<\/div>\n\t\t\t\t\t\t<\/div>\n\t\t\t\t<\/div>\n\t\t\t\t<div class=\"elementor-element elementor-element-d91b666 elementor-icon-list--layout-inline elementor-align-center elementor-list-item-link-full_width elementor-widget elementor-widget-icon-list\" data-id=\"d91b666\" data-element_type=\"widget\" data-e-type=\"widget\" data-widget_type=\"icon-list.default\">\n\t\t\t\t<div class=\"elementor-widget-container\">\n\t\t\t\t\t\t\t<ul class=\"elementor-icon-list-items elementor-inline-items\">\n\t\t\t\t\t\t\t<li class=\"elementor-icon-list-item elementor-inline-item\">\n\t\t\t\t\t\t\t\t\t\t\t<a href=\"https:\/\/www.google.com\/maps\/dir\/\/Hotel+Canto+das+%C3%81guas+-+Av.+Sr.+dos+Passos,+1+-+Centro,+Len%C3%A7%C3%B3is+-+BA,+46960-000\/@-12.5614302,-41.3883894,17z\/\" rel=\"nofollow noopener\" target=\"_blank\">\n\n\t\t\t\t\t\t\t\t\t\t\t\t<span class=\"elementor-icon-list-icon\">\n\t\t\t\t\t\t\t<svg xmlns=\"http:\/\/www.w3.org\/2000\/svg\" height=\"458pt\" viewBox=\"-16 0 458 458.61577\" width=\"458pt\"><path d=\"m362.972656 458.617188h-320c-23.5625 0-42.664062-19.105469-42.664062-42.667969v-320c0-23.5625 19.101562-42.667969 42.664062-42.667969h191.335938v21.335938h-191.335938c-11.78125 0-21.332031 9.550781-21.332031 21.332031v320c0 11.78125 9.550781 21.332031 21.332031 21.332031h320c11.785156 0 21.335938-9.550781 21.335938-21.332031v-247.601563h21.332031v247.601563c0 23.5625-19.101563 42.667969-42.667969 42.667969zm0 0\"><\/path><path d=\"m174.042969 284.890625 15.085937-15.085937 170.667969 170.667968-15.085937 15.082032zm0 0\"><\/path><path d=\"m12.777344 430.941406 242.492187-242.488281 15.082031 15.082031-242.488281 242.492188zm0 0\"><\/path><path d=\"m320.308594 149.28125c-23.566406 0-42.667969-19.101562-42.667969-42.664062 0-23.566407 19.101563-42.667969 42.667969-42.667969 23.5625 0 42.664062 19.101562 42.664062 42.667969 0 23.5625-19.101562 42.664062-42.664062 42.664062zm0-64c-11.78125 0-21.335938 9.550781-21.335938 21.335938 0 11.78125 9.554688 21.332031 21.335938 21.332031s21.332031-9.550781 21.332031-21.332031c0-11.785157-9.550781-21.335938-21.332031-21.335938zm0 0\"><\/path><path d=\"m122.972656 245.28125c-33.664062-.003906-62.457031-24.191406-68.277344-57.351562-5.816406-33.15625 13.027344-65.703126 44.679688-77.167969 31.652344-11.464844 66.964844 1.460937 83.734375 30.652343l-18.535156 10.667969c-11.28125-19.539062-34.644531-28.582031-56.140625-21.734375-21.496094 6.851563-35.320313 27.746094-33.21875 50.210938 2.105468 22.464844 19.566406 40.429687 41.960937 43.167968 22.394531 2.742188 43.675781-10.484374 51.132813-31.777343h-50.667969v-21.332031h75.46875l-1.066406 11.597656c-3.058594 35.816406-33.125 63.265625-69.070313 63.066406zm0 0\"><\/path><path d=\"m320.308594 348.082031-10.132813-32c-9.703125-30.875-23.183593-60.429687-40.132812-88l-40.402344-65.332031c-27.640625-44.71875-18.578125-102.910156 21.355469-137.105469 39.933594-34.191406 98.824218-34.191406 138.757812 0 39.929688 34.195313 48.996094 92.386719 21.355469 137.105469l-40.402344 65.332031c-16.949219 27.570313-30.429687 57.125-40.132812 88zm0-326.800781c-30.957032.003906-59.484375 16.773438-74.542969 43.820312-15.0625 27.046876-14.292969 60.128907 2.007813 86.449219l40.402343 65.332031c12.589844 20.382813 23.34375 41.84375 32.132813 64.132813 8.78125-22.332031 19.535156-43.839844 32.132812-64.265625l40.398438-65.335938c16.230468-26.308593 16.960937-59.339843 1.910156-86.34375-15.050781-27.003906-43.527344-43.753906-74.441406-43.789062zm0 0\"><\/path><\/svg>\t\t\t\t\t\t<\/span>\n\t\t\t\t\t\t\t\t\t\t<span class=\"elementor-icon-list-text\">Como chegar via <b>Google Maps<\/b><\/span>\n\t\t\t\t\t\t\t\t\t\t\t<\/a>\n\t\t\t\t\t\t\t\t\t<\/li>\n\t\t\t\t\t\t\t\t<li class=\"elementor-icon-list-item elementor-inline-item\">\n\t\t\t\t\t\t\t\t\t\t\t<a href=\"https:\/\/ul.waze.com\/ul?venue_id=208799370.2088059240.25087755&#038;overview=yes&#038;utm_campaign=default&#038;utm_source=waze_website&#038;utm_medium=lm_share_location\" rel=\"nofollow noopener\" target=\"_blank\">\n\n\t\t\t\t\t\t\t\t\t\t\t\t<span class=\"elementor-icon-list-icon\">\n\t\t\t\t\t\t\t<i aria-hidden=\"true\" class=\"fab fa-waze\"><\/i>\t\t\t\t\t\t<\/span>\n\t\t\t\t\t\t\t\t\t\t<span class=\"elementor-icon-list-text\">Como chegar via <b>Waze<\/b><\/span>\n\t\t\t\t\t\t\t\t\t\t\t<\/a>\n\t\t\t\t\t\t\t\t\t<\/li>\n\t\t\t\t\t\t<\/ul>\n\t\t\t\t\t\t<\/div>\n\t\t\t\t<\/div>\n\t\t\t\t<\/div>\n\t\t\t\t\t<\/div>\n\t\t\t\t<\/div>\n\t\t\t\t<\/div>\n\t\t","protected":false},"excerpt":{"rendered":"<p>\u30c7\u30a3\u30a2\u30de\u30f3\u30c6\u30a3\u30fc\u30ca\u5c71\u8108\u306e\u30ec\u30f3\u30bd\u30a4\u30b9\u306b\u3042\u308b\u30ab\u30f3\u30c8\u30fb\u30c0\u30b9\u30fb\u30a2\u30b0\u30a2\u30b9\u30db\u30c6\u30eb\u306f\u3001\u69d8\u3005\u306a\u30b9\u30bf\u30a4\u30eb\u306e\u5bbf\u6cca\u65bd\u8a2d\u3092\u901a\u3057\u3066\u591a\u69d8\u6027\u3068\u7f8e\u3057\u3055\u3092\u8868\u73fe\u3057\u3066\u3044\u307e\u3059\u3002.<\/p>","protected":false},"author":1,"featured_media":3130,"parent":0,"menu_order":7,"comment_status":"closed","ping_status":"closed","template":"","meta":{"footnotes":""},"class_list":["post-2","page","type-page","status-publish","has-post-thumbnail","hentry"],"_links":{"self":[{"href":"https:\/\/lencois.com.br\/ja\/wp-json\/wp\/v2\/pages\/2","targetHints":{"allow":["GET"]}}],"collection":[{"href":"https:\/\/lencois.com.br\/ja\/wp-json\/wp\/v2\/pages"}],"about":[{"href":"https:\/\/lencois.com.br\/ja\/wp-json\/wp\/v2\/types\/page"}],"author":[{"embeddable":true,"href":"https:\/\/lencois.com.br\/ja\/wp-json\/wp\/v2\/users\/1"}],"replies":[{"embeddable":true,"href":"https:\/\/lencois.com.br\/ja\/wp-json\/wp\/v2\/comments?post=2"}],"version-history":[{"count":637,"href":"https:\/\/lencois.com.br\/ja\/wp-json\/wp\/v2\/pages\/2\/revisions"}],"predecessor-version":[{"id":4835,"href":"https:\/\/lencois.com.br\/ja\/wp-json\/wp\/v2\/pages\/2\/revisions\/4835"}],"wp:featuredmedia":[{"embeddable":true,"href":"https:\/\/lencois.com.br\/ja\/wp-json\/wp\/v2\/media\/3130"}],"wp:attachment":[{"href":"https:\/\/lencois.com.br\/ja\/wp-json\/wp\/v2\/media?parent=2"}],"curies":[{"name":"wp","href":"https:\/\/api.w.org\/{rel}","templated":true}]}}